{"id":908,"date":"2017-07-11T08:54:31","date_gmt":"2017-07-11T08:54:31","guid":{"rendered":"https:\/\/websitedemos.net\/astra-lite-demo-5\/?page_id=2"},"modified":"2023-08-10T07:18:38","modified_gmt":"2023-08-10T07:18:38","slug":"topografia-malaga","status":"publish","type":"page","link":"https:\/\/veleztopografia.com\/","title":{"rendered":"Inicio"},"content":{"rendered":"\t\t<div data-elementor-type=\"wp-post\" data-elementor-id=\"908\" class=\"elementor elementor-908\" data-elementor-post-type=\"page\">\n\t\t\t\t\t\t<section class=\"elementor-section elementor-top-section elementor-element elementor-element-rlgh7v6 elementor-section-items-stretch elementor-section-full_width elementor-section-height-min-height elementor-section-height-default\" data-id=\"rlgh7v6\" data-element_type=\"section\" data-e-type=\"section\" data-settings=\"{&quot;background_background&quot;:&quot;slideshow&quot;,&quot;background_slideshow_gallery&quot;:[{&quot;id&quot;:1671,&quot;url&quot;:&quot;http:\\\/\\\/veleztopografia.com\\\/wp-content\\\/uploads\\\/2020\\\/01\\\/IMG_8315-scaled.jpg&quot;},{&quot;id&quot;:1153,&quot;url&quot;:&quot;http:\\\/\\\/veleztopografia.com\\\/wp-content\\\/uploads\\\/2019\\\/12\\\/20171005_165120-scaled-e1579559825628.jpg&quot;},{&quot;id&quot;:1241,&quot;url&quot;:&quot;http:\\\/\\\/veleztopografia.com\\\/wp-content\\\/uploads\\\/2019\\\/12\\\/ingeniero-construccion-hodling-dibujo-construccion-capataz-sitio_35927-419-e1576869980501.jpg&quot;},{&quot;id&quot;:1223,&quot;url&quot;:&quot;http:\\\/\\\/veleztopografia.com\\\/wp-content\\\/uploads\\\/2019\\\/12\\\/equipo-topografo-sistema-gps-o-teodolito-exteriores-obra_42483-113-e1576870092519.jpg&quot;},{&quot;id&quot;:1243,&quot;url&quot;:&quot;http:\\\/\\\/veleztopografia.com\\\/wp-content\\\/uploads\\\/2019\\\/12\\\/instrumento-topografia-gps-cielo-azul-nubes-cumulo-fondo-campo-arroz_33867-84-e1576870062625.jpg&quot;},{&quot;id&quot;:1242,&quot;url&quot;:&quot;http:\\\/\\\/veleztopografia.com\\\/wp-content\\\/uploads\\\/2019\\\/12\\\/ingeniero-construccion-supervisando-trabajo-sitio-construccion_40908-678-e1576838044485.jpg&quot;}],&quot;background_slideshow_loop&quot;:&quot;yes&quot;,&quot;background_slideshow_slide_duration&quot;:5000,&quot;background_slideshow_slide_transition&quot;:&quot;fade&quot;,&quot;background_slideshow_transition_duration&quot;:500}\">\n\t\t\t\t\t\t\t<div class=\"elementor-background-overlay\"><\/div>\n\t\t\t\t\t\t\t<div class=\"elementor-container elementor-column-gap-no\">\n\t\t\t\t\t<div class=\"elementor-column elementor-col-100 elementor-top-column elementor-element elementor-element-teyzpiw\" data-id=\"teyzpiw\" data-element_type=\"column\" data-e-type=\"column\">\n\t\t\t<div class=\"elementor-widget-wrap elementor-element-populated\">\n\t\t\t\t\t\t<div class=\"elementor-element elementor-element-73de772 elementor-invisible elementor-widget elementor-widget-heading\" data-id=\"73de772\" data-element_type=\"widget\" data-e-type=\"widget\" data-settings=\"{&quot;_animation&quot;:&quot;fadeInRight&quot;}\" data-widget_type=\"heading.default\">\n\t\t\t\t<div class=\"elementor-widget-container\">\n\t\t\t\t\t<h1 class=\"elementor-heading-title elementor-size-small\">top\u00f3grafo en m\u00e1laga<\/h1>\t\t\t\t<\/div>\n\t\t\t\t<\/div>\n\t\t\t\t<div class=\"elementor-element elementor-element-2721098 elementor-shape-circle e-grid-align-right elementor-grid-0 elementor-widget elementor-widget-social-icons\" data-id=\"2721098\" data-element_type=\"widget\" data-e-type=\"widget\" data-widget_type=\"social-icons.default\">\n\t\t\t\t<div class=\"elementor-widget-container\">\n\t\t\t\t\t\t\t<div class=\"elementor-social-icons-wrapper elementor-grid\" role=\"list\">\n\t\t\t\t\t\t\t<span class=\"elementor-grid-item\" role=\"listitem\">\n\t\t\t\t\t<a class=\"elementor-icon elementor-social-icon elementor-social-icon-facebook elementor-repeater-item-148b3b9\" href=\"https:\/\/www.facebook.com\/veleztopografia\/\" target=\"_blank\">\n\t\t\t\t\t\t<span class=\"elementor-screen-only\">Facebook<\/span>\n\t\t\t\t\t\t<svg aria-hidden=\"true\" class=\"e-font-icon-svg e-fab-facebook\" viewBox=\"0 0 512 512\" xmlns=\"http:\/\/www.w3.org\/2000\/svg\"><path d=\"M504 256C504 119 393 8 256 8S8 119 8 256c0 123.78 90.69 226.38 209.25 245V327.69h-63V256h63v-54.64c0-62.15 37-96.48 93.67-96.48 27.14 0 55.52 4.84 55.52 4.84v61h-31.28c-30.8 0-40.41 19.12-40.41 38.73V256h68.78l-11 71.69h-57.78V501C413.31 482.38 504 379.78 504 256z\"><\/path><\/svg>\t\t\t\t\t<\/a>\n\t\t\t\t<\/span>\n\t\t\t\t\t\t\t<span class=\"elementor-grid-item\" role=\"listitem\">\n\t\t\t\t\t<a class=\"elementor-icon elementor-social-icon elementor-social-icon-linkedin elementor-repeater-item-f92b2d9\" href=\"https:\/\/www.linkedin.com\/in\/alvaro-manen-0a7b9a4b\/\" target=\"_blank\">\n\t\t\t\t\t\t<span class=\"elementor-screen-only\">Linkedin<\/span>\n\t\t\t\t\t\t<svg aria-hidden=\"true\" class=\"e-font-icon-svg e-fab-linkedin\" viewBox=\"0 0 448 512\" xmlns=\"http:\/\/www.w3.org\/2000\/svg\"><path d=\"M416 32H31.9C14.3 32 0 46.5 0 64.3v383.4C0 465.5 14.3 480 31.9 480H416c17.6 0 32-14.5 32-32.3V64.3c0-17.8-14.4-32.3-32-32.3zM135.4 416H69V202.2h66.5V416zm-33.2-243c-21.3 0-38.5-17.3-38.5-38.5S80.9 96 102.2 96c21.2 0 38.5 17.3 38.5 38.5 0 21.3-17.2 38.5-38.5 38.5zm282.1 243h-66.4V312c0-24.8-.5-56.7-34.5-56.7-34.6 0-39.9 27-39.9 54.9V416h-66.4V202.2h63.7v29.2h.9c8.9-16.8 30.6-34.5 62.9-34.5 67.2 0 79.7 44.3 79.7 101.9V416z\"><\/path><\/svg>\t\t\t\t\t<\/a>\n\t\t\t\t<\/span>\n\t\t\t\t\t\t\t<span class=\"elementor-grid-item\" role=\"listitem\">\n\t\t\t\t\t<a class=\"elementor-icon elementor-social-icon elementor-social-icon-instagram elementor-repeater-item-a578573\" href=\"https:\/\/www.instagram.com\/veleztopografia\/\" target=\"_blank\">\n\t\t\t\t\t\t<span class=\"elementor-screen-only\">Instagram<\/span>\n\t\t\t\t\t\t<svg aria-hidden=\"true\" class=\"e-font-icon-svg e-fab-instagram\" viewBox=\"0 0 448 512\" xmlns=\"http:\/\/www.w3.org\/2000\/svg\"><path d=\"M224.1 141c-63.6 0-114.9 51.3-114.9 114.9s51.3 114.9 114.9 114.9S339 319.5 339 255.9 287.7 141 224.1 141zm0 189.6c-41.1 0-74.7-33.5-74.7-74.7s33.5-74.7 74.7-74.7 74.7 33.5 74.7 74.7-33.6 74.7-74.7 74.7zm146.4-194.3c0 14.9-12 26.8-26.8 26.8-14.9 0-26.8-12-26.8-26.8s12-26.8 26.8-26.8 26.8 12 26.8 26.8zm76.1 27.2c-1.7-35.9-9.9-67.7-36.2-93.9-26.2-26.2-58-34.4-93.9-36.2-37-2.1-147.9-2.1-184.9 0-35.8 1.7-67.6 9.9-93.9 36.1s-34.4 58-36.2 93.9c-2.1 37-2.1 147.9 0 184.9 1.7 35.9 9.9 67.7 36.2 93.9s58 34.4 93.9 36.2c37 2.1 147.9 2.1 184.9 0 35.9-1.7 67.7-9.9 93.9-36.2 26.2-26.2 34.4-58 36.2-93.9 2.1-37 2.1-147.8 0-184.8zM398.8 388c-7.8 19.6-22.9 34.7-42.6 42.6-29.5 11.7-99.5 9-132.1 9s-102.7 2.6-132.1-9c-19.6-7.8-34.7-22.9-42.6-42.6-11.7-29.5-9-99.5-9-132.1s-2.6-102.7 9-132.1c7.8-19.6 22.9-34.7 42.6-42.6 29.5-11.7 99.5-9 132.1-9s102.7-2.6 132.1 9c19.6 7.8 34.7 22.9 42.6 42.6 11.7 29.5 9 99.5 9 132.1s2.7 102.7-9 132.1z\"><\/path><\/svg>\t\t\t\t\t<\/a>\n\t\t\t\t<\/span>\n\t\t\t\t\t\t\t<span class=\"elementor-grid-item\" role=\"listitem\">\n\t\t\t\t\t<a class=\"elementor-icon elementor-social-icon elementor-social-icon-twitter elementor-repeater-item-e93a084\" href=\"https:\/\/twitter.com\/alvaro_manen\" target=\"_blank\">\n\t\t\t\t\t\t<span class=\"elementor-screen-only\">Twitter<\/span>\n\t\t\t\t\t\t<svg aria-hidden=\"true\" class=\"e-font-icon-svg e-fab-twitter\" viewBox=\"0 0 512 512\" xmlns=\"http:\/\/www.w3.org\/2000\/svg\"><path d=\"M459.37 151.716c.325 4.548.325 9.097.325 13.645 0 138.72-105.583 298.558-298.558 298.558-59.452 0-114.68-17.219-161.137-47.106 8.447.974 16.568 1.299 25.34 1.299 49.055 0 94.213-16.568 130.274-44.832-46.132-.975-84.792-31.188-98.112-72.772 6.498.974 12.995 1.624 19.818 1.624 9.421 0 18.843-1.3 27.614-3.573-48.081-9.747-84.143-51.98-84.143-102.985v-1.299c13.969 7.797 30.214 12.67 47.431 13.319-28.264-18.843-46.781-51.005-46.781-87.391 0-19.492 5.197-37.36 14.294-52.954 51.655 63.675 129.3 105.258 216.365 109.807-1.624-7.797-2.599-15.918-2.599-24.04 0-57.828 46.782-104.934 104.934-104.934 30.213 0 57.502 12.67 76.67 33.137 23.715-4.548 46.456-13.32 66.599-25.34-7.798 24.366-24.366 44.833-46.132 57.827 21.117-2.273 41.584-8.122 60.426-16.243-14.292 20.791-32.161 39.308-52.628 54.253z\"><\/path><\/svg>\t\t\t\t\t<\/a>\n\t\t\t\t<\/span>\n\t\t\t\t\t\t\t<span class=\"elementor-grid-item\" role=\"listitem\">\n\t\t\t\t\t<a class=\"elementor-icon elementor-social-icon elementor-social-icon-youtube elementor-repeater-item-1bcd649\" href=\"https:\/\/www.youtube.com\/channel\/UCBbmXfa52pAGpmufiMrR3qg\" target=\"_blank\">\n\t\t\t\t\t\t<span class=\"elementor-screen-only\">Youtube<\/span>\n\t\t\t\t\t\t<svg aria-hidden=\"true\" class=\"e-font-icon-svg e-fab-youtube\" viewBox=\"0 0 576 512\" xmlns=\"http:\/\/www.w3.org\/2000\/svg\"><path d=\"M549.655 124.083c-6.281-23.65-24.787-42.276-48.284-48.597C458.781 64 288 64 288 64S117.22 64 74.629 75.486c-23.497 6.322-42.003 24.947-48.284 48.597-11.412 42.867-11.412 132.305-11.412 132.305s0 89.438 11.412 132.305c6.281 23.65 24.787 41.5 48.284 47.821C117.22 448 288 448 288 448s170.78 0 213.371-11.486c23.497-6.321 42.003-24.171 48.284-47.821 11.412-42.867 11.412-132.305 11.412-132.305s0-89.438-11.412-132.305zm-317.51 213.508V175.185l142.739 81.205-142.739 81.201z\"><\/path><\/svg>\t\t\t\t\t<\/a>\n\t\t\t\t<\/span>\n\t\t\t\t\t\t\t<span class=\"elementor-grid-item\" role=\"listitem\">\n\t\t\t\t\t<a class=\"elementor-icon elementor-social-icon elementor-social-icon-android elementor-repeater-item-8cfd3c6\" href=\"https:\/\/play.google.com\/store\/apps\/developer?id=%C3%81lvaro+Man%C3%A9n\" target=\"_blank\">\n\t\t\t\t\t\t<span class=\"elementor-screen-only\">Android<\/span>\n\t\t\t\t\t\t<svg aria-hidden=\"true\" class=\"e-font-icon-svg e-fab-android\" viewBox=\"0 0 576 512\" xmlns=\"http:\/\/www.w3.org\/2000\/svg\"><path d=\"M420.55,301.93a24,24,0,1,1,24-24,24,24,0,0,1-24,24m-265.1,0a24,24,0,1,1,24-24,24,24,0,0,1-24,24m273.7-144.48,47.94-83a10,10,0,1,0-17.27-10h0l-48.54,84.07a301.25,301.25,0,0,0-246.56,0L116.18,64.45a10,10,0,1,0-17.27,10h0l47.94,83C64.53,202.22,8.24,285.55,0,384H576c-8.24-98.45-64.54-181.78-146.85-226.55\"><\/path><\/svg>\t\t\t\t\t<\/a>\n\t\t\t\t<\/span>\n\t\t\t\t\t<\/div>\n\t\t\t\t\t\t<\/div>\n\t\t\t\t<\/div>\n\t\t\t\t\t<\/div>\n\t\t<\/div>\n\t\t\t\t\t<\/div>\n\t\t<\/section>\n\t\t\t\t<section class=\"elementor-section elementor-top-section elementor-element elementor-element-rt0ifzd elementor-section-content-top elementor-section-full_width elementor-section-height-default elementor-section-height-default elementor-invisible\" data-id=\"rt0ifzd\" data-element_type=\"section\" data-e-type=\"section\" data-settings=\"{&quot;animation&quot;:&quot;fadeInDown&quot;}\">\n\t\t\t\t\t\t<div class=\"elementor-container elementor-column-gap-wider\">\n\t\t\t\t\t<div class=\"elementor-column elementor-col-50 elementor-top-column elementor-element elementor-element-0cbm4xd\" data-id=\"0cbm4xd\" data-element_type=\"column\" data-e-type=\"column\">\n\t\t\t<div class=\"elementor-widget-wrap elementor-element-populated\">\n\t\t\t\t\t\t<div class=\"elementor-element elementor-element-ad24290 elementor-widget elementor-widget-text-editor\" data-id=\"ad24290\" data-element_type=\"widget\" data-e-type=\"widget\" data-widget_type=\"text-editor.default\">\n\t\t\t\t<div class=\"elementor-widget-container\">\n\t\t\t\t\t\t\t\t\t<p>GABINETE TOPOGR\u00c1FICO<\/p>\t\t\t\t\t\t\t\t<\/div>\n\t\t\t\t<\/div>\n\t\t\t\t<div class=\"elementor-element elementor-element-lajf8ql elementor-widget elementor-widget-heading\" data-id=\"lajf8ql\" data-element_type=\"widget\" data-e-type=\"widget\" data-widget_type=\"heading.default\">\n\t\t\t\t<div class=\"elementor-widget-container\">\n\t\t\t\t\t<h2 class=\"elementor-heading-title elementor-size-default\">Como top\u00f3grafos en M\u00e1laga estamos especializados en regularizaciones catastrales, topograf\u00eda pericial, valoraciones y tasaciones, as\u00ed como topograf\u00eda civil. Siempre utilizando la m\u00e1s alta tecnolog\u00eda en cuanto a Estaciones Totales, sistemas GPS y drones.<\/h2>\t\t\t\t<\/div>\n\t\t\t\t<\/div>\n\t\t\t\t<div class=\"elementor-element elementor-element-c08207e elementor-arrows-position-inside elementor-pagination-position-outside elementor-widget elementor-widget-image-carousel\" data-id=\"c08207e\" data-element_type=\"widget\" data-e-type=\"widget\" data-settings=\"{&quot;navigation&quot;:&quot;both&quot;,&quot;autoplay&quot;:&quot;yes&quot;,&quot;pause_on_hover&quot;:&quot;yes&quot;,&quot;pause_on_interaction&quot;:&quot;yes&quot;,&quot;autoplay_speed&quot;:5000,&quot;infinite&quot;:&quot;yes&quot;,&quot;speed&quot;:500}\" data-widget_type=\"image-carousel.default\">\n\t\t\t\t<div class=\"elementor-widget-container\">\n\t\t\t\t\t\t\t<div class=\"elementor-image-carousel-wrapper swiper\" role=\"region\" aria-roledescription=\"carousel\" aria-label=\"Carrusel de im\u00e1genes\" dir=\"ltr\">\n\t\t\t<div class=\"elementor-image-carousel swiper-wrapper swiper-image-stretch\" aria-live=\"off\">\n\t\t\t\t\t\t\t\t<div class=\"swiper-slide\" role=\"group\" aria-roledescription=\"slide\" aria-label=\"1 de 3\"><figure class=\"swiper-slide-inner\"><img decoding=\"async\" class=\"swiper-slide-image\" src=\"https:\/\/veleztopografia.com\/wp-content\/uploads\/2019\/12\/20180607_082448-scaled.jpg\" alt=\"topografo muro de escollera en malaga movimiento de tierras excavaciones balsas caminos rurales licencias vallados\" \/><\/figure><\/div><div class=\"swiper-slide\" role=\"group\" aria-roledescription=\"slide\" aria-label=\"2 de 3\"><figure class=\"swiper-slide-inner\"><img decoding=\"async\" class=\"swiper-slide-image\" src=\"https:\/\/veleztopografia.com\/wp-content\/uploads\/2019\/12\/20171005_165120-scaled-e1579559825628.jpg\" alt=\"topografo en malaga\" \/><\/figure><\/div><div class=\"swiper-slide\" role=\"group\" aria-roledescription=\"slide\" aria-label=\"3 de 3\"><figure class=\"swiper-slide-inner\"><img decoding=\"async\" class=\"swiper-slide-image\" src=\"https:\/\/veleztopografia.com\/wp-content\/uploads\/2019\/12\/20160615_085830-scaled.jpg\" alt=\"topografo malaga\" \/><\/figure><\/div>\t\t\t<\/div>\n\t\t\t\t\t\t\t\t\t\t\t\t<div class=\"elementor-swiper-button elementor-swiper-button-prev\" role=\"button\" tabindex=\"0\">\n\t\t\t\t\t\t<svg aria-hidden=\"true\" class=\"e-font-icon-svg e-eicon-chevron-left\" viewBox=\"0 0 1000 1000\" xmlns=\"http:\/\/www.w3.org\/2000\/svg\"><path d=\"M646 125C629 125 613 133 604 142L308 442C296 454 292 471 292 487 292 504 296 521 308 533L604 854C617 867 629 875 646 875 663 875 679 871 692 858 704 846 713 829 713 812 713 796 708 779 692 767L438 487 692 225C700 217 708 204 708 187 708 171 704 154 692 142 675 129 663 125 646 125Z\"><\/path><\/svg>\t\t\t\t\t<\/div>\n\t\t\t\t\t<div class=\"elementor-swiper-button elementor-swiper-button-next\" role=\"button\" tabindex=\"0\">\n\t\t\t\t\t\t<svg aria-hidden=\"true\" class=\"e-font-icon-svg e-eicon-chevron-right\" viewBox=\"0 0 1000 1000\" xmlns=\"http:\/\/www.w3.org\/2000\/svg\"><path d=\"M696 533C708 521 713 504 713 487 713 471 708 454 696 446L400 146C388 133 375 125 354 125 338 125 325 129 313 142 300 154 292 171 292 187 292 204 296 221 308 233L563 492 304 771C292 783 288 800 288 817 288 833 296 850 308 863 321 871 338 875 354 875 371 875 388 867 400 854L696 533Z\"><\/path><\/svg>\t\t\t\t\t<\/div>\n\t\t\t\t\n\t\t\t\t\t\t\t\t\t<div class=\"swiper-pagination\"><\/div>\n\t\t\t\t\t\t\t\t\t<\/div>\n\t\t\t\t\t\t<\/div>\n\t\t\t\t<\/div>\n\t\t\t\t<div class=\"elementor-element elementor-element-p2wmteu elementor-widget elementor-widget-heading\" data-id=\"p2wmteu\" data-element_type=\"widget\" data-e-type=\"widget\" data-widget_type=\"heading.default\">\n\t\t\t\t<div class=\"elementor-widget-container\">\n\t\t\t\t\t<h4 class=\"elementor-heading-title elementor-size-default\">soluciones Profesionales Personalizadas<\/h4>\t\t\t\t<\/div>\n\t\t\t\t<\/div>\n\t\t\t\t<div class=\"elementor-element elementor-element-c35yohh elementor-widget elementor-widget-spacer\" data-id=\"c35yohh\" data-element_type=\"widget\" data-e-type=\"widget\" data-widget_type=\"spacer.default\">\n\t\t\t\t<div class=\"elementor-widget-container\">\n\t\t\t\t\t\t\t<div class=\"elementor-spacer\">\n\t\t\t<div class=\"elementor-spacer-inner\"><\/div>\n\t\t<\/div>\n\t\t\t\t\t\t<\/div>\n\t\t\t\t<\/div>\n\t\t\t\t<div class=\"elementor-element elementor-element-h2crri4 elementor-widget-divider--view-line elementor-widget elementor-widget-divider\" data-id=\"h2crri4\" data-element_type=\"widget\" data-e-type=\"widget\" data-widget_type=\"divider.default\">\n\t\t\t\t<div class=\"elementor-widget-container\">\n\t\t\t\t\t\t\t<div class=\"elementor-divider\">\n\t\t\t<span class=\"elementor-divider-separator\">\n\t\t\t\t\t\t<\/span>\n\t\t<\/div>\n\t\t\t\t\t\t<\/div>\n\t\t\t\t<\/div>\n\t\t\t\t\t<\/div>\n\t\t<\/div>\n\t\t\t\t<div class=\"elementor-column elementor-col-50 elementor-top-column elementor-element elementor-element-h0q56ck\" data-id=\"h0q56ck\" data-element_type=\"column\" data-e-type=\"column\">\n\t\t\t<div class=\"elementor-widget-wrap elementor-element-populated\">\n\t\t\t\t\t\t<div class=\"elementor-element elementor-element-d7cakya elementor-invisible elementor-widget elementor-widget-text-editor\" data-id=\"d7cakya\" data-element_type=\"widget\" data-e-type=\"widget\" data-settings=\"{&quot;_animation&quot;:&quot;lightSpeedIn&quot;}\" data-widget_type=\"text-editor.default\">\n\t\t\t\t<div class=\"elementor-widget-container\">\n\t\t\t\t\t\t\t\t\t<p><a href=\"http:\/\/veleztopografia.com\/index.php\/topografia-en-velez-malaga-servicios\/\">Contacto<\/a>\u00bfBusca un top\u00f3grafo en V\u00e9lez-M\u00e1laga para solucionar problemas? <a href=\"https:\/\/www.facebook.com\/veleztopografia\/\">Siguenos en facebook<\/a><\/p>\t\t\t\t\t\t\t\t<\/div>\n\t\t\t\t<\/div>\n\t\t\t\t<div class=\"elementor-element elementor-element-m5xywp3 elementor-widget elementor-widget-image\" data-id=\"m5xywp3\" data-element_type=\"widget\" data-e-type=\"widget\" data-widget_type=\"image.default\">\n\t\t\t\t<div class=\"elementor-widget-container\">\n\t\t\t\t\t\t\t\t\t\t\t\t\t\t\t<img fetchpriority=\"high\" decoding=\"async\" width=\"1024\" height=\"646\" src=\"https:\/\/veleztopografia.com\/wp-content\/uploads\/2019\/12\/10660108-1-1024x646.jpg\" class=\"attachment-large size-large wp-image-1064\" alt=\"topografo malaga\" srcset=\"https:\/\/veleztopografia.com\/wp-content\/uploads\/2019\/12\/10660108-1-1024x646.jpg 1024w, https:\/\/veleztopografia.com\/wp-content\/uploads\/2019\/12\/10660108-1-300x189.jpg 300w, https:\/\/veleztopografia.com\/wp-content\/uploads\/2019\/12\/10660108-1-768x484.jpg 768w, https:\/\/veleztopografia.com\/wp-content\/uploads\/2019\/12\/10660108-1-1536x969.jpg 1536w, https:\/\/veleztopografia.com\/wp-content\/uploads\/2019\/12\/10660108-1-2048x1292.jpg 2048w\" sizes=\"(max-width: 1024px) 100vw, 1024px\" \/>\t\t\t\t\t\t\t\t\t\t\t\t\t\t\t<\/div>\n\t\t\t\t<\/div>\n\t\t\t\t\t<\/div>\n\t\t<\/div>\n\t\t\t\t\t<\/div>\n\t\t<\/section>\n\t\t\t\t<section class=\"elementor-section elementor-top-section elementor-element elementor-element-tbustar elementor-section-boxed elementor-section-height-default elementor-section-height-default\" data-id=\"tbustar\" data-element_type=\"section\" data-e-type=\"section\" data-settings=\"{&quot;background_background&quot;:&quot;classic&quot;}\">\n\t\t\t\t\t\t\t<div class=\"elementor-background-overlay\"><\/div>\n\t\t\t\t\t\t\t<div class=\"elementor-container elementor-column-gap-default\">\n\t\t\t\t\t<div class=\"elementor-column elementor-col-100 elementor-top-column elementor-element elementor-element-sh3e4mw\" data-id=\"sh3e4mw\" data-element_type=\"column\" data-e-type=\"column\">\n\t\t\t<div class=\"elementor-widget-wrap elementor-element-populated\">\n\t\t\t\t\t\t<section class=\"elementor-section elementor-inner-section elementor-element elementor-element-46gcfcg elementor-section-full_width elementor-section-height-default elementor-section-height-default\" data-id=\"46gcfcg\" data-element_type=\"section\" data-e-type=\"section\">\n\t\t\t\t\t\t<div class=\"elementor-container elementor-column-gap-default\">\n\t\t\t\t\t<div class=\"elementor-column elementor-col-50 elementor-inner-column elementor-element elementor-element-aj99fgl\" data-id=\"aj99fgl\" data-element_type=\"column\" data-e-type=\"column\">\n\t\t\t<div class=\"elementor-widget-wrap elementor-element-populated\">\n\t\t\t\t\t\t<div class=\"elementor-element elementor-element-u0nt8dz elementor-widget elementor-widget-heading\" data-id=\"u0nt8dz\" data-element_type=\"widget\" data-e-type=\"widget\" data-widget_type=\"heading.default\">\n\t\t\t\t<div class=\"elementor-widget-container\">\n\t\t\t\t\t<h2 class=\"elementor-heading-title elementor-size-default\">CONOCE NUESTRA EMPRESA DE TOPOGRAF\u00cdA EN M\u00c1LAGA<\/h2>\t\t\t\t<\/div>\n\t\t\t\t<\/div>\n\t\t\t\t<div class=\"elementor-element elementor-element-33zc0a8 elementor-widget elementor-widget-text-editor\" data-id=\"33zc0a8\" data-element_type=\"widget\" data-e-type=\"widget\" data-widget_type=\"text-editor.default\">\n\t\t\t\t<div class=\"elementor-widget-container\">\n\t\t\t\t\t\t\t\t\t<div data-id=\"33zc0a8\" data-element_type=\"text-editor.default\"><div><div><h6>LA TECNOLOG\u00cdA<\/h6>Nuestros equipos de campo utilizan Estaciones Totales, sistemas G.P.S., ordenadores port\u00e1tiles y veh\u00edculos. Nuestro Gabinete cuenta con los medios m\u00e1s avanzados para las labores de Oficina T\u00e9cnica necesarias para alcanzar la mayor precisi\u00f3n en el desarrollo de nuestros servicios. Hardware potente, impresoras, plotter y un Software compuesto por programas de c\u00e1lculo de Topograf\u00eda, dise\u00f1o gr\u00e1fico, c\u00e1lculo de curvados, modelos digitales del terreno.\u00a0<\/div><\/div><\/div><div data-id=\"mi4gezp\" data-element_type=\"spacer.default\">\u00a0<\/div>\t\t\t\t\t\t\t\t<\/div>\n\t\t\t\t<\/div>\n\t\t\t\t<div class=\"elementor-element elementor-element-9fedbb4 elementor-widget elementor-widget-heading\" data-id=\"9fedbb4\" data-element_type=\"widget\" data-e-type=\"widget\" data-widget_type=\"heading.default\">\n\t\t\t\t<div class=\"elementor-widget-container\">\n\t\t\t\t\t<h3 class=\"elementor-heading-title elementor-size-large\"><div class=\"container\"><h2><strong>Expertos en servicios  globales de topograf\u00eda en M\u00e1laga<\/strong>                 <br><\/h2><\/div><\/h3>\t\t\t\t<\/div>\n\t\t\t\t<\/div>\n\t\t\t\t\t<\/div>\n\t\t<\/div>\n\t\t\t\t<div class=\"elementor-column elementor-col-50 elementor-inner-column elementor-element elementor-element-09btodq\" data-id=\"09btodq\" data-element_type=\"column\" data-e-type=\"column\">\n\t\t\t<div class=\"elementor-widget-wrap elementor-element-populated\">\n\t\t\t\t\t\t<div class=\"elementor-element elementor-element-8626e2d elementor-widget elementor-widget-image\" data-id=\"8626e2d\" data-element_type=\"widget\" data-e-type=\"widget\" data-widget_type=\"image.default\">\n\t\t\t\t<div class=\"elementor-widget-container\">\n\t\t\t\t\t\t\t\t\t\t\t\t\t\t\t\t<a href=\"https:\/\/play.google.com\/store\/apps\/developer?id=%C3%81lvaro+Man%C3%A9n\">\n\t\t\t\t\t\t\t<img decoding=\"async\" width=\"550\" height=\"375\" src=\"https:\/\/veleztopografia.com\/wp-content\/uploads\/2019\/12\/Aplicaciones-SIG-para-Android-1.png\" class=\"attachment-large size-large wp-image-1257\" alt=\"topografo malaga\" srcset=\"https:\/\/veleztopografia.com\/wp-content\/uploads\/2019\/12\/Aplicaciones-SIG-para-Android-1.png 550w, https:\/\/veleztopografia.com\/wp-content\/uploads\/2019\/12\/Aplicaciones-SIG-para-Android-1-300x205.png 300w\" sizes=\"(max-width: 550px) 100vw, 550px\" \/>\t\t\t\t\t\t\t\t<\/a>\n\t\t\t\t\t\t\t\t\t\t\t\t\t\t\t<\/div>\n\t\t\t\t<\/div>\n\t\t\t\t\t<\/div>\n\t\t<\/div>\n\t\t\t\t\t<\/div>\n\t\t<\/section>\n\t\t\t\t\t<\/div>\n\t\t<\/div>\n\t\t\t\t\t<\/div>\n\t\t<\/section>\n\t\t\t\t<section class=\"elementor-section elementor-top-section elementor-element elementor-element-o4y7pdo elementor-section-full_width elementor-section-height-default elementor-section-height-default\" data-id=\"o4y7pdo\" data-element_type=\"section\" data-e-type=\"section\">\n\t\t\t\t\t\t<div class=\"elementor-container elementor-column-gap-default\">\n\t\t\t\t\t<div class=\"elementor-column elementor-col-100 elementor-top-column elementor-element elementor-element-auuxk8c\" data-id=\"auuxk8c\" data-element_type=\"column\" data-e-type=\"column\">\n\t\t\t<div class=\"elementor-widget-wrap elementor-element-populated\">\n\t\t\t\t\t\t<div class=\"elementor-element elementor-element-vpyxjum elementor-shape-circle elementor-grid-0 e-grid-align-center elementor-widget elementor-widget-social-icons\" data-id=\"vpyxjum\" data-element_type=\"widget\" data-e-type=\"widget\" data-widget_type=\"social-icons.default\">\n\t\t\t\t<div class=\"elementor-widget-container\">\n\t\t\t\t\t\t\t<div class=\"elementor-social-icons-wrapper elementor-grid\" role=\"list\">\n\t\t\t\t\t\t\t<span class=\"elementor-grid-item\" role=\"listitem\">\n\t\t\t\t\t<a class=\"elementor-icon elementor-social-icon elementor-social-icon-facebook-f elementor-repeater-item-mmwrmot\" href=\"https:\/\/www.facebook.com\/veleztopografia\/\" target=\"_blank\">\n\t\t\t\t\t\t<span class=\"elementor-screen-only\">Facebook-f<\/span>\n\t\t\t\t\t\t<svg aria-hidden=\"true\" class=\"e-font-icon-svg e-fab-facebook-f\" viewBox=\"0 0 320 512\" xmlns=\"http:\/\/www.w3.org\/2000\/svg\"><path d=\"M279.14 288l14.22-92.66h-88.91v-60.13c0-25.35 12.42-50.06 52.24-50.06h40.42V6.26S260.43 0 225.36 0c-73.22 0-121.08 44.38-121.08 124.72v70.62H22.89V288h81.39v224h100.17V288z\"><\/path><\/svg>\t\t\t\t\t<\/a>\n\t\t\t\t<\/span>\n\t\t\t\t\t\t\t<span class=\"elementor-grid-item\" role=\"listitem\">\n\t\t\t\t\t<a class=\"elementor-icon elementor-social-icon elementor-social-icon-twitter elementor-repeater-item-nr4lzs3\" href=\"https:\/\/twitter.com\/alvaro_manen\" target=\"_blank\">\n\t\t\t\t\t\t<span class=\"elementor-screen-only\">Twitter<\/span>\n\t\t\t\t\t\t<svg aria-hidden=\"true\" class=\"e-font-icon-svg e-fab-twitter\" viewBox=\"0 0 512 512\" xmlns=\"http:\/\/www.w3.org\/2000\/svg\"><path d=\"M459.37 151.716c.325 4.548.325 9.097.325 13.645 0 138.72-105.583 298.558-298.558 298.558-59.452 0-114.68-17.219-161.137-47.106 8.447.974 16.568 1.299 25.34 1.299 49.055 0 94.213-16.568 130.274-44.832-46.132-.975-84.792-31.188-98.112-72.772 6.498.974 12.995 1.624 19.818 1.624 9.421 0 18.843-1.3 27.614-3.573-48.081-9.747-84.143-51.98-84.143-102.985v-1.299c13.969 7.797 30.214 12.67 47.431 13.319-28.264-18.843-46.781-51.005-46.781-87.391 0-19.492 5.197-37.36 14.294-52.954 51.655 63.675 129.3 105.258 216.365 109.807-1.624-7.797-2.599-15.918-2.599-24.04 0-57.828 46.782-104.934 104.934-104.934 30.213 0 57.502 12.67 76.67 33.137 23.715-4.548 46.456-13.32 66.599-25.34-7.798 24.366-24.366 44.833-46.132 57.827 21.117-2.273 41.584-8.122 60.426-16.243-14.292 20.791-32.161 39.308-52.628 54.253z\"><\/path><\/svg>\t\t\t\t\t<\/a>\n\t\t\t\t<\/span>\n\t\t\t\t\t\t\t<span class=\"elementor-grid-item\" role=\"listitem\">\n\t\t\t\t\t<a class=\"elementor-icon elementor-social-icon elementor-social-icon-linkedin-in elementor-repeater-item-xf1btoi\" href=\"https:\/\/www.linkedin.com\/in\/alvaro-manen-0a7b9a4b\/\" target=\"_blank\">\n\t\t\t\t\t\t<span class=\"elementor-screen-only\">Linkedin-in<\/span>\n\t\t\t\t\t\t<svg aria-hidden=\"true\" class=\"e-font-icon-svg e-fab-linkedin-in\" viewBox=\"0 0 448 512\" xmlns=\"http:\/\/www.w3.org\/2000\/svg\"><path d=\"M100.28 448H7.4V148.9h92.88zM53.79 108.1C24.09 108.1 0 83.5 0 53.8a53.79 53.79 0 0 1 107.58 0c0 29.7-24.1 54.3-53.79 54.3zM447.9 448h-92.68V302.4c0-34.7-.7-79.2-48.29-79.2-48.29 0-55.69 37.7-55.69 76.7V448h-92.78V148.9h89.08v40.8h1.3c12.4-23.5 42.69-48.3 87.88-48.3 94 0 111.28 61.9 111.28 142.3V448z\"><\/path><\/svg>\t\t\t\t\t<\/a>\n\t\t\t\t<\/span>\n\t\t\t\t\t<\/div>\n\t\t\t\t\t\t<\/div>\n\t\t\t\t<\/div>\n\t\t\t\t<div class=\"elementor-element elementor-element-9006e53 elementor-widget elementor-widget-heading\" data-id=\"9006e53\" data-element_type=\"widget\" data-e-type=\"widget\" data-widget_type=\"heading.default\">\n\t\t\t\t<div class=\"elementor-widget-container\">\n\t\t\t\t\t<h3 class=\"elementor-heading-title elementor-size-large\"><div class=\"container\"><h2><strong>Garant\u00eda<\/strong> <strong>de Ingenieros topografos M\u00e1laga colegiados <\/strong><\/h2><\/div><strong>\n                            <\/strong><\/h3>\t\t\t\t<\/div>\n\t\t\t\t<\/div>\n\t\t\t\t<section class=\"elementor-section elementor-inner-section elementor-element elementor-element-0fecf99 elementor-section-boxed elementor-section-height-default elementor-section-height-default\" data-id=\"0fecf99\" data-element_type=\"section\" data-e-type=\"section\">\n\t\t\t\t\t\t<div class=\"elementor-container elementor-column-gap-default\">\n\t\t\t\t\t<div class=\"elementor-column elementor-col-50 elementor-inner-column elementor-element elementor-element-9cf3d3c\" data-id=\"9cf3d3c\" data-element_type=\"column\" data-e-type=\"column\">\n\t\t\t<div class=\"elementor-widget-wrap elementor-element-populated\">\n\t\t\t\t\t\t<div class=\"elementor-element elementor-element-ab4f54a elementor-widget elementor-widget-image\" data-id=\"ab4f54a\" data-element_type=\"widget\" data-e-type=\"widget\" data-widget_type=\"image.default\">\n\t\t\t\t<div class=\"elementor-widget-container\">\n\t\t\t\t\t\t\t\t\t\t\t\t\t\t\t<img decoding=\"async\" width=\"1920\" height=\"1824\" src=\"https:\/\/veleztopografia.com\/wp-content\/uploads\/2019\/12\/E7C9777-scaled-e1576672911449.jpg\" class=\"elementor-animation-buzz attachment-full size-full wp-image-1075\" alt=\"topografo malaga\" srcset=\"https:\/\/veleztopografia.com\/wp-content\/uploads\/2019\/12\/E7C9777-scaled-e1576672911449.jpg 1920w, https:\/\/veleztopografia.com\/wp-content\/uploads\/2019\/12\/E7C9777-scaled-e1576672911449-300x285.jpg 300w, https:\/\/veleztopografia.com\/wp-content\/uploads\/2019\/12\/E7C9777-scaled-e1576672911449-1024x973.jpg 1024w, https:\/\/veleztopografia.com\/wp-content\/uploads\/2019\/12\/E7C9777-scaled-e1576672911449-768x730.jpg 768w, https:\/\/veleztopografia.com\/wp-content\/uploads\/2019\/12\/E7C9777-scaled-e1576672911449-1536x1459.jpg 1536w\" sizes=\"(max-width: 1920px) 100vw, 1920px\" \/>\t\t\t\t\t\t\t\t\t\t\t\t\t\t\t<\/div>\n\t\t\t\t<\/div>\n\t\t\t\t\t<\/div>\n\t\t<\/div>\n\t\t\t\t<div class=\"elementor-column elementor-col-50 elementor-inner-column elementor-element elementor-element-4601d2b\" data-id=\"4601d2b\" data-element_type=\"column\" data-e-type=\"column\">\n\t\t\t<div class=\"elementor-widget-wrap elementor-element-populated\">\n\t\t\t\t\t\t<div class=\"elementor-element elementor-element-a8d9beb elementor-widget elementor-widget-image\" data-id=\"a8d9beb\" data-element_type=\"widget\" data-e-type=\"widget\" data-widget_type=\"image.default\">\n\t\t\t\t<div class=\"elementor-widget-container\">\n\t\t\t\t\t\t\t\t\t\t\t\t\t\t\t\t<a href=\"http:\/\/www.coigt.com\/profesional\/0007866\">\n\t\t\t\t\t\t\t<img loading=\"lazy\" decoding=\"async\" width=\"300\" height=\"288\" src=\"https:\/\/veleztopografia.com\/wp-content\/uploads\/2019\/12\/0007866QR_481-2-300x288.png\" class=\"attachment-medium size-medium wp-image-1293\" alt=\"topografo malaga topografia\" srcset=\"https:\/\/veleztopografia.com\/wp-content\/uploads\/2019\/12\/0007866QR_481-2-300x288.png 300w, https:\/\/veleztopografia.com\/wp-content\/uploads\/2019\/12\/0007866QR_481-2.png 629w\" sizes=\"(max-width: 300px) 100vw, 300px\" \/>\t\t\t\t\t\t\t\t<\/a>\n\t\t\t\t\t\t\t\t\t\t\t\t\t\t\t<\/div>\n\t\t\t\t<\/div>\n\t\t\t\t\t<\/div>\n\t\t<\/div>\n\t\t\t\t\t<\/div>\n\t\t<\/section>\n\t\t\t\t<section class=\"elementor-section elementor-inner-section elementor-element elementor-element-6608c7c elementor-section-boxed elementor-section-height-default elementor-section-height-default\" data-id=\"6608c7c\" data-element_type=\"section\" data-e-type=\"section\">\n\t\t\t\t\t\t<div class=\"elementor-container elementor-column-gap-default\">\n\t\t\t\t\t<div class=\"elementor-column elementor-col-50 elementor-inner-column elementor-element elementor-element-677ffaa\" data-id=\"677ffaa\" data-element_type=\"column\" data-e-type=\"column\">\n\t\t\t<div class=\"elementor-widget-wrap elementor-element-populated\">\n\t\t\t\t\t\t<div class=\"elementor-element elementor-element-650fc41 elementor-widget elementor-widget-text-editor\" data-id=\"650fc41\" data-element_type=\"widget\" data-e-type=\"widget\" data-widget_type=\"text-editor.default\">\n\t\t\t\t<div class=\"elementor-widget-container\">\n\t\t\t\t\t\t\t\t\t<p>top\u00f3grafo en Alameda top\u00f3grafo en Alcauc\u00edn top\u00f3grafo en Alfarnate top\u00f3grafo en Alfarnatejo top\u00f3grafo en Algarrobo top\u00f3grafo en Algatoc\u00edn top\u00f3grafo en Alhaur\u00edn de la Torre top\u00f3grafo en Alhaur\u00edn el Grande top\u00f3grafo en Alm\u00e1char top\u00f3grafo en Almargen\u00a0 top\u00f3grafo en Almog\u00eda top\u00f3grafo en \u00c1lora top\u00f3grafo en Alozaina top\u00f3grafo en Alpandeire top\u00f3grafo en Antequera top\u00f3grafo en \u00c1rchez top\u00f3grafo en Archidona top\u00f3grafo en Ardales top\u00f3grafo en Arenas top\u00f3grafo en Arriate top\u00f3grafo en Atajate top\u00f3grafo en Benadalid top\u00f3grafo en Benahav\u00eds top\u00f3grafo en Benalaur\u00eda top\u00f3grafo en Benalm\u00e1den a top\u00f3grafo en Benamargosa top\u00f3grafo en Benamocarra top\u00f3grafo en Benaoj\u00e1n top\u00f3grafo en Benarrab\u00e1 top\u00f3grafo en El Borge top\u00f3grafo en El Burgo top\u00f3grafo en Campillos top\u00f3grafo en Canillas de Aceituno top\u00f3grafo en Canillas de Albaida top\u00f3grafo en Ca\u00f1ete la Real top\u00f3grafo en Carratraca top\u00f3grafo en Cartajima top\u00f3grafo en C\u00e1rtama top\u00f3grafo en Casabermeja top\u00f3grafo en Casarabonela top\u00f3grafo en Casares top\u00f3grafo en Co\u00edn top\u00f3grafo en Colmenar top\u00f3grafo en Comares<br \/>top\u00f3grafo en C\u00f3mpeta top\u00f3grafo en Cortes de la Frontera top\u00f3grafo en Cuevas Bajas top\u00f3grafo en Cuevas de San Marcos top\u00f3grafo en Cuevas del Becerro top\u00f3grafo en C\u00fatar top\u00f3grafo en Estepona<\/p>\t\t\t\t\t\t\t\t<\/div>\n\t\t\t\t<\/div>\n\t\t\t\t\t<\/div>\n\t\t<\/div>\n\t\t\t\t<div class=\"elementor-column elementor-col-50 elementor-inner-column elementor-element elementor-element-20ec316\" data-id=\"20ec316\" data-element_type=\"column\" data-e-type=\"column\">\n\t\t\t<div class=\"elementor-widget-wrap elementor-element-populated\">\n\t\t\t\t\t\t<div class=\"elementor-element elementor-element-d592076 elementor-widget elementor-widget-text-editor\" data-id=\"d592076\" data-element_type=\"widget\" data-e-type=\"widget\" data-widget_type=\"text-editor.default\">\n\t\t\t\t<div class=\"elementor-widget-container\">\n\t\t\t\t\t\t\t\t\t<p>top\u00f3grafo en Faraj\u00e1n top\u00f3grafo en Frigiliana top\u00f3grafo en Fuengirola top\u00f3grafo en Fuente de Piedra top\u00f3grafo en Gauc\u00edn top\u00f3grafo en Genalguacil top\u00f3grafo en Guaro top\u00f3grafo en Humilladero top\u00f3grafo en Igualeja top\u00f3grafo en Ist\u00e1n top\u00f3grafo en Iznate top\u00f3grafo en Jimera de L\u00edbar top\u00f3grafo en Jubrique top\u00f3grafo en J\u00fazcar top\u00f3grafo en Macharaviaya top\u00f3grafo en Malaga top\u00f3grafo en Manilva top\u00f3grafo en Marbella top\u00f3grafo en Mijas top\u00f3grafo en Moclinejo top\u00f3grafo en Mollina top\u00f3grafo en Monda top\u00f3grafo en Montejaque top\u00f3grafo en Nerja top\u00f3grafo en Oj\u00e9n top\u00f3grafo en Parauta top\u00f3grafo en Periana top\u00f3grafo en Pizarra top\u00f3grafo en Pujerra top\u00f3grafo en Rinc\u00f3n de la Victoria top\u00f3grafo en Riogordo top\u00f3grafo en Ronda top\u00f3grafo en Salares top\u00f3grafo en Sayalonga top\u00f3grafo en Sedella top\u00f3grafo en Sierra de Yeguas top\u00f3grafo en Teba top\u00f3grafo en Tolox top\u00f3grafo en Torremolinos top\u00f3grafo en Torrox top\u00f3grafo en Total\u00e1n top\u00f3grafo en Valle de Abdalaj\u00eds top\u00f3grafo en V\u00e9lez-M\u00e1laga top\u00f3grafo en Villanueva de Algaidas top\u00f3grafo en Villanueva de Tapia top\u00f3grafo en Villanueva del Rosario top\u00f3grafo en Villanueva del Trabuco top\u00f3grafo en Vi\u00f1uela top\u00f3grafo en Yunquera<\/p>\t\t\t\t\t\t\t\t<\/div>\n\t\t\t\t<\/div>\n\t\t\t\t\t<\/div>\n\t\t<\/div>\n\t\t\t\t\t<\/div>\n\t\t<\/section>\n\t\t\t\t<section class=\"elementor-section elementor-inner-section elementor-element elementor-element-4yi9v2u elementor-section-content-bottom elementor-section-height-min-height elementor-section-boxed elementor-section-height-default\" data-id=\"4yi9v2u\" data-element_type=\"section\" data-e-type=\"section\">\n\t\t\t\t\t\t\t<div class=\"elementor-background-overlay\"><\/div>\n\t\t\t\t\t\t\t<div class=\"elementor-container elementor-column-gap-default\">\n\t\t\t\t\t<div class=\"elementor-column elementor-col-100 elementor-inner-column elementor-element elementor-element-dhdhbt2\" data-id=\"dhdhbt2\" data-element_type=\"column\" data-e-type=\"column\" data-settings=\"{&quot;background_background&quot;:&quot;classic&quot;}\">\n\t\t\t<div class=\"elementor-widget-wrap elementor-element-populated\">\n\t\t\t\t\t\t<div class=\"elementor-element elementor-element-2ok5ij3 elementor-widget elementor-widget-spacer\" data-id=\"2ok5ij3\" data-element_type=\"widget\" data-e-type=\"widget\" data-widget_type=\"spacer.default\">\n\t\t\t\t<div class=\"elementor-widget-container\">\n\t\t\t\t\t\t\t<div class=\"elementor-spacer\">\n\t\t\t<div class=\"elementor-spacer-inner\"><\/div>\n\t\t<\/div>\n\t\t\t\t\t\t<\/div>\n\t\t\t\t<\/div>\n\t\t\t\t<div class=\"elementor-element elementor-element-5dbev7o elementor-widget elementor-widget-heading\" data-id=\"5dbev7o\" data-element_type=\"widget\" data-e-type=\"widget\" data-widget_type=\"heading.default\">\n\t\t\t\t<div class=\"elementor-widget-container\">\n\t\t\t\t\t<h4 class=\"elementor-heading-title elementor-size-default\">Alvaro Man\u00e9n Ranea<\/h4>\t\t\t\t<\/div>\n\t\t\t\t<\/div>\n\t\t\t\t<div class=\"elementor-element elementor-element-ey9z50c elementor-widget elementor-widget-heading\" data-id=\"ey9z50c\" data-element_type=\"widget\" data-e-type=\"widget\" data-widget_type=\"heading.default\">\n\t\t\t\t<div class=\"elementor-widget-container\">\n\t\t\t\t\t<h4 class=\"elementor-heading-title elementor-size-default\">Ingeniero T\u00e9cnico en topograf\u00eda<br>Colegiado n\u00ba7866<br><\/h4>\t\t\t\t<\/div>\n\t\t\t\t<\/div>\n\t\t\t\t<div class=\"elementor-element elementor-element-tqeryi4 elementor-widget elementor-widget-heading\" data-id=\"tqeryi4\" data-element_type=\"widget\" data-e-type=\"widget\" data-widget_type=\"heading.default\">\n\t\t\t\t<div class=\"elementor-widget-container\">\n\t\t\t\t\t<h4 class=\"elementor-heading-title elementor-size-default\">info@veleztopografia.com<\/h4>\t\t\t\t<\/div>\n\t\t\t\t<\/div>\n\t\t\t\t\t<\/div>\n\t\t<\/div>\n\t\t\t\t\t<\/div>\n\t\t<\/section>\n\t\t\t\t<section class=\"elementor-section elementor-inner-section elementor-element elementor-element-7a76abb elementor-section-boxed elementor-section-height-default elementor-section-height-default\" data-id=\"7a76abb\" data-element_type=\"section\" data-e-type=\"section\">\n\t\t\t\t\t\t<div class=\"elementor-container elementor-column-gap-default\">\n\t\t\t\t\t<div class=\"elementor-column elementor-col-50 elementor-inner-column elementor-element elementor-element-8e160af\" data-id=\"8e160af\" data-element_type=\"column\" data-e-type=\"column\">\n\t\t\t<div class=\"elementor-widget-wrap elementor-element-populated\">\n\t\t\t\t\t\t<div class=\"elementor-element elementor-element-336bfc4 elementor-widget elementor-widget-text-editor\" data-id=\"336bfc4\" data-element_type=\"widget\" data-e-type=\"widget\" data-widget_type=\"text-editor.default\">\n\t\t\t\t<div class=\"elementor-widget-container\">\n\t\t\t\t\t\t\t\t\t<p>top\u00f3grafo en Aguadulce top\u00f3grafo en Alan\u00eds top\u00f3grafo en Albaida del Aljarafe top\u00f3grafo en Alcal\u00e1 de Guada\u00edra top\u00f3grafo en Alcal\u00e1 del R\u00edo top\u00f3grafo en Alcolea del R\u00edo top\u00f3grafo en La Algaba top\u00f3grafo en Alg\u00e1mitas top\u00f3grafo en Almad\u00e9n de la Plata top\u00f3grafo en Almensilla top\u00f3grafo en Arahal top\u00f3grafo en Aznalc\u00e1zar top\u00f3grafo en Aznalc\u00f3llar top\u00f3grafo en Badolatosa top\u00f3grafo en Benacaz\u00f3n top\u00f3grafo en Bollullos de la Mitaci\u00f3n top\u00f3grafo en Bormujos top\u00f3grafo en Brenes top\u00f3grafo en Burguillos top\u00f3grafo en Las Cabezas de San Juan top\u00f3grafo en Camas top\u00f3grafo en La Campana top\u00f3grafo en Cantillana top\u00f3grafo en Ca\u00f1ada Rosal top\u00f3grafo en Carmona top\u00f3grafo en Carri\u00f3n de los C\u00e9spedes top\u00f3grafo en Casariche top\u00f3grafo en Castilblanco de los Arro top\u00f3grafo en Castilleja de Guzm\u00e1n top\u00f3grafo en Castilleja de la Cuesta top\u00f3grafo en Castilleja del Campo top\u00f3grafo en El Castillo de las Guard top\u00f3grafo en Cazalla de la Sierra top\u00f3grafo en Constantina top\u00f3grafo en Coria del R\u00edo top\u00f3grafo en Coripe top\u00f3grafo en El Coronil top\u00f3grafo en Los Corrales top\u00f3grafo en El Cuervo de Sevilla top\u00f3grafo en Dos Hermanas top\u00f3grafo en \u00c9cija top\u00f3grafo en Espartinas top\u00f3grafo en Estepa top\u00f3grafo en Fuentes de Andaluc\u00eda top\u00f3grafo en El Garrobo top\u00f3grafo en Gelves top\u00f3grafo en Gerena top\u00f3grafo en Gilena top\u00f3grafo en Gines top\u00f3grafo en Guadalcanal top\u00f3grafo en Guillena top\u00f3grafo en Herrera top\u00f3grafo en Hu\u00e9var del Aljarafe top\u00f3grafo en Isla Mayor top\u00f3grafo en La Lantejuela top\u00f3grafo en Lebrija top\u00f3grafo en Lora de Estepa top\u00f3grafo en Lora del R\u00edo top\u00f3grafo en La Luisiana top\u00f3grafo en El Madro\u00f1o top\u00f3grafo en Mairena del Alcor top\u00f3grafo en Mairena del Aljarafe top\u00f3grafo en Marchena top\u00f3grafo en Marinaleda top\u00f3grafo en Mart\u00edn de la Jara top\u00f3grafo en Los Molares top\u00f3grafo en Montellano top\u00f3grafo en Mor\u00f3n de la Frontera top\u00f3grafo en Las Navas de la Concepci top\u00f3grafo en Olivares top\u00f3grafo en Osuna top\u00f3grafo en Los Palacios y Villafran top\u00f3grafo en Palomares del R\u00edo top\u00f3grafo en Paradas top\u00f3grafo en Pedrera top\u00f3grafo en El Pedroso top\u00f3grafo en Pe\u00f1aflor top\u00f3grafo en Pilas top\u00f3grafo en Pruna top\u00f3grafo en La Puebla de Cazalla top\u00f3grafo en La Puebla de los Infante top\u00f3grafo en La Puebla del R\u00edo top\u00f3grafo en El Real de la Jara top\u00f3grafo en La Rinconada top\u00f3grafo en La Roda de Andaluc\u00eda top\u00f3grafo en El Ronquillo top\u00f3grafo en El Rubio top\u00f3grafo en Salteras top\u00f3grafo en San Juan de Aznalfarache top\u00f3grafo en San Nicol\u00e1s del Puerto top\u00f3grafo en Sanl\u00facar la Mayor top\u00f3grafo en Santiponce top\u00f3grafo en El Saucejo top\u00f3grafo en Sevilla top\u00f3grafo en Tocina top\u00f3grafo en Tomares top\u00f3grafo en Umbrete top\u00f3grafo en Utrera top\u00f3grafo en Valencina de la Concepci top\u00f3grafo en Villamanrique de la Cond top\u00f3grafo en Villanueva de San Juan top\u00f3grafo en Villanueva del Ariscal top\u00f3grafo en Villanueva del R\u00edo y Min top\u00f3grafo en Villaverde del R\u00edo top\u00f3grafo en El Viso del Alcor top\u00f3grafo en m\u00e1laga topograf\u00eda en m\u00e1laga<\/p>\t\t\t\t\t\t\t\t<\/div>\n\t\t\t\t<\/div>\n\t\t\t\t\t<\/div>\n\t\t<\/div>\n\t\t\t\t<div class=\"elementor-column elementor-col-50 elementor-inner-column elementor-element elementor-element-2737edd\" data-id=\"2737edd\" data-element_type=\"column\" data-e-type=\"column\">\n\t\t\t<div class=\"elementor-widget-wrap elementor-element-populated\">\n\t\t\t\t\t\t<div class=\"elementor-element elementor-element-5afd93b elementor-widget elementor-widget-text-editor\" data-id=\"5afd93b\" data-element_type=\"widget\" data-e-type=\"widget\" data-widget_type=\"text-editor.default\">\n\t\t\t\t<div class=\"elementor-widget-container\">\n\t\t\t\t\t\t\t\t\t<p>top\u00f3grafo en Abla top\u00f3grafo en Abrucena top\u00f3grafo en Adra top\u00f3grafo en Alb\u00e1nchez top\u00f3grafo en Alboloduy top\u00f3grafo en Albox top\u00f3grafo en Alcolea top\u00f3grafo en Alc\u00f3ntar top\u00f3grafo en Alcudia de Monteagud top\u00f3grafo en Alhabia top\u00f3grafo en Alhama de Almer\u00eda top\u00f3grafo en Alic\u00fan top\u00f3grafo en Almer\u00eda top\u00f3grafo en Alm\u00f3cita top\u00f3grafo en Alsodux top\u00f3grafo en Antas top\u00f3grafo en Arboleas top\u00f3grafo en Armu\u00f1a de Almanzora top\u00f3grafo en Bacares top\u00f3grafo en Balanegra top\u00f3grafo en Bay\u00e1rcal top\u00f3grafo en Bayarque top\u00f3grafo en B\u00e9dar top\u00f3grafo en Beires top\u00f3grafo en Benahadux top\u00f3grafo en Benitagla top\u00f3grafo en Benizal\u00f3n top\u00f3grafo en Bentarique top\u00f3grafo en Berja top\u00f3grafo en Canj\u00e1yar<br \/>top\u00f3grafo en Cantoria top\u00f3grafo en Carboneras top\u00f3grafo en Castro de Filabres top\u00f3grafo en Chercos<br \/>top\u00f3grafo en Chirivel top\u00f3grafo en C\u00f3bdar top\u00f3grafo en Cuevas del Almanzora top\u00f3grafo en Dal\u00edas top\u00f3grafo en El Ejido top\u00f3grafo en Enix top\u00f3grafo en Felix top\u00f3grafo en Fines top\u00f3grafo en Fi\u00f1ana top\u00f3grafo en Fond\u00f3n top\u00f3grafo en G\u00e1dor top\u00f3grafo en Los Gallardos top\u00f3grafo en Garrucha top\u00f3grafo en G\u00e9rgal<br \/>top\u00f3grafo en Hu\u00e9cija top\u00f3grafo en Hu\u00e9rcal de Almer\u00eda<br \/>top\u00f3grafo en Hu\u00e9rcal-Overa top\u00f3grafo en \u00cdllar top\u00f3grafo en Instinci\u00f3n top\u00f3grafo en Laroya<br \/>top\u00f3grafo en Laujar de Andarax top\u00f3grafo en L\u00edjar top\u00f3grafo en Lubr\u00edn top\u00f3grafo en Lucainena de las Torres top\u00f3grafo en L\u00facar top\u00f3grafo en Macael top\u00f3grafo en Mar\u00eda top\u00f3grafo en Moj\u00e1car top\u00f3grafo en La Mojonera top\u00f3grafo en Nacimiento top\u00f3grafo en N\u00edjar top\u00f3grafo en Ohanes top\u00f3grafo en Olula de Castro top\u00f3grafo en Olula del R\u00edo top\u00f3grafo en Oria top\u00f3grafo en Padules top\u00f3grafo en Partaloa top\u00f3grafo en Paterna del R\u00edo top\u00f3grafo en Pechina top\u00f3grafo en Pulp\u00ed top\u00f3grafo en Purchena top\u00f3grafo en R\u00e1gol<br \/>top\u00f3grafo en Rioja top\u00f3grafo en Roquetas de Mar top\u00f3grafo en Santa Cruz de Marchena top\u00f3grafo en Santa Fe de Mond\u00fajar top\u00f3grafo en Sen\u00e9s top\u00f3grafo en Ser\u00f3n top\u00f3grafo en Sierro top\u00f3grafo en Somont\u00edn top\u00f3grafo en Sorbas top\u00f3grafo en Sufl\u00ed top\u00f3grafo en Tabernas top\u00f3grafo en Taberno top\u00f3grafo en Tahal top\u00f3grafo en Terque top\u00f3grafo en T\u00edjola top\u00f3grafo en Las Tres Villas top\u00f3grafo en Turre top\u00f3grafo en Turrillas top\u00f3grafo en Uleila del Campo top\u00f3grafo en Urr\u00e1cal top\u00f3grafo en Velefique top\u00f3grafo en V\u00e9lez-Blanco top\u00f3grafo en V\u00e9lez-Rubio top\u00f3grafo en Vera top\u00f3grafo en Viator top\u00f3grafo en V\u00edcar top\u00f3grafo en Zurgena top\u00f3grafo en m\u00e1laga topograf\u00eda en m\u00e1laga<\/p>\t\t\t\t\t\t\t\t<\/div>\n\t\t\t\t<\/div>\n\t\t\t\t\t<\/div>\n\t\t<\/div>\n\t\t\t\t\t<\/div>\n\t\t<\/section>\n\t\t\t\t<section class=\"elementor-section elementor-inner-section elementor-element elementor-element-5af3232 elementor-section-boxed elementor-section-height-default elementor-section-height-default\" data-id=\"5af3232\" data-element_type=\"section\" data-e-type=\"section\">\n\t\t\t\t\t\t<div class=\"elementor-container elementor-column-gap-default\">\n\t\t\t\t\t<div class=\"elementor-column elementor-col-50 elementor-inner-column elementor-element elementor-element-6f3d888\" data-id=\"6f3d888\" data-element_type=\"column\" data-e-type=\"column\">\n\t\t\t<div class=\"elementor-widget-wrap elementor-element-populated\">\n\t\t\t\t\t\t<div class=\"elementor-element elementor-element-237deb2 elementor-widget elementor-widget-text-editor\" data-id=\"237deb2\" data-element_type=\"widget\" data-e-type=\"widget\" data-widget_type=\"text-editor.default\">\n\t\t\t\t<div class=\"elementor-widget-container\">\n\t\t\t\t\t\t\t\t\t<p>top\u00f3grafo en Alcal\u00e1 de los Gazules top\u00f3grafo en Alcal\u00e1 del Valle top\u00f3grafo en Algar top\u00f3grafo en Algeciras top\u00f3grafo en Algodonales top\u00f3grafo en Arcos de la Frontera top\u00f3grafo en Barbate top\u00f3grafo en Los Barrios top\u00f3grafo en Benalup-Casas Viejas top\u00f3grafo en Benaocaz top\u00f3grafo en Bornos top\u00f3grafo en El Bosque top\u00f3grafo en C\u00e1diz top\u00f3grafo en Castellar de la Frontera top\u00f3grafo en Chiclana de la Frontera top\u00f3grafo en Chipiona top\u00f3grafo en Conil de la Frontera top\u00f3grafo en Espera top\u00f3grafo en El Gastor top\u00f3grafo en Grazalema top\u00f3grafo en Jerez de la Frontera top\u00f3grafo en Jimena de la Frontera top\u00f3grafo en La L\u00ednea de la Concepci\u00f3n top\u00f3grafo en Medina Sidonia top\u00f3grafo en Olvera top\u00f3grafo en Paterna de Rivera top\u00f3grafo en Prado del Rey top\u00f3grafo en El Puerto de Santa Mar\u00eda top\u00f3grafo en Puerto Real<br \/>top\u00f3grafo en Puerto Serrano top\u00f3grafo en Rota top\u00f3grafo en San Fernando top\u00f3grafo en San Jos\u00e9 del Valle top\u00f3grafo en San Mart\u00edn del Tesorillo top\u00f3grafo en San Roque top\u00f3grafo en Sanl\u00facar de Barrameda top\u00f3grafo en Setenil de las Bodegas top\u00f3grafo en Tarifa<br \/>top\u00f3grafo en Torre Alh\u00e1quime top\u00f3grafo en Trebujena top\u00f3grafo en Ubrique top\u00f3grafo en Vejer de la Frontera top\u00f3grafo en Villaluenga del Rosario top\u00f3grafo en Villamart\u00edn top\u00f3grafo en Zahara de la Sierra top\u00f3grafo en m\u00e1laga topograf\u00eda en m\u00e1laga<\/p>\t\t\t\t\t\t\t\t<\/div>\n\t\t\t\t<\/div>\n\t\t\t\t\t<\/div>\n\t\t<\/div>\n\t\t\t\t<div class=\"elementor-column elementor-col-50 elementor-inner-column elementor-element elementor-element-eb09121\" data-id=\"eb09121\" data-element_type=\"column\" data-e-type=\"column\">\n\t\t\t<div class=\"elementor-widget-wrap elementor-element-populated\">\n\t\t\t\t\t\t<div class=\"elementor-element elementor-element-5f8f5b2 elementor-widget elementor-widget-text-editor\" data-id=\"5f8f5b2\" data-element_type=\"widget\" data-e-type=\"widget\" data-widget_type=\"text-editor.default\">\n\t\t\t\t<div class=\"elementor-widget-container\">\n\t\t\t\t\t\t\t\t\t<p>top\u00f3grafo en Albanchez de M\u00e1gina top\u00f3grafo en Alcal\u00e1 la Real top\u00f3grafo en Alcaudete top\u00f3grafo en Aldeaquemada top\u00f3grafo en And\u00fajar top\u00f3grafo en Arjona top\u00f3grafo en Arjonilla top\u00f3grafo en Arquillos top\u00f3grafo en Arroyo del Ojanco top\u00f3grafo en Baeza top\u00f3grafo en Bail\u00e9n top\u00f3grafo en Ba\u00f1os de la Encina top\u00f3grafo en Beas de Segura top\u00f3grafo en Bedmar y Garc\u00edez top\u00f3grafo en Beg\u00edjar top\u00f3grafo en B\u00e9lmez de la Moraleda top\u00f3grafo en Benatae top\u00f3grafo en Cabra del Santo Cristo top\u00f3grafo en Cambil top\u00f3grafo en Campillo de Arenas top\u00f3grafo en Canena top\u00f3grafo en Carboneros top\u00f3grafo en C\u00e1rcheles top\u00f3grafo en La Carolina top\u00f3grafo en Castellar top\u00f3grafo en Castillo de Locub\u00edn top\u00f3grafo en Cazalilla top\u00f3grafo en Cazorla top\u00f3grafo en Chiclana de Segura top\u00f3grafo en Chillu\u00e9var top\u00f3grafo en Esca\u00f1uela top\u00f3grafo en Espel\u00fay top\u00f3grafo en Frailes top\u00f3grafo en Fuensanta de Martos top\u00f3grafo en Fuerte del Rey top\u00f3grafo en G\u00e9nave top\u00f3grafo en La Guardia de Ja\u00e9n top\u00f3grafo en Guarrom\u00e1n top\u00f3grafo en Higuera de Calatrava top\u00f3grafo en Hinojares top\u00f3grafo en Hornos top\u00f3grafo en Huelma top\u00f3grafo en Huesa top\u00f3grafo en Ibros top\u00f3grafo en La Iruela top\u00f3grafo en Iznatoraf top\u00f3grafo en Jabalquinto top\u00f3grafo en Ja\u00e9n top\u00f3grafo en Jamilena top\u00f3grafo en Jimena top\u00f3grafo en J\u00f3dar<br \/>top\u00f3grafo en Lahiguera top\u00f3grafo en Larva top\u00f3grafo en Linares top\u00f3grafo en Lopera top\u00f3grafo en Lupi\u00f3n<br \/>top\u00f3grafo en Mancha Real top\u00f3grafo en Marmolejo<br \/>top\u00f3grafo en Martos top\u00f3grafo en Meng\u00edbar top\u00f3grafo en Montiz\u00f3n top\u00f3grafo en Navas de San Juan top\u00f3grafo en Noalejo top\u00f3grafo en Orcera top\u00f3grafo en Peal de Becerro top\u00f3grafo en Pegalajar top\u00f3grafo en Porcuna top\u00f3grafo en Pozo Alc\u00f3n top\u00f3grafo en Puente de G\u00e9nave top\u00f3grafo en La Puerta de Segura top\u00f3grafo en Quesada top\u00f3grafo en Rus top\u00f3grafo en Sabiote\u00a0 top\u00f3grafo en Santa Elena top\u00f3grafo en Santiago de Calatrava top\u00f3grafo en Santiago-Pontones top\u00f3grafo en Santisteban del Puerto top\u00f3grafo en Santo Tom\u00e9 top\u00f3grafo en Segura de la Sierra top\u00f3grafo en Siles top\u00f3grafo en Sorihuela del Guadalimar top\u00f3grafo en Torreblascopedro top\u00f3grafo en Torredelcampo top\u00f3grafo en Torredonjimeno top\u00f3grafo en Torreperogil top\u00f3grafo en Torres<br \/>top\u00f3grafo en Torres de Albanchez top\u00f3grafo en \u00dabeda top\u00f3grafo en Valdepe\u00f1as de Ja\u00e9n top\u00f3grafo en Vilches top\u00f3grafo en Villacarrillo top\u00f3grafo en Villanueva de la Reina top\u00f3grafo en Villanueva del Arzobispo top\u00f3grafo en Villardompardo top\u00f3grafo en Los Villares top\u00f3grafo en Villarrodrigo top\u00f3grafo en Villatorres<\/p>\t\t\t\t\t\t\t\t<\/div>\n\t\t\t\t<\/div>\n\t\t\t\t\t<\/div>\n\t\t<\/div>\n\t\t\t\t\t<\/div>\n\t\t<\/section>\n\t\t\t\t<section class=\"elementor-section elementor-inner-section elementor-element elementor-element-358d059 elementor-section-boxed elementor-section-height-default elementor-section-height-default\" data-id=\"358d059\" data-element_type=\"section\" data-e-type=\"section\">\n\t\t\t\t\t\t<div class=\"elementor-container elementor-column-gap-default\">\n\t\t\t\t\t<div class=\"elementor-column elementor-col-50 elementor-inner-column elementor-element elementor-element-e251834\" data-id=\"e251834\" data-element_type=\"column\" data-e-type=\"column\">\n\t\t\t<div class=\"elementor-widget-wrap elementor-element-populated\">\n\t\t\t\t\t\t<div class=\"elementor-element elementor-element-56b378e elementor-widget elementor-widget-text-editor\" data-id=\"56b378e\" data-element_type=\"widget\" data-e-type=\"widget\" data-widget_type=\"text-editor.default\">\n\t\t\t\t<div class=\"elementor-widget-container\">\n\t\t\t\t\t\t\t\t\t<p>top\u00f3grafo en Al\u00e1jar top\u00f3grafo en Aljaraque top\u00f3grafo en El Almendro top\u00f3grafo en Almonaster la Real top\u00f3grafo en Almonte top\u00f3grafo en Alosno<br \/>top\u00f3grafo en Aracena top\u00f3grafo en Aroche top\u00f3grafo en Arroyomolinos de Le\u00f3n top\u00f3grafo en Ayamonte<br \/>top\u00f3grafo en Beas top\u00f3grafo en Berrocal top\u00f3grafo en Bollullos Par del Condado top\u00f3grafo en Bonares top\u00f3grafo en Cabezas Rubias top\u00f3grafo en Cala<br \/>top\u00f3grafo en Cala\u00f1as top\u00f3grafo en El Campillo top\u00f3grafo en Campofr\u00edo top\u00f3grafo en Ca\u00f1averal de Le\u00f3n top\u00f3grafo en Cartaya top\u00f3grafo en Casta\u00f1o del Robledo top\u00f3grafo en El Cerro de And\u00e9valo top\u00f3grafo en Chucena top\u00f3grafo en Corteconcepci\u00f3n top\u00f3grafo en Cortegana top\u00f3grafo en Cortelazor top\u00f3grafo en Cumbres de Enmedio top\u00f3grafo en Cumbres de San Bartolom\u00e9 top\u00f3grafo en Cumbres Mayores<br \/>top\u00f3grafo en Encinasola top\u00f3grafo en Escacena del Campo top\u00f3grafo en Fuenteheridos top\u00f3grafo en Galaroza top\u00f3grafo en Gibrale\u00f3n top\u00f3grafo en La Granada de R\u00edo-Tinto top\u00f3grafo en El Granado top\u00f3grafo en Higuera de la Sierra top\u00f3grafo en Hinojales top\u00f3grafo en Hinojos top\u00f3grafo en Huelva<br \/>top\u00f3grafo en Isla Cristina top\u00f3grafo en Jabugo top\u00f3grafo en Lepe top\u00f3grafo en Linares de la Sierra top\u00f3grafo en Lucena del Puerto top\u00f3grafo en Manzanilla top\u00f3grafo en Los Marines top\u00f3grafo en Minas de Riotinto top\u00f3grafo en Moguer top\u00f3grafo en La Nava top\u00f3grafo en Nerva<br \/>top\u00f3grafo en Niebla top\u00f3grafo en La Palma del Condado top\u00f3grafo en Palos de la Frontera top\u00f3grafo en Paterna del Campo top\u00f3grafo en Paymogo top\u00f3grafo en La Puebla de Guzm\u00e1n top\u00f3grafo en Puerto Moral top\u00f3grafo en Punta Umbr\u00eda top\u00f3grafo en Rociana del Condado top\u00f3grafo en Rosal de la Frontera top\u00f3grafo en San Bartolom\u00e9 de la Torre top\u00f3grafo en San Juan del Puerto top\u00f3grafo en San Silvestre de Guzm\u00e1n top\u00f3grafo en Sanl\u00facar de Guadiana top\u00f3grafo en Santa Ana la Real top\u00f3grafo en Santa B\u00e1rbara de Casa top\u00f3grafo en Santa Olalla del Cala top\u00f3grafo en Trigueros top\u00f3grafo en Valdelarco top\u00f3grafo en Valverde del Camino top\u00f3grafo en Villablanca top\u00f3grafo en Villalba del Alcor top\u00f3grafo en Villanueva de las Cruces top\u00f3grafo en Villanueva de los Castillejos top\u00f3grafo en Villarrasa top\u00f3grafo en Zalamea la Real top\u00f3grafo en La Zarza-Perrunal<br \/>top\u00f3grafo en Zufre<\/p>\t\t\t\t\t\t\t\t<\/div>\n\t\t\t\t<\/div>\n\t\t\t\t\t<\/div>\n\t\t<\/div>\n\t\t\t\t<div class=\"elementor-column elementor-col-50 elementor-inner-column elementor-element elementor-element-1e5cfdc\" data-id=\"1e5cfdc\" data-element_type=\"column\" data-e-type=\"column\">\n\t\t\t<div class=\"elementor-widget-wrap elementor-element-populated\">\n\t\t\t\t\t\t<div class=\"elementor-element elementor-element-541a18d elementor-widget elementor-widget-text-editor\" data-id=\"541a18d\" data-element_type=\"widget\" data-e-type=\"widget\" data-widget_type=\"text-editor.default\">\n\t\t\t\t<div class=\"elementor-widget-container\">\n\t\t\t\t\t\t\t\t\t<p>topograf\u00eda en Alameda topograf\u00eda en Alcauc\u00edn topograf\u00eda en Alfarnate topograf\u00eda en Alfarnatejo topograf\u00eda en Algarrobo topograf\u00eda en Algatoc\u00edn topograf\u00eda en Alhaur\u00edn de la Torre topograf\u00eda en Alhaur\u00edn el Grande topograf\u00eda en Alm\u00e1char topograf\u00eda en Almargen\u00a0 topograf\u00eda en Almog\u00eda topograf\u00eda en \u00c1lora topograf\u00eda en Alozaina topograf\u00eda en Alpandeire topograf\u00eda en Antequera topograf\u00eda en \u00c1rchez topograf\u00eda en Archidona topograf\u00eda en Ardales topograf\u00eda en Arenas topograf\u00eda en Arriate topograf\u00eda en Atajate topograf\u00eda en Benadalid topograf\u00eda en Benahav\u00eds topograf\u00eda en Benalaur\u00eda topograf\u00eda en Benalm\u00e1dena topograf\u00eda en Benamargosa topograf\u00eda en Benamocarra topograf\u00eda en Benaoj\u00e1n topograf\u00eda en Benarrab\u00e1 topograf\u00eda en El Borge topograf\u00eda en El Burgo topograf\u00eda en Campillos topograf\u00eda en Canillas de Aceituno topograf\u00eda en Canillas de Albaida topograf\u00eda en Ca\u00f1ete la Real topograf\u00eda en Carratraca topograf\u00eda en Cartajima topograf\u00eda en C\u00e1rtama topograf\u00eda en Casabermeja topograf\u00eda en Casarabonela topograf\u00eda en Casares topograf\u00eda en Co\u00edn topograf\u00eda en Colmenar topograf\u00eda en Comares topograf\u00eda en C\u00f3mpeta topograf\u00eda en Cortes de la Frontera topograf\u00eda en Cuevas Bajas topograf\u00eda en Cuevas de San Marcos topograf\u00eda en Cuevas del Becerro topograf\u00eda en C\u00fatar topograf\u00eda en Estepona topograf\u00eda en Faraj\u00e1n topograf\u00eda en Frigiliana topograf\u00eda en Fuengirola topograf\u00eda en Fuente de Piedra topograf\u00eda en Gauc\u00edn topograf\u00eda en Genalguacil topograf\u00eda en Guaro topograf\u00eda en Humilladero topograf\u00eda en Igualeja topograf\u00eda en Ist\u00e1n topograf\u00eda en Iznate topograf\u00eda en Jimera de L\u00edbar topograf\u00eda en Jubrique topograf\u00eda en J\u00fazcar topograf\u00eda en Macharaviaya topograf\u00eda en Malaga topograf\u00eda en Manilva topograf\u00eda en Marbella<br \/>topograf\u00eda en Mijas topograf\u00eda en Moclinejo topograf\u00eda en Mollina topograf\u00eda en Monda topograf\u00eda en Montejaque topograf\u00eda en Nerja topograf\u00eda en Oj\u00e9n topograf\u00eda en Parauta topograf\u00eda en Periana<br \/>topograf\u00eda en Pizarra topograf\u00eda en Pujerra<br \/>topograf\u00eda en Rinc\u00f3n de la Victoria topograf\u00eda en Riogordo topograf\u00eda en Ronda topograf\u00eda en Salares topograf\u00eda en Sayalonga topograf\u00eda en Sedella topograf\u00eda en Sierra de Yeguas topograf\u00eda en Teba topograf\u00eda en Tolox topograf\u00eda en Torremolinos topograf\u00eda en Torrox topograf\u00eda en Total\u00e1n topograf\u00eda en Valle de Abdalaj\u00eds topograf\u00eda en V\u00e9lez-M\u00e1laga topograf\u00eda en Villanueva de Algaidas topograf\u00eda en Villanueva de Tapia topograf\u00eda en Villanueva del Rosario topograf\u00eda en Villanueva del Trabuco topograf\u00eda en Vi\u00f1uela topograf\u00eda en Yunquera<\/p>\t\t\t\t\t\t\t\t<\/div>\n\t\t\t\t<\/div>\n\t\t\t\t\t<\/div>\n\t\t<\/div>\n\t\t\t\t\t<\/div>\n\t\t<\/section>\n\t\t\t\t<section class=\"elementor-section elementor-inner-section elementor-element elementor-element-f875dd5 elementor-section-boxed elementor-section-height-default elementor-section-height-default\" data-id=\"f875dd5\" data-element_type=\"section\" data-e-type=\"section\">\n\t\t\t\t\t\t<div class=\"elementor-container elementor-column-gap-default\">\n\t\t\t\t\t<div class=\"elementor-column elementor-col-50 elementor-inner-column elementor-element elementor-element-6af19da\" data-id=\"6af19da\" data-element_type=\"column\" data-e-type=\"column\">\n\t\t\t<div class=\"elementor-widget-wrap elementor-element-populated\">\n\t\t\t\t\t\t<div class=\"elementor-element elementor-element-00ae955 elementor-widget elementor-widget-text-editor\" data-id=\"00ae955\" data-element_type=\"widget\" data-e-type=\"widget\" data-widget_type=\"text-editor.default\">\n\t\t\t\t<div class=\"elementor-widget-container\">\n\t\t\t\t\t\t\t\t\t<p>top\u00f3grafo en Cabra top\u00f3grafo en Ca\u00f1ete de las Torres top\u00f3grafo en Carcabuey top\u00f3grafo en Carde\u00f1a top\u00f3grafo en La Carlota<br \/>top\u00f3grafo en El Carpio top\u00f3grafo en Castro del R\u00edo top\u00f3grafo en Conquista top\u00f3grafo en Cordoba top\u00f3grafo en Do\u00f1a Menc\u00eda top\u00f3grafo en DosTorres top\u00f3grafo en Encinas Reales top\u00f3grafo en Espejo top\u00f3grafo en Espiel top\u00f3grafo en Fern\u00e1n N\u00fa\u00f1ez top\u00f3grafo en Fuente la Lancha top\u00f3grafo en Fuente Obejuna top\u00f3grafo en Fuente Palmera top\u00f3grafo en Fuente-T\u00f3jar top\u00f3grafo en La Granjuela top\u00f3grafo en Guadalc\u00e1zar top\u00f3grafo en El Guijo top\u00f3grafo en Hinojosa del Duque top\u00f3grafo en Hornachuelos top\u00f3grafo en Izn\u00e1jar top\u00f3grafo en Lucena top\u00f3grafo en Luque top\u00f3grafo en Montalb\u00e1n de C\u00f3rdoba top\u00f3grafo en Montemayor top\u00f3grafo en Montilla top\u00f3grafo en Montoro top\u00f3grafo en Monturque top\u00f3grafo en Moriles<br \/>top\u00f3grafo en Nueva Carteya top\u00f3grafo en Obejo top\u00f3grafo en Palenciana top\u00f3grafo en Palma del R\u00edo top\u00f3grafo en Pedro Abad top\u00f3grafo en Pedroche top\u00f3grafo en Pe\u00f1arroya-Pueblonuevo top\u00f3grafo en Posadas top\u00f3grafo en Pozoblanco top\u00f3grafo en Priego de C\u00f3rdoba top\u00f3grafo en Puente Genil top\u00f3grafo en La Rambla top\u00f3grafo en Rute top\u00f3grafo en San Sebasti\u00e1n de los Ballesteros top\u00f3grafo en Santa Eufemia top\u00f3grafo en Santaella top\u00f3grafo en Torrecampo top\u00f3grafo en Valenzuela top\u00f3grafo en Valsequillo top\u00f3grafo en La Victoria top\u00f3grafo en Villa del R\u00edo top\u00f3grafo en Villafranca de C\u00f3rdoba top\u00f3grafo en Villaharta<br \/>top\u00f3grafo en Villanueva de C\u00f3rdoba top\u00f3grafo en Villanueva del Duque top\u00f3grafo en Villanueva del Rey top\u00f3grafo en Villaralto top\u00f3grafo en Villaviciosa de C\u00f3rdoba top\u00f3grafo en El Viso top\u00f3grafo en Zuheros<\/p><p>top\u00f3grafo en m\u00e1laga topograf\u00eda en m\u00e1laga<\/p>\t\t\t\t\t\t\t\t<\/div>\n\t\t\t\t<\/div>\n\t\t\t\t\t<\/div>\n\t\t<\/div>\n\t\t\t\t<div class=\"elementor-column elementor-col-50 elementor-inner-column elementor-element elementor-element-c4f674b\" data-id=\"c4f674b\" data-element_type=\"column\" data-e-type=\"column\">\n\t\t\t<div class=\"elementor-widget-wrap elementor-element-populated\">\n\t\t\t\t\t\t<div class=\"elementor-element elementor-element-6eb2411 elementor-widget elementor-widget-text-editor\" data-id=\"6eb2411\" data-element_type=\"widget\" data-e-type=\"widget\" data-widget_type=\"text-editor.default\">\n\t\t\t\t<div class=\"elementor-widget-container\">\n\t\t\t\t\t\t\t\t\t<p>top\u00f3grafo en Agr\u00f3n top\u00f3grafo en Alamedilla top\u00f3grafo en Albolote top\u00f3grafo en Albond\u00f3n top\u00f3grafo en Albu\u00f1\u00e1n top\u00f3grafo en Albu\u00f1ol top\u00f3grafo en Albu\u00f1uelas top\u00f3grafo en Aldeire top\u00f3grafo en Alfacar top\u00f3grafo en Algarinejo top\u00f3grafo en Alhama de Granada top\u00f3grafo en Alhend\u00edn top\u00f3grafo en Alic\u00fan de Ortega top\u00f3grafo en Almeg\u00edjar top\u00f3grafo en Almu\u00f1\u00e9car top\u00f3grafo en Alpujarra de la Sierra top\u00f3grafo en Alquife<br \/>top\u00f3grafo en Arenas del Rey top\u00f3grafo en Armilla top\u00f3grafo en Atarfe top\u00f3grafo en Baza top\u00f3grafo en Beas de Granada top\u00f3grafo en Beas de Guadix top\u00f3grafo en Benal\u00faa<br \/>top\u00f3grafo en Benal\u00faa de las Villas top\u00f3grafo en Benamaurel top\u00f3grafo en B\u00e9rchules top\u00f3grafo en Bubi\u00f3n top\u00f3grafo en Busqu\u00edstar top\u00f3grafo en Cac\u00edn top\u00f3grafo en C\u00e1diar top\u00f3grafo en C\u00e1jar top\u00f3grafo en La Calahorra top\u00f3grafo en Calicasas top\u00f3grafo en Campot\u00e9jar top\u00f3grafo en Caniles top\u00f3grafo en C\u00e1\u00f1ar top\u00f3grafo en Capileira top\u00f3grafo en Carataunas top\u00f3grafo en C\u00e1staras top\u00f3grafo en Castill\u00e9jar top\u00f3grafo en Castril top\u00f3grafo en Cenes de la Vega top\u00f3grafo en Chauchina top\u00f3grafo en Chimeneas top\u00f3grafo en Churriana de la Vega top\u00f3grafo en Cijuela top\u00f3grafo en Cogollos de Guadix top\u00f3grafo en Cogollos Vega top\u00f3grafo en Colomera top\u00f3grafo en Cortes de Baza top\u00f3grafo en Cortes y Graena top\u00f3grafo en Cuevas del Campo top\u00f3grafo en C\u00fallar top\u00f3grafo en C\u00fallar Vega top\u00f3grafo en Darro top\u00f3grafo en Dehesas de Guadix top\u00f3grafo en Dehesas Viejas top\u00f3grafo en Deifontes top\u00f3grafo en Diezma top\u00f3grafo en D\u00edlar top\u00f3grafo en D\u00f3lar top\u00f3grafo en Domingo P\u00e9rez de Granada top\u00f3grafo en D\u00fadar top\u00f3grafo en D\u00farcal top\u00f3grafo en Esc\u00fazar top\u00f3grafo en Ferreira top\u00f3grafo en Fonelas top\u00f3grafo en Fornes top\u00f3grafo en Freila top\u00f3grafo en Fuente Vaqueros top\u00f3grafo en Las Gabias top\u00f3grafo en Galera top\u00f3grafo en Gobernador top\u00f3grafo en G\u00f3jar top\u00f3grafo en Gor top\u00f3grafo en Gorafe top\u00f3grafo en Granada top\u00f3grafo en Guadahortuna top\u00f3grafo en Guadix top\u00f3grafo en Los Gu\u00e1jares top\u00f3grafo en Gualchos top\u00f3grafo en G\u00fc\u00e9jar Sierra top\u00f3grafo en G\u00fcev\u00e9jar top\u00f3grafo en Hu\u00e9lago top\u00f3grafo en Hu\u00e9neja top\u00f3grafo en Hu\u00e9scar top\u00f3grafo en Hu\u00e9tor Santill\u00e1n top\u00f3grafo en Hu\u00e9tor T\u00e1jar top\u00f3grafo en Hu\u00e9tor Vega top\u00f3grafo en \u00cdllora top\u00f3grafo en \u00cdtrabo top\u00f3grafo en Iznalloz top\u00f3grafo en J\u00e1tar top\u00f3grafo en Jayena top\u00f3grafo en J\u00e9rez del Marquesado top\u00f3grafo en Jete top\u00f3grafo en Jun top\u00f3grafo en Juviles top\u00f3grafo en L\u00e1char top\u00f3grafo en Lanjar\u00f3n top\u00f3grafo en Lanteira top\u00f3grafo en Lecr\u00edn top\u00f3grafo en Lenteg\u00ed top\u00f3grafo en Lobras top\u00f3grafo en Loja top\u00f3grafo en Lugros top\u00f3grafo en L\u00fajar top\u00f3grafo en La Malah\u00e1 top\u00f3grafo en Maracena top\u00f3grafo en Marchal top\u00f3grafo en Mocl\u00edn top\u00f3grafo en Molv\u00edzar top\u00f3grafo en Monachil top\u00f3grafo en Montefr\u00edo top\u00f3grafo en Montej\u00edcar top\u00f3grafo en Montillana top\u00f3grafo en Moraleda de Zafayona top\u00f3grafo en Morel\u00e1bor top\u00f3grafo en Motril top\u00f3grafo en Murtas top\u00f3grafo en Nevada top\u00f3grafo en Nig\u00fcelas top\u00f3grafo en N\u00edvar top\u00f3grafo en Og\u00edjares top\u00f3grafo en Orce top\u00f3grafo en \u00d3rgiva top\u00f3grafo en Ot\u00edvar top\u00f3grafo en El Padul top\u00f3grafo en Pampaneira top\u00f3grafo en Pedro Mart\u00ednez top\u00f3grafo en Peligros top\u00f3grafo en La Peza top\u00f3grafo en El Pinar top\u00f3grafo en Pinos Genil top\u00f3grafo en Pinos Puente top\u00f3grafo en P\u00ed\u00f1ar top\u00f3grafo en Pol\u00edcar top\u00f3grafo en Polopos top\u00f3grafo en P\u00f3rtugos top\u00f3grafo en Puebla de Don Fadrique top\u00f3grafo en Pulianas top\u00f3grafo en Purullena top\u00f3grafo en Qu\u00e9ntar top\u00f3grafo en Rubite top\u00f3grafo en Salar top\u00f3grafo en Salobre\u00f1a top\u00f3grafo en Santa Cruz del Comercio top\u00f3grafo en Santa Fe top\u00f3grafo en Soport\u00fajar top\u00f3grafo en Sorvil\u00e1n top\u00f3grafo en La Taha top\u00f3grafo en Torre-Cardela top\u00f3grafo en Torrenueva Costa top\u00f3grafo en Torvizc\u00f3n top\u00f3grafo en Trev\u00e9lez<br \/>top\u00f3grafo en Tur\u00f3n top\u00f3grafo en Ug\u00edjar top\u00f3grafo en Valderrubio<br \/>top\u00f3grafo en El Valle top\u00f3grafo en Valle del Zalab\u00ed top\u00f3grafo en V\u00e1lor top\u00f3grafo en Vegas del Genil top\u00f3grafo en V\u00e9lez de Benaudalla top\u00f3grafo en Ventas de Huelma top\u00f3grafo en Villa de Otura top\u00f3grafo en Villamena top\u00f3grafo en Villanueva de las Torres top\u00f3grafo en Villanueva Mes\u00eda top\u00f3grafo en V\u00edznar top\u00f3grafo en Zafarraya top\u00f3grafo en Zagra top\u00f3grafo en La Zubia top\u00f3grafo en Z\u00fajar top\u00f3grafo en m\u00e1laga topograf\u00eda en m\u00e1laga<\/p>\t\t\t\t\t\t\t\t<\/div>\n\t\t\t\t<\/div>\n\t\t\t\t\t<\/div>\n\t\t<\/div>\n\t\t\t\t\t<\/div>\n\t\t<\/section>\n\t\t\t\t\t<\/div>\n\t\t<\/div>\n\t\t\t\t\t<\/div>\n\t\t<\/section>\n\t\t\t\t<\/div>\n\t\t","protected":false},"excerpt":{"rendered":"<p>top\u00f3grafo en m\u00e1laga Facebook Linkedin Instagram Twitter Youtube Android GABINETE TOPOGR\u00c1FICO Como top\u00f3grafos en M\u00e1laga estamos especializados en regularizaciones catastrales, topograf\u00eda pericial, valoraciones y tasaciones, as\u00ed como topograf\u00eda civil. Siempre utilizando la m\u00e1s alta tecnolog\u00eda en cuanto a Estaciones Totales, sistemas GPS y drones. soluciones Profesionales Personalizadas Contacto\u00bfBusca un top\u00f3grafo en V\u00e9lez-M\u00e1laga para solucionar problemas? [&hellip;]<\/p>\n","protected":false},"author":1,"featured_media":0,"parent":0,"menu_order":0,"comment_status":"closed","ping_status":"closed","template":"","meta":{"_uag_custom_page_level_css":"","_monsterinsights_skip_tracking":false,"_monsterinsights_sitenote_active":false,"_monsterinsights_sitenote_note":"","_monsterinsights_sitenote_category":0,"site-sidebar-layout":"no-sidebar","site-content-layout":"page-builder","ast-site-content-layout":"default","site-content-style":"default","site-sidebar-style":"default","ast-global-header-display":"","ast-banner-title-visibility":"","ast-main-header-display":"","ast-hfb-above-header-display":"","ast-hfb-below-header-display":"","ast-hfb-mobile-header-display":"","site-post-title":"","ast-breadcrumbs-content":"","ast-featured-img":"","footer-sml-layout":"","ast-disable-related-posts":"","theme-transparent-header-meta":"default","adv-header-id-meta":"","stick-header-meta":"default","header-above-stick-meta":"","header-main-stick-meta":"","header-below-stick-meta":"","astra-migrate-meta-layouts":"default","ast-page-background-enabled":"default","ast-page-background-meta":{"desktop":{"background-color":"","background-image":"","background-repeat":"repeat","background-position":"center center","background-size":"auto","background-attachment":"scroll","background-type":"","background-media":"","overlay-type":"","overlay-color":"","overlay-opacity":"","overlay-gradient":""},"tablet":{"background-color":"","background-image":"","background-repeat":"repeat","background-position":"center center","background-size":"auto","background-attachment":"scroll","background-type":"","background-media":"","overlay-type":"","overlay-color":"","overlay-opacity":"","overlay-gradient":""},"mobile":{"background-color":"","background-image":"","background-repeat":"repeat","background-position":"center center","background-size":"auto","background-attachment":"scroll","background-type":"","background-media":"","overlay-type":"","overlay-color":"","overlay-opacity":"","overlay-gradient":""}},"ast-content-background-meta":{"desktop":{"background-color":"var(--ast-global-color-5)","background-image":"","background-repeat":"repeat","background-position":"center center","background-size":"auto","background-attachment":"scroll","background-type":"","background-media":"","overlay-type":"","overlay-color":"","overlay-opacity":"","overlay-gradient":""},"tablet":{"background-color":"var(--ast-global-color-5)","background-image":"","background-repeat":"repeat","background-position":"center center","background-size":"auto","background-attachment":"scroll","background-type":"","background-media":"","overlay-type":"","overlay-color":"","overlay-opacity":"","overlay-gradient":""},"mobile":{"background-color":"var(--ast-global-color-5)","background-image":"","background-repeat":"repeat","background-position":"center center","background-size":"auto","background-attachment":"scroll","background-type":"","background-media":"","overlay-type":"","overlay-color":"","overlay-opacity":"","overlay-gradient":""}},"footnotes":""},"class_list":["post-908","page","type-page","status-publish","hentry"],"yoast_head":"<!-- This site is optimized with the Yoast SEO Premium plugin v24.1 (Yoast SEO v27.4) - https:\/\/yoast.com\/product\/yoast-seo-premium-wordpress\/ -->\n<title>Top\u00f3grafo M\u00e1laga. Servicios de topograf\u00eda M\u00e1laga.<\/title>\n<meta name=\"description\" content=\"Top\u00f3grafo en M\u00e1laga.Topograf\u00eda M\u00e1laga.Medici\u00f3n de fincas M\u00e1laga,levantamiento topogr\u00e1ficos M\u00e1laga, georreferenciacion en M\u00e1laga.\" \/>\n<meta name=\"robots\" content=\"index, follow, max-snippet:-1, max-image-preview:large, max-video-preview:-1\" \/>\n<link rel=\"canonical\" href=\"http:\/\/veleztopografia.com\/\" \/>\n<meta property=\"og:locale\" content=\"es_ES\" \/>\n<meta property=\"og:type\" content=\"article\" \/>\n<meta property=\"og:title\" content=\"Inicio\" \/>\n<meta property=\"og:description\" content=\"Top\u00f3grafo en M\u00e1laga.Topograf\u00eda M\u00e1laga.Medici\u00f3n de fincas M\u00e1laga,levantamiento topogr\u00e1ficos M\u00e1laga, georreferenciacion en M\u00e1laga.\" \/>\n<meta property=\"og:url\" content=\"http:\/\/veleztopografia.com\/\" \/>\n<meta property=\"og:site_name\" content=\"V\u00e9lez Topograf\u00eda\" \/>\n<meta property=\"article:publisher\" content=\"https:\/\/www.facebook.com\/veleztopografia\" \/>\n<meta property=\"article:modified_time\" content=\"2023-08-10T07:18:38+00:00\" \/>\n<meta property=\"og:image\" content=\"http:\/\/veleztopografia.com\/wp-content\/uploads\/2019\/12\/20180607_082448-scaled.jpg\" \/>\n<meta name=\"twitter:card\" content=\"summary_large_image\" \/>\n<meta name=\"twitter:site\" content=\"@alvaro_manen\" \/>\n<meta name=\"twitter:label1\" content=\"Tiempo de lectura\" \/>\n\t<meta name=\"twitter:data1\" content=\"17 minutos\" \/>\n<script type=\"application\/ld+json\" class=\"yoast-schema-graph\">{\"@context\":\"https:\\\/\\\/schema.org\",\"@graph\":[{\"@type\":\"WebPage\",\"@id\":\"http:\\\/\\\/veleztopografia.com\\\/\",\"url\":\"http:\\\/\\\/veleztopografia.com\\\/\",\"name\":\"Top\u00f3grafo M\u00e1laga. Servicios de topograf\u00eda M\u00e1laga.\",\"isPartOf\":{\"@id\":\"http:\\\/\\\/veleztopografia.com\\\/#website\"},\"primaryImageOfPage\":{\"@id\":\"http:\\\/\\\/veleztopografia.com\\\/#primaryimage\"},\"image\":{\"@id\":\"http:\\\/\\\/veleztopografia.com\\\/#primaryimage\"},\"thumbnailUrl\":\"http:\\\/\\\/veleztopografia.com\\\/wp-content\\\/uploads\\\/2019\\\/12\\\/20180607_082448-scaled.jpg\",\"datePublished\":\"2017-07-11T08:54:31+00:00\",\"dateModified\":\"2023-08-10T07:18:38+00:00\",\"description\":\"Top\u00f3grafo en M\u00e1laga.Topograf\u00eda M\u00e1laga.Medici\u00f3n de fincas M\u00e1laga,levantamiento topogr\u00e1ficos M\u00e1laga, georreferenciacion en M\u00e1laga.\",\"breadcrumb\":{\"@id\":\"http:\\\/\\\/veleztopografia.com\\\/#breadcrumb\"},\"inLanguage\":\"es\",\"potentialAction\":[{\"@type\":\"ReadAction\",\"target\":[\"http:\\\/\\\/veleztopografia.com\\\/\"]}]},{\"@type\":\"ImageObject\",\"inLanguage\":\"es\",\"@id\":\"http:\\\/\\\/veleztopografia.com\\\/#primaryimage\",\"url\":\"https:\\\/\\\/veleztopografia.com\\\/wp-content\\\/uploads\\\/2019\\\/12\\\/20180607_082448-scaled.jpg\",\"contentUrl\":\"https:\\\/\\\/veleztopografia.com\\\/wp-content\\\/uploads\\\/2019\\\/12\\\/20180607_082448-scaled.jpg\",\"width\":2560,\"height\":1920,\"caption\":\"topografo en malaga\"},{\"@type\":\"BreadcrumbList\",\"@id\":\"http:\\\/\\\/veleztopografia.com\\\/#breadcrumb\",\"itemListElement\":[{\"@type\":\"ListItem\",\"position\":1,\"name\":\"Portada\",\"item\":\"http:\\\/\\\/veleztopografia.com\\\/\"},{\"@type\":\"ListItem\",\"position\":2,\"name\":\"Inicio\"}]},{\"@type\":\"WebSite\",\"@id\":\"http:\\\/\\\/veleztopografia.com\\\/#website\",\"url\":\"http:\\\/\\\/veleztopografia.com\\\/\",\"name\":\"V\u00e9lez Topograf\u00eda\",\"description\":\"Top\u00f3grafo de V\u00e9lez-M\u00e1laga. Servicios de topografia en la Axarqu\u00eda y M\u00e1laga.Medici\u00f3n de fincas,catastro,validacion gr\u00e1fica,etc..\",\"publisher\":{\"@id\":\"http:\\\/\\\/veleztopografia.com\\\/#organization\"},\"potentialAction\":[{\"@type\":\"SearchAction\",\"target\":{\"@type\":\"EntryPoint\",\"urlTemplate\":\"http:\\\/\\\/veleztopografia.com\\\/?s={search_term_string}\"},\"query-input\":{\"@type\":\"PropertyValueSpecification\",\"valueRequired\":true,\"valueName\":\"search_term_string\"}}],\"inLanguage\":\"es\"},{\"@type\":\"Organization\",\"@id\":\"http:\\\/\\\/veleztopografia.com\\\/#organization\",\"name\":\"V\u00e9lez Topograf\u00eda\",\"url\":\"http:\\\/\\\/veleztopografia.com\\\/\",\"logo\":{\"@type\":\"ImageObject\",\"inLanguage\":\"es\",\"@id\":\"http:\\\/\\\/veleztopografia.com\\\/#\\\/schema\\\/logo\\\/image\\\/\",\"url\":\"https:\\\/\\\/i0.wp.com\\\/veleztopografia.com\\\/wp-content\\\/uploads\\\/2019\\\/12\\\/LOGO-VELEZTOPOGRAFIA200-1.jpg?fit=400%2C200&ssl=1\",\"contentUrl\":\"https:\\\/\\\/i0.wp.com\\\/veleztopografia.com\\\/wp-content\\\/uploads\\\/2019\\\/12\\\/LOGO-VELEZTOPOGRAFIA200-1.jpg?fit=400%2C200&ssl=1\",\"width\":400,\"height\":200,\"caption\":\"V\u00e9lez Topograf\u00eda\"},\"image\":{\"@id\":\"http:\\\/\\\/veleztopografia.com\\\/#\\\/schema\\\/logo\\\/image\\\/\"},\"sameAs\":[\"https:\\\/\\\/www.facebook.com\\\/veleztopografia\",\"https:\\\/\\\/x.com\\\/alvaro_manen\",\"https:\\\/\\\/www.instagram.com\\\/alvaromanen\\\/\",\"https:\\\/\\\/www.linkedin.com\\\/in\\\/alvaro-manen-0a7b9a4b\\\/\",\"https:\\\/\\\/www.youtube.com\\\/channel\\\/UCBbmXfa52pAGpmufiMrR3qg\\\/videos\"]}]}<\/script>\n<!-- \/ Yoast SEO Premium plugin. -->","yoast_head_json":{"title":"Top\u00f3grafo M\u00e1laga. Servicios de topograf\u00eda M\u00e1laga.","description":"Top\u00f3grafo en M\u00e1laga.Topograf\u00eda M\u00e1laga.Medici\u00f3n de fincas M\u00e1laga,levantamiento topogr\u00e1ficos M\u00e1laga, georreferenciacion en M\u00e1laga.","robots":{"index":"index","follow":"follow","max-snippet":"max-snippet:-1","max-image-preview":"max-image-preview:large","max-video-preview":"max-video-preview:-1"},"canonical":"http:\/\/veleztopografia.com\/","og_locale":"es_ES","og_type":"article","og_title":"Inicio","og_description":"Top\u00f3grafo en M\u00e1laga.Topograf\u00eda M\u00e1laga.Medici\u00f3n de fincas M\u00e1laga,levantamiento topogr\u00e1ficos M\u00e1laga, georreferenciacion en M\u00e1laga.","og_url":"http:\/\/veleztopografia.com\/","og_site_name":"V\u00e9lez Topograf\u00eda","article_publisher":"https:\/\/www.facebook.com\/veleztopografia","article_modified_time":"2023-08-10T07:18:38+00:00","og_image":[{"url":"http:\/\/veleztopografia.com\/wp-content\/uploads\/2019\/12\/20180607_082448-scaled.jpg","type":"","width":"","height":""}],"twitter_card":"summary_large_image","twitter_site":"@alvaro_manen","twitter_misc":{"Tiempo de lectura":"17 minutos"},"schema":{"@context":"https:\/\/schema.org","@graph":[{"@type":"WebPage","@id":"http:\/\/veleztopografia.com\/","url":"http:\/\/veleztopografia.com\/","name":"Top\u00f3grafo M\u00e1laga. Servicios de topograf\u00eda M\u00e1laga.","isPartOf":{"@id":"http:\/\/veleztopografia.com\/#website"},"primaryImageOfPage":{"@id":"http:\/\/veleztopografia.com\/#primaryimage"},"image":{"@id":"http:\/\/veleztopografia.com\/#primaryimage"},"thumbnailUrl":"http:\/\/veleztopografia.com\/wp-content\/uploads\/2019\/12\/20180607_082448-scaled.jpg","datePublished":"2017-07-11T08:54:31+00:00","dateModified":"2023-08-10T07:18:38+00:00","description":"Top\u00f3grafo en M\u00e1laga.Topograf\u00eda M\u00e1laga.Medici\u00f3n de fincas M\u00e1laga,levantamiento topogr\u00e1ficos M\u00e1laga, georreferenciacion en M\u00e1laga.","breadcrumb":{"@id":"http:\/\/veleztopografia.com\/#breadcrumb"},"inLanguage":"es","potentialAction":[{"@type":"ReadAction","target":["http:\/\/veleztopografia.com\/"]}]},{"@type":"ImageObject","inLanguage":"es","@id":"http:\/\/veleztopografia.com\/#primaryimage","url":"https:\/\/veleztopografia.com\/wp-content\/uploads\/2019\/12\/20180607_082448-scaled.jpg","contentUrl":"https:\/\/veleztopografia.com\/wp-content\/uploads\/2019\/12\/20180607_082448-scaled.jpg","width":2560,"height":1920,"caption":"topografo en malaga"},{"@type":"BreadcrumbList","@id":"http:\/\/veleztopografia.com\/#breadcrumb","itemListElement":[{"@type":"ListItem","position":1,"name":"Portada","item":"http:\/\/veleztopografia.com\/"},{"@type":"ListItem","position":2,"name":"Inicio"}]},{"@type":"WebSite","@id":"http:\/\/veleztopografia.com\/#website","url":"http:\/\/veleztopografia.com\/","name":"V\u00e9lez Topograf\u00eda","description":"Top\u00f3grafo de V\u00e9lez-M\u00e1laga. Servicios de topografia en la Axarqu\u00eda y M\u00e1laga.Medici\u00f3n de fincas,catastro,validacion gr\u00e1fica,etc..","publisher":{"@id":"http:\/\/veleztopografia.com\/#organization"},"potentialAction":[{"@type":"SearchAction","target":{"@type":"EntryPoint","urlTemplate":"http:\/\/veleztopografia.com\/?s={search_term_string}"},"query-input":{"@type":"PropertyValueSpecification","valueRequired":true,"valueName":"search_term_string"}}],"inLanguage":"es"},{"@type":"Organization","@id":"http:\/\/veleztopografia.com\/#organization","name":"V\u00e9lez Topograf\u00eda","url":"http:\/\/veleztopografia.com\/","logo":{"@type":"ImageObject","inLanguage":"es","@id":"http:\/\/veleztopografia.com\/#\/schema\/logo\/image\/","url":"https:\/\/i0.wp.com\/veleztopografia.com\/wp-content\/uploads\/2019\/12\/LOGO-VELEZTOPOGRAFIA200-1.jpg?fit=400%2C200&ssl=1","contentUrl":"https:\/\/i0.wp.com\/veleztopografia.com\/wp-content\/uploads\/2019\/12\/LOGO-VELEZTOPOGRAFIA200-1.jpg?fit=400%2C200&ssl=1","width":400,"height":200,"caption":"V\u00e9lez Topograf\u00eda"},"image":{"@id":"http:\/\/veleztopografia.com\/#\/schema\/logo\/image\/"},"sameAs":["https:\/\/www.facebook.com\/veleztopografia","https:\/\/x.com\/alvaro_manen","https:\/\/www.instagram.com\/alvaromanen\/","https:\/\/www.linkedin.com\/in\/alvaro-manen-0a7b9a4b\/","https:\/\/www.youtube.com\/channel\/UCBbmXfa52pAGpmufiMrR3qg\/videos"]}]}},"uagb_featured_image_src":{"full":false,"thumbnail":false,"medium":false,"medium_large":false,"large":false,"1536x1536":false,"2048x2048":false,"wpvr_mobile":false},"uagb_author_info":{"display_name":"amrtopomar@hotmail.com","author_link":"https:\/\/veleztopografia.com\/index.php\/author\/amrtopomarhotmail-com\/"},"uagb_comment_info":0,"uagb_excerpt":"top\u00f3grafo en m\u00e1laga Facebook Linkedin Instagram Twitter Youtube Android GABINETE TOPOGR\u00c1FICO Como top\u00f3grafos en M\u00e1laga estamos especializados en regularizaciones catastrales, topograf\u00eda pericial, valoraciones y tasaciones, as\u00ed como topograf\u00eda civil. Siempre utilizando la m\u00e1s alta tecnolog\u00eda en cuanto a Estaciones Totales, sistemas GPS y drones. soluciones Profesionales Personalizadas Contacto\u00bfBusca un top\u00f3grafo en V\u00e9lez-M\u00e1laga para solucionar problemas?&hellip;","_links":{"self":[{"href":"https:\/\/veleztopografia.com\/index.php\/wp-json\/wp\/v2\/pages\/908","targetHints":{"allow":["GET"]}}],"collection":[{"href":"https:\/\/veleztopografia.com\/index.php\/wp-json\/wp\/v2\/pages"}],"about":[{"href":"https:\/\/veleztopografia.com\/index.php\/wp-json\/wp\/v2\/types\/page"}],"author":[{"embeddable":true,"href":"https:\/\/veleztopografia.com\/index.php\/wp-json\/wp\/v2\/users\/1"}],"replies":[{"embeddable":true,"href":"https:\/\/veleztopografia.com\/index.php\/wp-json\/wp\/v2\/comments?post=908"}],"version-history":[{"count":179,"href":"https:\/\/veleztopografia.com\/index.php\/wp-json\/wp\/v2\/pages\/908\/revisions"}],"predecessor-version":[{"id":12256,"href":"https:\/\/veleztopografia.com\/index.php\/wp-json\/wp\/v2\/pages\/908\/revisions\/12256"}],"wp:attachment":[{"href":"https:\/\/veleztopografia.com\/index.php\/wp-json\/wp\/v2\/media?parent=908"}],"curies":[{"name":"wp","href":"https:\/\/api.w.org\/{rel}","templated":true}]}}