{"id":74,"date":"2017-07-12T05:54:02","date_gmt":"2017-07-12T05:54:02","guid":{"rendered":"https:\/\/websitedemos.net\/astra-lite-demo-5\/?page_id=74"},"modified":"2024-01-15T12:27:13","modified_gmt":"2024-01-15T12:27:13","slug":"trabajos-de-topografia","status":"publish","type":"page","link":"https:\/\/veleztopografia.com\/index.php\/trabajos-de-topografia\/","title":{"rendered":"Trabajos"},"content":{"rendered":"\t\t<div data-elementor-type=\"wp-post\" data-elementor-id=\"74\" class=\"elementor elementor-74\" data-elementor-post-type=\"page\">\n\t\t\t\t\t\t<section class=\"elementor-section elementor-top-section elementor-element elementor-element-dkofhxx elementor-section-boxed elementor-section-height-default elementor-section-height-default\" data-id=\"dkofhxx\" data-element_type=\"section\" data-e-type=\"section\" data-settings=\"{&quot;background_background&quot;:&quot;classic&quot;,&quot;shape_divider_top&quot;:&quot;zigzag&quot;}\">\n\t\t\t\t\t\t\t<div class=\"elementor-background-overlay\"><\/div>\n\t\t\t\t\t\t<div class=\"elementor-shape elementor-shape-top\" aria-hidden=\"true\" data-negative=\"false\">\n\t\t\t<svg xmlns=\"http:\/\/www.w3.org\/2000\/svg\" viewBox=\"0 0 1800 5.8\" preserveAspectRatio=\"none\">\n  <path class=\"elementor-shape-fill\" d=\"M5.4.4l5.4 5.3L16.5.4l5.4 5.3L27.5.4 33 5.7 38.6.4l5.5 5.4h.1L49.9.4l5.4 5.3L60.9.4l5.5 5.3L72 .4l5.5 5.3L83.1.4l5.4 5.3L94.1.4l5.5 5.4h.2l5.6-5.4 5.5 5.3 5.6-5.3 5.4 5.3 5.6-5.3 5.5 5.3 5.6-5.3 5.5 5.4h.2l5.6-5.4 5.4 5.3L161 .4l5.4 5.3L172 .4l5.5 5.3 5.6-5.3 5.4 5.3 5.7-5.3 5.4 5.4h.2l5.6-5.4 5.5 5.3 5.6-5.3 5.5 5.3 5.6-5.3 5.4 5.3 5.6-5.3 5.5 5.4h.2l5.6-5.4 5.5 5.3L261 .4l5.4 5.3L272 .4l5.5 5.3 5.6-5.3 5.5 5.3 5.6-5.3 5.5 5.4h.1l5.7-5.4 5.4 5.3 5.6-5.3 5.5 5.3 5.6-5.3 5.4 5.3 5.7-5.3 5.4 5.4h.2l5.6-5.4 5.5 5.3L361 .4l5.5 5.3 5.6-5.3 5.4 5.3 5.6-5.3 5.5 5.3 5.6-5.3 5.5 5.4h.1l5.7-5.4 5.4 5.3 5.6-5.3 5.5 5.3 5.6-5.3 5.5 5.3 5.6-5.3 5.5 5.4h.1l5.6-5.4 5.5 5.3L461 .4l5.5 5.3 5.6-5.3 5.4 5.3 5.7-5.3 5.4 5.3 5.6-5.3 5.5 5.4h.2l5.6-5.4 5.5 5.3 5.6-5.3 5.4 5.3 5.6-5.3 5.5 5.3 5.6-5.3 5.5 5.4h.1L550 .4l5.4 5.3L561 .4l5.5 5.3 5.6-5.3 5.5 5.3 5.6-5.3 5.4 5.3 5.6-5.3 5.5 5.4h.2l5.6-5.4 5.5 5.3 5.6-5.3 5.4 5.3 5.7-5.3 5.4 5.3 5.6-5.3 5.5 5.4h.2L650 .4l5.5 5.3 5.6-5.3 5.4 5.3 5.6-5.3 5.5 5.3 5.6-5.3 5.5 5.3 5.6-5.3 5.4 5.4h.2l5.6-5.4 5.5 5.3 5.6-5.3 5.5 5.3 5.6-5.3 5.4 5.3 5.6-5.3 5.5 5.4h.2L750 .4l5.5 5.3 5.6-5.3 5.4 5.3 5.7-5.3 5.4 5.3 5.6-5.3 5.5 5.3 5.6-5.3 5.5 5.4h.1l5.7-5.4 5.4 5.3 5.6-5.3 5.5 5.3 5.6-5.3 5.5 5.3 5.6-5.3 5.4 5.4h.2L850 .4l5.5 5.3 5.6-5.3 5.5 5.3 5.6-5.3 5.4 5.3 5.6-5.3 5.5 5.3 5.6-5.3 5.5 5.4h.2l5.6-5.4 5.4 5.3 5.7-5.3 5.4 5.3 5.6-5.3 5.5 5.3 5.6-5.3 5.5 5.4h.1l5.7-5.4 5.4 5.3 5.6-5.3 5.5 5.3 5.6-5.3 5.5 5.3 5.6-5.3 5.4 5.3 5.6-5.3 5.5 5.4h.2l5.6-5.4 5.5 5.3 5.6-5.3 5.4 5.3 5.6-5.3 5.5 5.3 5.6-5.3 5.5 5.4h.2l5.6-5.4 5.4 5.3 5.7-5.3 5.4 5.3 5.6-5.3 5.5 5.3 5.6-5.3 5.5 5.3 5.6-5.3 5.4 5.4h.2l5.6-5.4 5.5 5.3 5.6-5.3 5.5 5.3 5.6-5.3 5.4 5.3 5.6-5.3 5.5 5.4h.2l5.6-5.4 5.5 5.3 5.6-5.3 5.4 5.3 5.6-5.3 5.5 5.3 5.6-5.3 5.5 5.3 5.6-5.3 5.5 5.4h.1l5.7-5.4 5.4 5.3 5.6-5.3 5.5 5.3 5.6-5.3 5.5 5.3 5.6-5.3 5.4 5.4h.2l5.6-5.4 5.5 5.3 5.6-5.3 5.5 5.3 5.6-5.3 5.4 5.3 5.6-5.3 5.5 5.3 5.6-5.3 5.5 5.4h.2l5.6-5.4 5.4 5.3 5.6-5.3 5.5 5.3 5.6-5.3 5.5 5.3 5.6-5.3 5.5 5.4h.1l5.7-5.4 5.4 5.3 5.6-5.3 5.5 5.3 5.6-5.3 5.5 5.3 5.6-5.3 5.4 5.3 5.6-5.3 5.5 5.4h.2l5.6-5.4 5.5 5.3 5.6-5.3 5.4 5.3 5.6-5.3 5.5 5.3 5.6-5.3 5.5 5.4h.2l5.6-5.4 5.4 5.3 5.6-5.3 5.5 5.3 5.6-5.3 5.5 5.3 5.6-5.3 5.4 5.3 5.7-5.3 5.4 5.4h.2l5.6-5.4 5.5 5.3 5.6-5.3 5.5 5.3 5.6-5.3 5.4 5.3 5.6-5.3 5.5 5.4h.2l5.6-5.4 5.5 5.3 5.6-5.3 5.4 5.3 5.6-5.3 5.5 5.3 5.6-5.3 5.5 5.3 5.6-5.3 5.5 5.4h.1l5.6-5.4 5.5 5.3 5.6-5.3 5.5 5.3 5.6-5.3 5.4 5.3 5.7-5.3 5.4 5.4h.2l5.6-5.4 5.5 5.3 5.6-5.3 5.5 5.3 5.6-5.3 5.4 5.3 5.6-5.3 5.5 5.3 5.6-5.3 5.5 5.4h.1l5.7-5.4 5.4 5.3 5.6-5.3 5.5 5.3 5.6-5.3 5.5 5.3 5.6-5.3 5.5 5.4h.1l5.6-5.4 5.5 5.3 5.6-5.3 5.5 5.3 5.6-5.3 5.4 5.3 5.7-5.3 5.4 5.3 5.6-5.3 5.5 5.4V0H-.2v5.8z\"\/>\n<\/svg>\n\t\t<\/div>\n\t\t\t\t\t<div class=\"elementor-container elementor-column-gap-default\">\n\t\t\t\t\t<div class=\"elementor-column elementor-col-100 elementor-top-column elementor-element elementor-element-dxjsjrg\" data-id=\"dxjsjrg\" data-element_type=\"column\" data-e-type=\"column\" data-settings=\"{&quot;background_background&quot;:&quot;classic&quot;}\">\n\t\t\t<div class=\"elementor-widget-wrap elementor-element-populated\">\n\t\t\t\t\t\t<div class=\"elementor-element elementor-element-5654585 elementor-widget elementor-widget-heading\" data-id=\"5654585\" data-element_type=\"widget\" data-e-type=\"widget\" data-widget_type=\"heading.default\">\n\t\t\t\t<div class=\"elementor-widget-container\">\n\t\t\t\t\t<h2 class=\"elementor-heading-title elementor-size-default\">Realizamos trabajos de topograf\u00eda en todo el territorio Nacional<\/h2>\t\t\t\t<\/div>\n\t\t\t\t<\/div>\n\t\t\t\t\t<\/div>\n\t\t<\/div>\n\t\t\t\t\t<\/div>\n\t\t<\/section>\n\t\t\t\t<section class=\"elementor-section elementor-top-section elementor-element elementor-element-dw1vki0 elementor-section-content-middle elementor-section-stretched elementor-section-full_width elementor-section-height-min-height elementor-section-items-top elementor-section-height-default\" data-id=\"dw1vki0\" data-element_type=\"section\" data-e-type=\"section\" data-settings=\"{&quot;stretch_section&quot;:&quot;section-stretched&quot;,&quot;background_background&quot;:&quot;classic&quot;}\">\n\t\t\t\t\t\t<div class=\"elementor-container elementor-column-gap-no\">\n\t\t\t\t\t<div class=\"elementor-column elementor-col-100 elementor-top-column elementor-element elementor-element-j3k4auh\" data-id=\"j3k4auh\" data-element_type=\"column\" data-e-type=\"column\">\n\t\t\t<div class=\"elementor-widget-wrap elementor-element-populated\">\n\t\t\t\t\t\t<div class=\"elementor-element elementor-element-wf7lres elementor-widget elementor-widget-spacer\" data-id=\"wf7lres\" data-element_type=\"widget\" data-e-type=\"widget\" data-widget_type=\"spacer.default\">\n\t\t\t\t<div class=\"elementor-widget-container\">\n\t\t\t\t\t\t\t<div class=\"elementor-spacer\">\n\t\t\t<div class=\"elementor-spacer-inner\"><\/div>\n\t\t<\/div>\n\t\t\t\t\t\t<\/div>\n\t\t\t\t<\/div>\n\t\t\t\t<div class=\"elementor-element elementor-element-m64m898 elementor-widget-divider--view-line elementor-widget elementor-widget-divider\" data-id=\"m64m898\" data-element_type=\"widget\" data-e-type=\"widget\" data-widget_type=\"divider.default\">\n\t\t\t\t<div class=\"elementor-widget-container\">\n\t\t\t\t\t\t\t<div class=\"elementor-divider\">\n\t\t\t<span class=\"elementor-divider-separator\">\n\t\t\t\t\t\t<\/span>\n\t\t<\/div>\n\t\t\t\t\t\t<\/div>\n\t\t\t\t<\/div>\n\t\t\t\t<div class=\"elementor-element elementor-element-736666b elementor-widget elementor-widget-text-editor\" data-id=\"736666b\" data-element_type=\"widget\" data-e-type=\"widget\" data-widget_type=\"text-editor.default\">\n\t\t\t\t<div class=\"elementor-widget-container\">\n\t\t\t\t\t\t\t\t\t<h4><strong>A lo largo de nuestra actividad, hemos realizado muchos trabajos de topograf\u00eda&nbsp; a instituciones, particulares y empresas de todo tipo. Como top\u00f3grafo en M\u00e1laga y Andaluc\u00eda, os rese\u00f1amos algunos de nuestros clientes:<\/strong><\/h4>\n<h4><a href=\"http:\/\/ferrovial.com\" target=\"_blank\">https:\/\/ferrovial.com\/\/<\/a><\/h4>\n<h4><a href=\"http:\/\/www.emocam.es\" target=\"_blank\">https:\/\/emocam.es<\/a><\/h4>\n<h4>h<a href=\"https:\/\/adosestudio.com\/\" target=\"_blank\">ttps:\/\/adosestudio.com\/&nbsp;<\/a><\/h4>\n<h4><a href=\"https:\/\/adosestudio.com\/\" target=\"_blank\">https:\/\/tecnicons.net\/&nbsp;<\/a><\/h4>\n<h4><a href=\"https:\/\/adosestudio.com\/\" target=\"_blank\">h<\/a><a href=\"https:\/\/www.nerja.es\/\" target=\"_blank\">ttps:\/\/nerja.es\/&nbsp;<\/a><\/h4>\n<h4><a href=\"https:\/\/caiconsultores.com\">https:\/\/caiconsultores.com\/ <\/a><\/h4>\n<h4><strong><\/strong> <strong>Aqu\u00ed os dejamos algunos de los proyectos topogr\u00e1ficos m\u00e1s recientes.<\/strong><\/h4>\t\t\t\t\t\t\t\t<\/div>\n\t\t\t\t<\/div>\n\t\t\t\t<div class=\"elementor-element elementor-element-4853d69 gallery-spacing-custom elementor-widget elementor-widget-image-gallery\" data-id=\"4853d69\" data-element_type=\"widget\" data-e-type=\"widget\" data-widget_type=\"image-gallery.default\">\n\t\t\t\t<div class=\"elementor-widget-container\">\n\t\t\t\t\t\t\t<div class=\"elementor-image-gallery\">\n\t\t\t<div id='gallery-1' class='gallery galleryid-74 gallery-columns-4 gallery-size-medium'><figure class='gallery-item'>\n\t\t\t<div class='gallery-icon landscape'>\n\t\t\t\t<a data-elementor-open-lightbox=\"yes\" data-elementor-lightbox-slideshow=\"4853d69\" data-elementor-lightbox-title=\"100 1390\" data-elementor-lightbox-description=\"topografo en velez malaga. movimiento de tierras catastro colegiado gml ingenierto en topografia Trabajos de topograf\u00eda\" data-e-action-hash=\"#elementor-action%3Aaction%3Dlightbox%26settings%3DeyJpZCI6MTE3MiwidXJsIjoiaHR0cHM6XC9cL3ZlbGV6dG9wb2dyYWZpYS5jb21cL3dwLWNvbnRlbnRcL3VwbG9hZHNcLzIwMTlcLzEyXC8xMDBfMTM5MC5qcGciLCJzbGlkZXNob3ciOiI0ODUzZDY5In0%3D\" title=\"100 1390\"  href='https:\/\/veleztopografia.com\/wp-content\/uploads\/2019\/12\/100_1390.jpg'><img fetchpriority=\"high\" decoding=\"async\" width=\"300\" height=\"200\" src=\"https:\/\/veleztopografia.com\/wp-content\/uploads\/2019\/12\/100_1390-300x200.jpg\" class=\"attachment-medium size-medium\" alt=\"topografo en malaga\" aria-describedby=\"gallery-1-1172\" srcset=\"https:\/\/veleztopografia.com\/wp-content\/uploads\/2019\/12\/100_1390-300x200.jpg 300w, https:\/\/veleztopografia.com\/wp-content\/uploads\/2019\/12\/100_1390-1024x681.jpg 1024w, https:\/\/veleztopografia.com\/wp-content\/uploads\/2019\/12\/100_1390-768x511.jpg 768w, https:\/\/veleztopografia.com\/wp-content\/uploads\/2019\/12\/100_1390-1536x1022.jpg 1536w, https:\/\/veleztopografia.com\/wp-content\/uploads\/2019\/12\/100_1390.jpg 1900w\" sizes=\"(max-width: 300px) 100vw, 300px\" \/><\/a>\n\t\t\t<\/div>\n\t\t\t\t<figcaption class='wp-caption-text gallery-caption' id='gallery-1-1172'>\n\t\t\t\tCALCULO MOVIMIENTO DE TIERRAS EN MARBELLA (MALAGA)\n\t\t\t\t<\/figcaption><\/figure><figure class='gallery-item'>\n\t\t\t<div class='gallery-icon landscape'>\n\t\t\t\t<a data-elementor-open-lightbox=\"yes\" data-elementor-lightbox-slideshow=\"4853d69\" data-elementor-lightbox-title=\"IMG 20190315 110747 scaled\" data-elementor-lightbox-description=\"topografo en velez malaga. movimiento de tierras catastro colegiado gml ingenierto en topografia Trabajos de topograf\u00eda\" data-e-action-hash=\"#elementor-action%3Aaction%3Dlightbox%26settings%3DeyJpZCI6MTA4NywidXJsIjoiaHR0cHM6XC9cL3ZlbGV6dG9wb2dyYWZpYS5jb21cL3dwLWNvbnRlbnRcL3VwbG9hZHNcLzIwMTlcLzEyXC9JTUdfMjAxOTAzMTVfMTEwNzQ3LXNjYWxlZC5qcGciLCJzbGlkZXNob3ciOiI0ODUzZDY5In0%3D\" title=\"IMG 20190315 110747 scaled\"  href='https:\/\/veleztopografia.com\/wp-content\/uploads\/2019\/12\/IMG_20190315_110747-scaled.jpg'><img decoding=\"async\" width=\"300\" height=\"200\" src=\"https:\/\/veleztopografia.com\/wp-content\/uploads\/2019\/12\/IMG_20190315_110747-300x200.jpg\" class=\"attachment-medium size-medium\" alt=\"topografo en malaga\" aria-describedby=\"gallery-1-1087\" srcset=\"https:\/\/veleztopografia.com\/wp-content\/uploads\/2019\/12\/IMG_20190315_110747-300x200.jpg 300w, https:\/\/veleztopografia.com\/wp-content\/uploads\/2019\/12\/IMG_20190315_110747-1024x683.jpg 1024w, https:\/\/veleztopografia.com\/wp-content\/uploads\/2019\/12\/IMG_20190315_110747-768x512.jpg 768w, https:\/\/veleztopografia.com\/wp-content\/uploads\/2019\/12\/IMG_20190315_110747-1536x1024.jpg 1536w, https:\/\/veleztopografia.com\/wp-content\/uploads\/2019\/12\/IMG_20190315_110747-2048x1366.jpg 2048w\" sizes=\"(max-width: 300px) 100vw, 300px\" \/><\/a>\n\t\t\t<\/div>\n\t\t\t\t<figcaption class='wp-caption-text gallery-caption' id='gallery-1-1087'>\n\t\t\t\tSEGREGACI\u00d3N EN IZNATE (M\u00c1LAGA)\n\t\t\t\t<\/figcaption><\/figure><figure class='gallery-item'>\n\t\t\t<div class='gallery-icon landscape'>\n\t\t\t\t<a data-elementor-open-lightbox=\"yes\" data-elementor-lightbox-slideshow=\"4853d69\" data-elementor-lightbox-title=\"100 1218 scaled\" data-elementor-lightbox-description=\"topografo en velez malaga. movimiento de tierras catastro colegiado gml ingenierto en topografia Trabajos de topograf\u00eda\" data-e-action-hash=\"#elementor-action%3Aaction%3Dlightbox%26settings%3DeyJpZCI6MTE3MCwidXJsIjoiaHR0cHM6XC9cL3ZlbGV6dG9wb2dyYWZpYS5jb21cL3dwLWNvbnRlbnRcL3VwbG9hZHNcLzIwMTlcLzEyXC8xMDBfMTIxOC1zY2FsZWQuanBnIiwic2xpZGVzaG93IjoiNDg1M2Q2OSJ9\" title=\"100 1218 scaled\"  href='https:\/\/veleztopografia.com\/wp-content\/uploads\/2019\/12\/100_1218-scaled.jpg'><img decoding=\"async\" width=\"300\" height=\"200\" src=\"https:\/\/veleztopografia.com\/wp-content\/uploads\/2019\/12\/100_1218-300x200.jpg\" class=\"attachment-medium size-medium\" alt=\"topografo en malaga\" aria-describedby=\"gallery-1-1170\" srcset=\"https:\/\/veleztopografia.com\/wp-content\/uploads\/2019\/12\/100_1218-300x200.jpg 300w, https:\/\/veleztopografia.com\/wp-content\/uploads\/2019\/12\/100_1218-1024x682.jpg 1024w, https:\/\/veleztopografia.com\/wp-content\/uploads\/2019\/12\/100_1218-768x511.jpg 768w, https:\/\/veleztopografia.com\/wp-content\/uploads\/2019\/12\/100_1218-1536x1023.jpg 1536w, https:\/\/veleztopografia.com\/wp-content\/uploads\/2019\/12\/100_1218-2048x1363.jpg 2048w\" sizes=\"(max-width: 300px) 100vw, 300px\" \/><\/a>\n\t\t\t<\/div>\n\t\t\t\t<figcaption class='wp-caption-text gallery-caption' id='gallery-1-1170'>\n\t\t\t\tCONTROL GEOMETRICO DE TERRAPLEN EN POLOPOS-ALBU\u00d1OL (GRANADA)\n\t\t\t\t<\/figcaption><\/figure><figure class='gallery-item'>\n\t\t\t<div class='gallery-icon landscape'>\n\t\t\t\t<a data-elementor-open-lightbox=\"yes\" data-elementor-lightbox-slideshow=\"4853d69\" data-elementor-lightbox-title=\"IMG 20191007 100341 1\" data-elementor-lightbox-description=\"topografo en velez malaga. movimiento de tierras catastro colegiado gml ingenierto en topografia Trabajos de topograf\u00eda\" data-e-action-hash=\"#elementor-action%3Aaction%3Dlightbox%26settings%3DeyJpZCI6MTIzMiwidXJsIjoiaHR0cHM6XC9cL3ZlbGV6dG9wb2dyYWZpYS5jb21cL3dwLWNvbnRlbnRcL3VwbG9hZHNcLzIwMTlcLzEyXC9JTUdfMjAxOTEwMDdfMTAwMzQxLTEuanBnIiwic2xpZGVzaG93IjoiNDg1M2Q2OSJ9\" title=\"IMG 20191007 100341 1\"  href='https:\/\/veleztopografia.com\/wp-content\/uploads\/2019\/12\/IMG_20191007_100341-1.jpg'><img loading=\"lazy\" decoding=\"async\" width=\"300\" height=\"225\" src=\"https:\/\/veleztopografia.com\/wp-content\/uploads\/2019\/12\/IMG_20191007_100341-1-300x225.jpg\" class=\"attachment-medium size-medium\" alt=\"topografo en malaga\" aria-describedby=\"gallery-1-1232\" srcset=\"https:\/\/veleztopografia.com\/wp-content\/uploads\/2019\/12\/IMG_20191007_100341-1-300x225.jpg 300w, https:\/\/veleztopografia.com\/wp-content\/uploads\/2019\/12\/IMG_20191007_100341-1-1024x768.jpg 1024w, https:\/\/veleztopografia.com\/wp-content\/uploads\/2019\/12\/IMG_20191007_100341-1-768x576.jpg 768w, https:\/\/veleztopografia.com\/wp-content\/uploads\/2019\/12\/IMG_20191007_100341-1-1536x1152.jpg 1536w, https:\/\/veleztopografia.com\/wp-content\/uploads\/2019\/12\/IMG_20191007_100341-1.jpg 1600w\" sizes=\"(max-width: 300px) 100vw, 300px\" \/><\/a>\n\t\t\t<\/div>\n\t\t\t\t<figcaption class='wp-caption-text gallery-caption' id='gallery-1-1232'>\n\t\t\t\tLEVANTAMIENTO PLANIMETRICO EN ARDALES (M\u00c1LAGA)\n\t\t\t\t<\/figcaption><\/figure><figure class='gallery-item'>\n\t\t\t<div class='gallery-icon landscape'>\n\t\t\t\t<a data-elementor-open-lightbox=\"yes\" data-elementor-lightbox-slideshow=\"4853d69\" data-elementor-lightbox-title=\"SDC13207 1 scaled\" data-elementor-lightbox-description=\"topografo en velez malaga. movimiento de tierras catastro Trabajos de topograf\u00eda colegiado gml ingenierto en topografia\" data-e-action-hash=\"#elementor-action%3Aaction%3Dlightbox%26settings%3DeyJpZCI6MTI1NCwidXJsIjoiaHR0cHM6XC9cL3ZlbGV6dG9wb2dyYWZpYS5jb21cL3dwLWNvbnRlbnRcL3VwbG9hZHNcLzIwMTlcLzEyXC9TREMxMzIwNy0xLXNjYWxlZC5qcGciLCJzbGlkZXNob3ciOiI0ODUzZDY5In0%3D\" title=\"SDC13207 1 scaled\"  href='https:\/\/veleztopografia.com\/wp-content\/uploads\/2019\/12\/SDC13207-1-scaled.jpg'><img loading=\"lazy\" decoding=\"async\" width=\"300\" height=\"225\" src=\"https:\/\/veleztopografia.com\/wp-content\/uploads\/2019\/12\/SDC13207-1-300x225.jpg\" class=\"attachment-medium size-medium\" alt=\"topografo en malaga\" aria-describedby=\"gallery-1-1254\" srcset=\"https:\/\/veleztopografia.com\/wp-content\/uploads\/2019\/12\/SDC13207-1-300x225.jpg 300w, https:\/\/veleztopografia.com\/wp-content\/uploads\/2019\/12\/SDC13207-1-1024x768.jpg 1024w, https:\/\/veleztopografia.com\/wp-content\/uploads\/2019\/12\/SDC13207-1-768x576.jpg 768w, https:\/\/veleztopografia.com\/wp-content\/uploads\/2019\/12\/SDC13207-1-1536x1152.jpg 1536w, https:\/\/veleztopografia.com\/wp-content\/uploads\/2019\/12\/SDC13207-1-2048x1536.jpg 2048w\" sizes=\"(max-width: 300px) 100vw, 300px\" \/><\/a>\n\t\t\t<\/div>\n\t\t\t\t<figcaption class='wp-caption-text gallery-caption' id='gallery-1-1254'>\n\t\t\t\tGEOREFERENCIACION EN MELICENA (GRANADA)\n\t\t\t\t<\/figcaption><\/figure><figure class='gallery-item'>\n\t\t\t<div class='gallery-icon landscape'>\n\t\t\t\t<a data-elementor-open-lightbox=\"yes\" data-elementor-lightbox-slideshow=\"4853d69\" data-elementor-lightbox-title=\"IMG 20170509 WA0004\" data-elementor-lightbox-description=\"topografo en malaga georreferenciacion gml topografico servicio topografiacolegiado gml ingenierto en topografia Trabajos de topograf\u00eda\" data-e-action-hash=\"#elementor-action%3Aaction%3Dlightbox%26settings%3DeyJpZCI6MTIzNywidXJsIjoiaHR0cHM6XC9cL3ZlbGV6dG9wb2dyYWZpYS5jb21cL3dwLWNvbnRlbnRcL3VwbG9hZHNcLzIwMTlcLzEyXC9JTUctMjAxNzA1MDktV0EwMDA0LmpwZyIsInNsaWRlc2hvdyI6IjQ4NTNkNjkifQ%3D%3D\" title=\"IMG 20170509 WA0004\"  href='https:\/\/veleztopografia.com\/wp-content\/uploads\/2019\/12\/IMG-20170509-WA0004.jpg'><img loading=\"lazy\" decoding=\"async\" width=\"300\" height=\"225\" src=\"https:\/\/veleztopografia.com\/wp-content\/uploads\/2019\/12\/IMG-20170509-WA0004-300x225.jpg\" class=\"attachment-medium size-medium\" alt=\"topografo en malaga\" aria-describedby=\"gallery-1-1237\" srcset=\"https:\/\/veleztopografia.com\/wp-content\/uploads\/2019\/12\/IMG-20170509-WA0004-300x225.jpg 300w, https:\/\/veleztopografia.com\/wp-content\/uploads\/2019\/12\/IMG-20170509-WA0004-1024x768.jpg 1024w, https:\/\/veleztopografia.com\/wp-content\/uploads\/2019\/12\/IMG-20170509-WA0004-768x576.jpg 768w, https:\/\/veleztopografia.com\/wp-content\/uploads\/2019\/12\/IMG-20170509-WA0004-1536x1152.jpg 1536w, https:\/\/veleztopografia.com\/wp-content\/uploads\/2019\/12\/IMG-20170509-WA0004.jpg 1600w\" sizes=\"(max-width: 300px) 100vw, 300px\" \/><\/a>\n\t\t\t<\/div>\n\t\t\t\t<figcaption class='wp-caption-text gallery-caption' id='gallery-1-1237'>\n\t\t\t\tREPLANTEO EN OBRA.ZAPATAS EN C.C. TORRECARDENAS (ALMER\u00cdA)\n\t\t\t\t<\/figcaption><\/figure><figure class='gallery-item'>\n\t\t\t<div class='gallery-icon landscape'>\n\t\t\t\t<a data-elementor-open-lightbox=\"yes\" data-elementor-lightbox-slideshow=\"4853d69\" data-elementor-lightbox-title=\"IMG 20170509 WA0004\" data-elementor-lightbox-description=\"Trabajos de topograf\u00eda.topografo en velez malaga. movimiento de tierras catastro colegiado gml ingenierto en topografia\" data-e-action-hash=\"#elementor-action%3Aaction%3Dlightbox%26settings%3DeyJpZCI6MTE1NywidXJsIjoiaHR0cHM6XC9cL3ZlbGV6dG9wb2dyYWZpYS5jb21cL3dwLWNvbnRlbnRcL3VwbG9hZHNcLzIwMTlcLzEyXC8yMDE2MDcwNl8yMDA4MTQtc2NhbGVkLmpwZyIsInNsaWRlc2hvdyI6IjQ4NTNkNjkifQ%3D%3D\" title=\"\"  href='https:\/\/veleztopografia.com\/wp-content\/uploads\/2019\/12\/20160706_200814-scaled.jpg'><img loading=\"lazy\" decoding=\"async\" width=\"300\" height=\"225\" src=\"https:\/\/veleztopografia.com\/wp-content\/uploads\/2019\/12\/20160706_200814-300x225.jpg\" class=\"attachment-medium size-medium\" alt=\"topografo en malaga\" aria-describedby=\"gallery-1-1157\" srcset=\"https:\/\/veleztopografia.com\/wp-content\/uploads\/2019\/12\/20160706_200814-300x225.jpg 300w, https:\/\/veleztopografia.com\/wp-content\/uploads\/2019\/12\/20160706_200814-1024x768.jpg 1024w, https:\/\/veleztopografia.com\/wp-content\/uploads\/2019\/12\/20160706_200814-768x576.jpg 768w, https:\/\/veleztopografia.com\/wp-content\/uploads\/2019\/12\/20160706_200814-1536x1152.jpg 1536w, https:\/\/veleztopografia.com\/wp-content\/uploads\/2019\/12\/20160706_200814-2048x1536.jpg 2048w\" sizes=\"(max-width: 300px) 100vw, 300px\" \/><\/a>\n\t\t\t<\/div>\n\t\t\t\t<figcaption class='wp-caption-text gallery-caption' id='gallery-1-1157'>\n\t\t\t\tC\u00c1LCULO Y REPLANTEO DE BALSA EN BENAMOCARRA (MALAGA)\n\t\t\t\t<\/figcaption><\/figure><figure class='gallery-item'>\n\t\t\t<div class='gallery-icon landscape'>\n\t\t\t\t<a data-elementor-open-lightbox=\"yes\" data-elementor-lightbox-slideshow=\"4853d69\" data-elementor-lightbox-title=\"IMG 20190618 184300 1 scaled\" data-elementor-lightbox-description=\"topografo en velez malaga. movimiento de tierras catastro colegiado gml ingenierto en topografia Trabajos de topograf\u00eda\" data-e-action-hash=\"#elementor-action%3Aaction%3Dlightbox%26settings%3DeyJpZCI6MTIzMCwidXJsIjoiaHR0cHM6XC9cL3ZlbGV6dG9wb2dyYWZpYS5jb21cL3dwLWNvbnRlbnRcL3VwbG9hZHNcLzIwMTlcLzEyXC9JTUdfMjAxOTA2MThfMTg0MzAwLTEtc2NhbGVkLmpwZyIsInNsaWRlc2hvdyI6IjQ4NTNkNjkifQ%3D%3D\" title=\"IMG 20190618 184300 1 scaled\"  href='https:\/\/veleztopografia.com\/wp-content\/uploads\/2019\/12\/IMG_20190618_184300-1-scaled.jpg'><img loading=\"lazy\" decoding=\"async\" width=\"300\" height=\"200\" src=\"https:\/\/veleztopografia.com\/wp-content\/uploads\/2019\/12\/IMG_20190618_184300-1-300x200.jpg\" class=\"attachment-medium size-medium\" alt=\"topografo en malaga\" aria-describedby=\"gallery-1-1230\" srcset=\"https:\/\/veleztopografia.com\/wp-content\/uploads\/2019\/12\/IMG_20190618_184300-1-300x200.jpg 300w, https:\/\/veleztopografia.com\/wp-content\/uploads\/2019\/12\/IMG_20190618_184300-1-1024x683.jpg 1024w, https:\/\/veleztopografia.com\/wp-content\/uploads\/2019\/12\/IMG_20190618_184300-1-768x512.jpg 768w, https:\/\/veleztopografia.com\/wp-content\/uploads\/2019\/12\/IMG_20190618_184300-1-1536x1024.jpg 1536w, https:\/\/veleztopografia.com\/wp-content\/uploads\/2019\/12\/IMG_20190618_184300-1-2048x1365.jpg 2048w\" sizes=\"(max-width: 300px) 100vw, 300px\" \/><\/a>\n\t\t\t<\/div>\n\t\t\t\t<figcaption class='wp-caption-text gallery-caption' id='gallery-1-1230'>\n\t\t\t\tINFORME DE VALIDACI\u00d3N GR\u00c1FICA EN BENAMOCARRA (M\u00c1LAGA)\n\t\t\t\t<\/figcaption><\/figure><figure class='gallery-item'>\n\t\t\t<div class='gallery-icon landscape'>\n\t\t\t\t<a data-elementor-open-lightbox=\"yes\" data-elementor-lightbox-slideshow=\"4853d69\" data-elementor-lightbox-title=\"IMG 20191006 142657 1\" data-elementor-lightbox-description=\"topografo en velez malaga. movimiento de tierras catastro colegiado gml ingenierto en topografia Trabajos de topograf\u00eda\" data-e-action-hash=\"#elementor-action%3Aaction%3Dlightbox%26settings%3DeyJpZCI6MTIzMSwidXJsIjoiaHR0cHM6XC9cL3ZlbGV6dG9wb2dyYWZpYS5jb21cL3dwLWNvbnRlbnRcL3VwbG9hZHNcLzIwMTlcLzEyXC9JTUdfMjAxOTEwMDZfMTQyNjU3LTEuanBnIiwic2xpZGVzaG93IjoiNDg1M2Q2OSJ9\" title=\"IMG 20191006 142657 1\"  href='https:\/\/veleztopografia.com\/wp-content\/uploads\/2019\/12\/IMG_20191006_142657-1.jpg'><img loading=\"lazy\" decoding=\"async\" width=\"300\" height=\"200\" src=\"https:\/\/veleztopografia.com\/wp-content\/uploads\/2019\/12\/IMG_20191006_142657-1-300x200.jpg\" class=\"attachment-medium size-medium\" alt=\"topografo en malaga\" aria-describedby=\"gallery-1-1231\" srcset=\"https:\/\/veleztopografia.com\/wp-content\/uploads\/2019\/12\/IMG_20191006_142657-1-300x200.jpg 300w, https:\/\/veleztopografia.com\/wp-content\/uploads\/2019\/12\/IMG_20191006_142657-1-1024x683.jpg 1024w, https:\/\/veleztopografia.com\/wp-content\/uploads\/2019\/12\/IMG_20191006_142657-1-768x512.jpg 768w, https:\/\/veleztopografia.com\/wp-content\/uploads\/2019\/12\/IMG_20191006_142657-1-1536x1024.jpg 1536w, https:\/\/veleztopografia.com\/wp-content\/uploads\/2019\/12\/IMG_20191006_142657-1.jpg 1600w\" sizes=\"(max-width: 300px) 100vw, 300px\" \/><\/a>\n\t\t\t<\/div>\n\t\t\t\t<figcaption class='wp-caption-text gallery-caption' id='gallery-1-1231'>\n\t\t\t\tDESLINDE EN PERIANA (M\u00c1LAGA)\n\t\t\t\t<\/figcaption><\/figure><figure class='gallery-item'>\n\t\t\t<div class='gallery-icon landscape'>\n\t\t\t\t<a data-elementor-open-lightbox=\"yes\" data-elementor-lightbox-slideshow=\"4853d69\" data-elementor-lightbox-title=\"100 1393 scaled\" data-elementor-lightbox-description=\"topografo en velez malaga. movimiento de tierras catastro colegiado gml ingenierto en topografia Trabajos de topograf\u00eda\" data-e-action-hash=\"#elementor-action%3Aaction%3Dlightbox%26settings%3DeyJpZCI6MTE3NSwidXJsIjoiaHR0cHM6XC9cL3ZlbGV6dG9wb2dyYWZpYS5jb21cL3dwLWNvbnRlbnRcL3VwbG9hZHNcLzIwMTlcLzEyXC8xMDBfMTM5My1zY2FsZWQuanBnIiwic2xpZGVzaG93IjoiNDg1M2Q2OSJ9\" title=\"100 1393 scaled\"  href='https:\/\/veleztopografia.com\/wp-content\/uploads\/2019\/12\/100_1393-scaled.jpg'><img loading=\"lazy\" decoding=\"async\" width=\"300\" height=\"200\" src=\"https:\/\/veleztopografia.com\/wp-content\/uploads\/2019\/12\/100_1393-300x200.jpg\" class=\"attachment-medium size-medium\" alt=\"topografo en malaga\" aria-describedby=\"gallery-1-1175\" srcset=\"https:\/\/veleztopografia.com\/wp-content\/uploads\/2019\/12\/100_1393-300x200.jpg 300w, https:\/\/veleztopografia.com\/wp-content\/uploads\/2019\/12\/100_1393-1024x682.jpg 1024w, https:\/\/veleztopografia.com\/wp-content\/uploads\/2019\/12\/100_1393-768x511.jpg 768w, https:\/\/veleztopografia.com\/wp-content\/uploads\/2019\/12\/100_1393-1536x1023.jpg 1536w, https:\/\/veleztopografia.com\/wp-content\/uploads\/2019\/12\/100_1393-2048x1363.jpg 2048w\" sizes=\"(max-width: 300px) 100vw, 300px\" \/><\/a>\n\t\t\t<\/div>\n\t\t\t\t<figcaption class='wp-caption-text gallery-caption' id='gallery-1-1175'>\n\t\t\t\tDISCORDANCIA DE LINDEROS EN MOTRIL (GRANADA)\n\t\t\t\t<\/figcaption><\/figure>\n\t\t<\/div>\n\t\t<\/div>\n\t\t\t\t\t\t<\/div>\n\t\t\t\t<\/div>\n\t\t\t\t<div class=\"elementor-element elementor-element-69837db elementor-widget elementor-widget-heading\" data-id=\"69837db\" data-element_type=\"widget\" data-e-type=\"widget\" data-widget_type=\"heading.default\">\n\t\t\t\t<div class=\"elementor-widget-container\">\n\t\t\t\t\t<h2 class=\"elementor-heading-title elementor-size-default\">OBRA CIVIL<\/h2>\t\t\t\t<\/div>\n\t\t\t\t<\/div>\n\t\t\t\t<div class=\"elementor-element elementor-element-8185515 elementor-widget elementor-widget-text-editor\" data-id=\"8185515\" data-element_type=\"widget\" data-e-type=\"widget\" data-widget_type=\"text-editor.default\">\n\t\t\t\t<div class=\"elementor-widget-container\">\n\t\t\t\t\t\t\t\t\t<ul><li>-Urbanizaci\u00f3n del Sector Ue-4 en Elche (Alicante).Privada<\/li><li>-Red nivelaci\u00f3n de la ciudad de Santa Pola (Alicante).Ayuntamiento de Santa Pola.<\/li><li>&#8211; Tramo Ave C\u00f3rdoba-M\u00e1laga en \u00c1lora.Ministerio de Fomento.<\/li><li>&#8211; 2\u00aa Tramo Ave C\u00f3rdoba-M\u00e1laga en Alora.Ministerio de Fomento.<\/li><li>&#8211; Ronda este de la Autov\u00eda A-7 de la Cala del Moral a El palo M\u00e1laga. Ministerio de Fomento.<\/li><li>&#8211; Urbanizaci\u00f3n del Pol\u00edgono PP1 en Casabermeja. Privado<\/li><li>&#8211; Urbanizaci\u00f3n de los Jarales. Rinc\u00f3n de la Victoria. Privado.<\/li><li>&#8211; Desdoblamiento de la Variante A-357 en C\u00e1rtama. Giasa.<\/li><li>&#8211; Urbanizaci\u00f3n Parque del este en Torre del Mar. Salsa Inmobiliaria.<\/li><li>&#8211; Tc 4 Renfe Pe\u00f1arroya. Privado. &#8211; Estabilizaci\u00f3n de la ladera del Pe\u00f1\u00f3n del Cuervo. Ministerio de Fomento. &#8211; Tramo ave C\u00f3rdoba-M\u00e1laga. Tramo Los prados. Ministerio de Fomento.<\/li><li>&#8211; Tramo ave C\u00f3rdoba -M\u00e1laga. Tramo Bobadilla<\/li><li>-T\u00fanel de Gobantes.Ministerio de Fomento.<\/li><li>&#8211; Ronda Oeste de M\u00e1laga.Enlace de Alameda y Barriguilla.Ministerio de Fomento.<\/li><li>&#8211; 138 Viviendas Urbanizaci\u00f3n la paloma en Manilva.Noriega s.a.<\/li><li>&#8211; Urbanizaci\u00f3n Sup T-12 en Torre del mar.Privado.<\/li><li>&#8211; Urbanizaci\u00f3n Sup T-7 en Torre del mar.Privado.<\/li><li>&#8211; Obras de emergencia n\u00ba265 en Rinc\u00f3n de la Victoria. Junta de Andalucia.<\/li><li>-1\u00aa Fase Aparcamiento en c\/Pontil (Torrox-M\u00e1laga).Ayuntamiento de Torrox<\/li><li>-1\u00aa Fase Centro Socio- Cultural (Algarrobo-M\u00e1laga).Ayuntamiento de Algarrobo<\/li><li>-Reforma del Colegio Cervantes (Tarifa-C\u00e1diz).Mancomunidad de Municipios del Campo de Gibraltar.<\/li><li>-Iluminaci\u00f3n de Av. Villa de Madrid y zona monumental (V\u00e9lez-M\u00e1laga).Ayuntamiento de V\u00e9lez-M\u00e1laga<\/li><li>-Vallado Perimetral del patio exterior del Palacio de Ferias de M\u00e1laga. Palacio de Ferias y Congresos de M\u00e1laga.<\/li><li>-Urbanizaci\u00f3n del Sector de actuaci\u00f3n SUP-LE-15.Colinas del Limonar del PGOU de M\u00e1laga.<\/li><li>-Autov\u00eda A-356. Puente del Obispo-Baeza.<\/li><li>-Urbanizaci\u00f3n el Higuer\u00f3n.<\/li><li>-Obras de Emergencia en la Autov\u00eda AP-7.<\/li><li>-Acondicionamiento de la A-348.Fondon-Beires (Almer\u00eda).<\/li><li>-Desdoblamiento de la variante A-334.Albox-Cucador (Almer\u00eda).<\/li><li>-Autov\u00eda A-7. Tramo Polopos- Albu\u00f1ol.<\/li><li>-Depuradora de Marbella.<\/li><li>-Reforestaci\u00f3n de Canteras en Ventas de Zafarraya y Venta del Rayo.<\/li><li>-Campo de tiro en San Fernando, para el Ministerio de Fomento.<span style=\"left: 202.239px; top: 459.617px; font-size: 15.5731px; font-family: sans-serif; transform: scaleX(1.00078);\"> <br \/><\/span><\/li><\/ul>\t\t\t\t\t\t\t\t<\/div>\n\t\t\t\t<\/div>\n\t\t\t\t\t<\/div>\n\t\t<\/div>\n\t\t\t\t\t<\/div>\n\t\t<\/section>\n\t\t\t\t<section class=\"elementor-section elementor-top-section elementor-element elementor-element-11b4427 elementor-section-boxed elementor-section-height-default elementor-section-height-default\" data-id=\"11b4427\" data-element_type=\"section\" data-e-type=\"section\">\n\t\t\t\t\t\t<div class=\"elementor-container elementor-column-gap-default\">\n\t\t\t\t\t<div class=\"elementor-column elementor-col-50 elementor-top-column elementor-element elementor-element-c252cfa\" data-id=\"c252cfa\" data-element_type=\"column\" data-e-type=\"column\">\n\t\t\t<div class=\"elementor-widget-wrap elementor-element-populated\">\n\t\t\t\t\t\t<div class=\"elementor-element elementor-element-e1fe456 elementor-widget elementor-widget-text-editor\" data-id=\"e1fe456\" data-element_type=\"widget\" data-e-type=\"widget\" data-widget_type=\"text-editor.default\">\n\t\t\t\t<div class=\"elementor-widget-container\">\n\t\t\t\t\t\t\t\t\t<p><img loading=\"lazy\" decoding=\"async\" class=\" wp-image-1401\" title=\"300218\" src=\"http:\/\/veleztopografia.com\/wp-content\/uploads\/2019\/12\/300218-300x300.png\" alt=\"300218\" width=\"109\" height=\"109\" srcset=\"https:\/\/veleztopografia.com\/wp-content\/uploads\/2019\/12\/300218-300x300.png 300w, https:\/\/veleztopografia.com\/wp-content\/uploads\/2019\/12\/300218-150x150.png 150w, https:\/\/veleztopografia.com\/wp-content\/uploads\/2019\/12\/300218.png 512w\" sizes=\"(max-width: 109px) 100vw, 109px\" \/><\/p><p>Realizamos aplicaciones\u00a0 a medida para m\u00f3viles android relacionadas con el posicionamiento y la georeferenciaci\u00f3n .<\/p><p>Si quieres ver algunas aplicaciones ya publicadas pudes pinchas el <a href=\"https:\/\/play.google.com\/store\/apps\/developer?id=%C3%81lvaro+Man%C3%A9n\">enlace<\/a>.<\/p>\t\t\t\t\t\t\t\t<\/div>\n\t\t\t\t<\/div>\n\t\t\t\t\t<\/div>\n\t\t<\/div>\n\t\t\t\t<div class=\"elementor-column elementor-col-50 elementor-top-column elementor-element elementor-element-f6583f4\" data-id=\"f6583f4\" data-element_type=\"column\" data-e-type=\"column\">\n\t\t\t<div class=\"elementor-widget-wrap elementor-element-populated\">\n\t\t\t\t\t\t<div class=\"elementor-element elementor-element-a575008 elementor-widget elementor-widget-image\" data-id=\"a575008\" data-element_type=\"widget\" data-e-type=\"widget\" data-widget_type=\"image.default\">\n\t\t\t\t<div class=\"elementor-widget-container\">\n\t\t\t\t\t\t\t\t\t\t\t\t\t\t\t\t<a href=\"https:\/\/play.google.com\/store\/apps\/developer?id=%C3%81lvaro+Man%C3%A9n\">\n\t\t\t\t\t\t\t<img loading=\"lazy\" decoding=\"async\" width=\"300\" height=\"300\" src=\"https:\/\/veleztopografia.com\/wp-content\/uploads\/2019\/12\/Georeferenciacion-1-300x300.jpg\" class=\"attachment-medium size-medium wp-image-1224\" alt=\"topografo en malaga\" srcset=\"https:\/\/veleztopografia.com\/wp-content\/uploads\/2019\/12\/Georeferenciacion-1-300x300.jpg 300w, https:\/\/veleztopografia.com\/wp-content\/uploads\/2019\/12\/Georeferenciacion-1-1024x1024.jpg 1024w, https:\/\/veleztopografia.com\/wp-content\/uploads\/2019\/12\/Georeferenciacion-1-150x150.jpg 150w, https:\/\/veleztopografia.com\/wp-content\/uploads\/2019\/12\/Georeferenciacion-1-768x768.jpg 768w, https:\/\/veleztopografia.com\/wp-content\/uploads\/2019\/12\/Georeferenciacion-1.jpg 1378w\" sizes=\"(max-width: 300px) 100vw, 300px\" \/>\t\t\t\t\t\t\t\t<\/a>\n\t\t\t\t\t\t\t\t\t\t\t\t\t\t\t<\/div>\n\t\t\t\t<\/div>\n\t\t\t\t\t<\/div>\n\t\t<\/div>\n\t\t\t\t\t<\/div>\n\t\t<\/section>\n\t\t\t\t<\/div>\n\t\t","protected":false},"excerpt":{"rendered":"<p>Realizamos trabajos de topograf\u00eda en todo el territorio Nacional A lo largo de nuestra actividad, hemos realizado muchos trabajos de topograf\u00eda&nbsp; a instituciones, particulares y empresas de todo tipo. Como top\u00f3grafo en M\u00e1laga y Andaluc\u00eda, os rese\u00f1amos algunos de nuestros clientes: https:\/\/ferrovial.com\/\/ https:\/\/emocam.es https:\/\/adosestudio.com\/&nbsp; https:\/\/tecnicons.net\/&nbsp; https:\/\/nerja.es\/&nbsp; https:\/\/caiconsultores.com\/ Aqu\u00ed os dejamos algunos de los proyectos topogr\u00e1ficos [&hellip;]<\/p>\n","protected":false},"author":1,"featured_media":0,"parent":0,"menu_order":0,"comment_status":"closed","ping_status":"closed","template":"","meta":{"_uag_custom_page_level_css":"","_monsterinsights_skip_tracking":false,"_monsterinsights_sitenote_active":false,"_monsterinsights_sitenote_note":"","_monsterinsights_sitenote_category":0,"site-sidebar-layout":"no-sidebar","site-content-layout":"page-builder","ast-site-content-layout":"default","site-content-style":"default","site-sidebar-style":"default","ast-global-header-display":"","ast-banner-title-visibility":"","ast-main-header-display":"","ast-hfb-above-header-display":"","ast-hfb-below-header-display":"","ast-hfb-mobile-header-display":"","site-post-title":"disabled","ast-breadcrumbs-content":"","ast-featured-img":"disabled","footer-sml-layout":"","ast-disable-related-posts":"","theme-transparent-header-meta":"default","adv-header-id-meta":"","stick-header-meta":"default","header-above-stick-meta":"","header-main-stick-meta":"","header-below-stick-meta":"","astra-migrate-meta-layouts":"default","ast-page-background-enabled":"default","ast-page-background-meta":{"desktop":{"background-color":"","background-image":"","background-repeat":"repeat","background-position":"center center","background-size":"auto","background-attachment":"scroll","background-type":"","background-media":"","overlay-type":"","overlay-color":"","overlay-opacity":"","overlay-gradient":""},"tablet":{"background-color":"","background-image":"","background-repeat":"repeat","background-position":"center center","background-size":"auto","background-attachment":"scroll","background-type":"","background-media":"","overlay-type":"","overlay-color":"","overlay-opacity":"","overlay-gradient":""},"mobile":{"background-color":"","background-image":"","background-repeat":"repeat","background-position":"center center","background-size":"auto","background-attachment":"scroll","background-type":"","background-media":"","overlay-type":"","overlay-color":"","overlay-opacity":"","overlay-gradient":""}},"ast-content-background-meta":{"desktop":{"background-color":"var(--ast-global-color-5)","background-image":"","background-repeat":"repeat","background-position":"center center","background-size":"auto","background-attachment":"scroll","background-type":"","background-media":"","overlay-type":"","overlay-color":"","overlay-opacity":"","overlay-gradient":""},"tablet":{"background-color":"var(--ast-global-color-5)","background-image":"","background-repeat":"repeat","background-position":"center center","background-size":"auto","background-attachment":"scroll","background-type":"","background-media":"","overlay-type":"","overlay-color":"","overlay-opacity":"","overlay-gradient":""},"mobile":{"background-color":"var(--ast-global-color-5)","background-image":"","background-repeat":"repeat","background-position":"center center","background-size":"auto","background-attachment":"scroll","background-type":"","background-media":"","overlay-type":"","overlay-color":"","overlay-opacity":"","overlay-gradient":""}},"footnotes":""},"class_list":["post-74","page","type-page","status-publish","hentry"],"yoast_head":"<!-- This site is optimized with the Yoast SEO Premium plugin v24.1 (Yoast SEO v27.4) - https:\/\/yoast.com\/product\/yoast-seo-premium-wordpress\/ -->\n<title>Trabajos de topograf\u00eda.Ingeniero en top\u00f3graf\u00eda en la axarquia.<\/title>\n<meta name=\"description\" content=\"Trabajos de topograf\u00eda.Servicios de topograf\u00eda en la axarqu\u00eda y M\u00e1laga.Medici\u00f3n de fincas,catastro,levantamiento topogr\u00e1ficos, segregaciones,replanteos.\" \/>\n<meta name=\"robots\" content=\"index, follow, max-snippet:-1, max-image-preview:large, max-video-preview:-1\" \/>\n<link rel=\"canonical\" href=\"https:\/\/veleztopografia.com\/index.php\/trabajos-de-topografia\/\" \/>\n<meta property=\"og:locale\" content=\"es_ES\" \/>\n<meta property=\"og:type\" content=\"article\" \/>\n<meta property=\"og:title\" content=\"Trabajos\" \/>\n<meta property=\"og:description\" content=\"Trabajos de topograf\u00eda.Servicios de topograf\u00eda en la axarqu\u00eda y M\u00e1laga.Medici\u00f3n de fincas,catastro,levantamiento topogr\u00e1ficos, segregaciones,replanteos.\" \/>\n<meta property=\"og:url\" content=\"https:\/\/veleztopografia.com\/index.php\/trabajos-de-topografia\/\" \/>\n<meta property=\"og:site_name\" content=\"V\u00e9lez Topograf\u00eda\" \/>\n<meta property=\"article:publisher\" content=\"https:\/\/www.facebook.com\/veleztopografia\" \/>\n<meta property=\"article:modified_time\" content=\"2024-01-15T12:27:13+00:00\" \/>\n<meta property=\"og:image\" content=\"http:\/\/veleztopografia.com\/wp-content\/uploads\/2019\/12\/100_1218-300x200.jpg\" \/>\n<meta name=\"twitter:card\" content=\"summary_large_image\" \/>\n<meta name=\"twitter:site\" content=\"@alvaro_manen\" \/>\n<meta name=\"twitter:label1\" content=\"Tiempo de lectura\" \/>\n\t<meta name=\"twitter:data1\" content=\"5 minutos\" \/>\n<script type=\"application\/ld+json\" class=\"yoast-schema-graph\">{\"@context\":\"https:\\\/\\\/schema.org\",\"@graph\":[{\"@type\":\"WebPage\",\"@id\":\"https:\\\/\\\/veleztopografia.com\\\/index.php\\\/trabajos-de-topografia\\\/\",\"url\":\"https:\\\/\\\/veleztopografia.com\\\/index.php\\\/trabajos-de-topografia\\\/\",\"name\":\"Trabajos de topograf\u00eda.Ingeniero en top\u00f3graf\u00eda en la axarquia.\",\"isPartOf\":{\"@id\":\"http:\\\/\\\/veleztopografia.com\\\/#website\"},\"primaryImageOfPage\":{\"@id\":\"https:\\\/\\\/veleztopografia.com\\\/index.php\\\/trabajos-de-topografia\\\/#primaryimage\"},\"image\":{\"@id\":\"https:\\\/\\\/veleztopografia.com\\\/index.php\\\/trabajos-de-topografia\\\/#primaryimage\"},\"thumbnailUrl\":\"http:\\\/\\\/veleztopografia.com\\\/wp-content\\\/uploads\\\/2019\\\/12\\\/100_1218-300x200.jpg\",\"datePublished\":\"2017-07-12T05:54:02+00:00\",\"dateModified\":\"2024-01-15T12:27:13+00:00\",\"description\":\"Trabajos de topograf\u00eda.Servicios de topograf\u00eda en la axarqu\u00eda y M\u00e1laga.Medici\u00f3n de fincas,catastro,levantamiento topogr\u00e1ficos, segregaciones,replanteos.\",\"breadcrumb\":{\"@id\":\"https:\\\/\\\/veleztopografia.com\\\/index.php\\\/trabajos-de-topografia\\\/#breadcrumb\"},\"inLanguage\":\"es\",\"potentialAction\":[{\"@type\":\"ReadAction\",\"target\":[\"https:\\\/\\\/veleztopografia.com\\\/index.php\\\/trabajos-de-topografia\\\/\"]}]},{\"@type\":\"ImageObject\",\"inLanguage\":\"es\",\"@id\":\"https:\\\/\\\/veleztopografia.com\\\/index.php\\\/trabajos-de-topografia\\\/#primaryimage\",\"url\":\"https:\\\/\\\/veleztopografia.com\\\/wp-content\\\/uploads\\\/2019\\\/12\\\/100_1218-scaled.jpg\",\"contentUrl\":\"https:\\\/\\\/veleztopografia.com\\\/wp-content\\\/uploads\\\/2019\\\/12\\\/100_1218-scaled.jpg\",\"width\":2560,\"height\":1704,\"caption\":\"CONTROL GEOMETRICO DE TERRAPLEN EN POLOPOS-ALBU\u00d1OL (GRANADA)\"},{\"@type\":\"BreadcrumbList\",\"@id\":\"https:\\\/\\\/veleztopografia.com\\\/index.php\\\/trabajos-de-topografia\\\/#breadcrumb\",\"itemListElement\":[{\"@type\":\"ListItem\",\"position\":1,\"name\":\"Portada\",\"item\":\"http:\\\/\\\/veleztopografia.com\\\/\"},{\"@type\":\"ListItem\",\"position\":2,\"name\":\"Trabajos\"}]},{\"@type\":\"WebSite\",\"@id\":\"http:\\\/\\\/veleztopografia.com\\\/#website\",\"url\":\"http:\\\/\\\/veleztopografia.com\\\/\",\"name\":\"V\u00e9lez Topograf\u00eda\",\"description\":\"Top\u00f3grafo de V\u00e9lez-M\u00e1laga. Servicios de topografia en la Axarqu\u00eda y M\u00e1laga.Medici\u00f3n de fincas,catastro,validacion gr\u00e1fica,etc..\",\"publisher\":{\"@id\":\"http:\\\/\\\/veleztopografia.com\\\/#organization\"},\"potentialAction\":[{\"@type\":\"SearchAction\",\"target\":{\"@type\":\"EntryPoint\",\"urlTemplate\":\"http:\\\/\\\/veleztopografia.com\\\/?s={search_term_string}\"},\"query-input\":{\"@type\":\"PropertyValueSpecification\",\"valueRequired\":true,\"valueName\":\"search_term_string\"}}],\"inLanguage\":\"es\"},{\"@type\":\"Organization\",\"@id\":\"http:\\\/\\\/veleztopografia.com\\\/#organization\",\"name\":\"V\u00e9lez Topograf\u00eda\",\"url\":\"http:\\\/\\\/veleztopografia.com\\\/\",\"logo\":{\"@type\":\"ImageObject\",\"inLanguage\":\"es\",\"@id\":\"http:\\\/\\\/veleztopografia.com\\\/#\\\/schema\\\/logo\\\/image\\\/\",\"url\":\"https:\\\/\\\/i0.wp.com\\\/veleztopografia.com\\\/wp-content\\\/uploads\\\/2019\\\/12\\\/LOGO-VELEZTOPOGRAFIA200-1.jpg?fit=400%2C200&ssl=1\",\"contentUrl\":\"https:\\\/\\\/i0.wp.com\\\/veleztopografia.com\\\/wp-content\\\/uploads\\\/2019\\\/12\\\/LOGO-VELEZTOPOGRAFIA200-1.jpg?fit=400%2C200&ssl=1\",\"width\":400,\"height\":200,\"caption\":\"V\u00e9lez Topograf\u00eda\"},\"image\":{\"@id\":\"http:\\\/\\\/veleztopografia.com\\\/#\\\/schema\\\/logo\\\/image\\\/\"},\"sameAs\":[\"https:\\\/\\\/www.facebook.com\\\/veleztopografia\",\"https:\\\/\\\/x.com\\\/alvaro_manen\",\"https:\\\/\\\/www.instagram.com\\\/alvaromanen\\\/\",\"https:\\\/\\\/www.linkedin.com\\\/in\\\/alvaro-manen-0a7b9a4b\\\/\",\"https:\\\/\\\/www.youtube.com\\\/channel\\\/UCBbmXfa52pAGpmufiMrR3qg\\\/videos\"]}]}<\/script>\n<!-- \/ Yoast SEO Premium plugin. -->","yoast_head_json":{"title":"Trabajos de topograf\u00eda.Ingeniero en top\u00f3graf\u00eda en la axarquia.","description":"Trabajos de topograf\u00eda.Servicios de topograf\u00eda en la axarqu\u00eda y M\u00e1laga.Medici\u00f3n de fincas,catastro,levantamiento topogr\u00e1ficos, segregaciones,replanteos.","robots":{"index":"index","follow":"follow","max-snippet":"max-snippet:-1","max-image-preview":"max-image-preview:large","max-video-preview":"max-video-preview:-1"},"canonical":"https:\/\/veleztopografia.com\/index.php\/trabajos-de-topografia\/","og_locale":"es_ES","og_type":"article","og_title":"Trabajos","og_description":"Trabajos de topograf\u00eda.Servicios de topograf\u00eda en la axarqu\u00eda y M\u00e1laga.Medici\u00f3n de fincas,catastro,levantamiento topogr\u00e1ficos, segregaciones,replanteos.","og_url":"https:\/\/veleztopografia.com\/index.php\/trabajos-de-topografia\/","og_site_name":"V\u00e9lez Topograf\u00eda","article_publisher":"https:\/\/www.facebook.com\/veleztopografia","article_modified_time":"2024-01-15T12:27:13+00:00","og_image":[{"url":"http:\/\/veleztopografia.com\/wp-content\/uploads\/2019\/12\/100_1218-300x200.jpg","type":"","width":"","height":""}],"twitter_card":"summary_large_image","twitter_site":"@alvaro_manen","twitter_misc":{"Tiempo de lectura":"5 minutos"},"schema":{"@context":"https:\/\/schema.org","@graph":[{"@type":"WebPage","@id":"https:\/\/veleztopografia.com\/index.php\/trabajos-de-topografia\/","url":"https:\/\/veleztopografia.com\/index.php\/trabajos-de-topografia\/","name":"Trabajos de topograf\u00eda.Ingeniero en top\u00f3graf\u00eda en la axarquia.","isPartOf":{"@id":"http:\/\/veleztopografia.com\/#website"},"primaryImageOfPage":{"@id":"https:\/\/veleztopografia.com\/index.php\/trabajos-de-topografia\/#primaryimage"},"image":{"@id":"https:\/\/veleztopografia.com\/index.php\/trabajos-de-topografia\/#primaryimage"},"thumbnailUrl":"http:\/\/veleztopografia.com\/wp-content\/uploads\/2019\/12\/100_1218-300x200.jpg","datePublished":"2017-07-12T05:54:02+00:00","dateModified":"2024-01-15T12:27:13+00:00","description":"Trabajos de topograf\u00eda.Servicios de topograf\u00eda en la axarqu\u00eda y M\u00e1laga.Medici\u00f3n de fincas,catastro,levantamiento topogr\u00e1ficos, segregaciones,replanteos.","breadcrumb":{"@id":"https:\/\/veleztopografia.com\/index.php\/trabajos-de-topografia\/#breadcrumb"},"inLanguage":"es","potentialAction":[{"@type":"ReadAction","target":["https:\/\/veleztopografia.com\/index.php\/trabajos-de-topografia\/"]}]},{"@type":"ImageObject","inLanguage":"es","@id":"https:\/\/veleztopografia.com\/index.php\/trabajos-de-topografia\/#primaryimage","url":"https:\/\/veleztopografia.com\/wp-content\/uploads\/2019\/12\/100_1218-scaled.jpg","contentUrl":"https:\/\/veleztopografia.com\/wp-content\/uploads\/2019\/12\/100_1218-scaled.jpg","width":2560,"height":1704,"caption":"CONTROL GEOMETRICO DE TERRAPLEN EN POLOPOS-ALBU\u00d1OL (GRANADA)"},{"@type":"BreadcrumbList","@id":"https:\/\/veleztopografia.com\/index.php\/trabajos-de-topografia\/#breadcrumb","itemListElement":[{"@type":"ListItem","position":1,"name":"Portada","item":"http:\/\/veleztopografia.com\/"},{"@type":"ListItem","position":2,"name":"Trabajos"}]},{"@type":"WebSite","@id":"http:\/\/veleztopografia.com\/#website","url":"http:\/\/veleztopografia.com\/","name":"V\u00e9lez Topograf\u00eda","description":"Top\u00f3grafo de V\u00e9lez-M\u00e1laga. Servicios de topografia en la Axarqu\u00eda y M\u00e1laga.Medici\u00f3n de fincas,catastro,validacion gr\u00e1fica,etc..","publisher":{"@id":"http:\/\/veleztopografia.com\/#organization"},"potentialAction":[{"@type":"SearchAction","target":{"@type":"EntryPoint","urlTemplate":"http:\/\/veleztopografia.com\/?s={search_term_string}"},"query-input":{"@type":"PropertyValueSpecification","valueRequired":true,"valueName":"search_term_string"}}],"inLanguage":"es"},{"@type":"Organization","@id":"http:\/\/veleztopografia.com\/#organization","name":"V\u00e9lez Topograf\u00eda","url":"http:\/\/veleztopografia.com\/","logo":{"@type":"ImageObject","inLanguage":"es","@id":"http:\/\/veleztopografia.com\/#\/schema\/logo\/image\/","url":"https:\/\/i0.wp.com\/veleztopografia.com\/wp-content\/uploads\/2019\/12\/LOGO-VELEZTOPOGRAFIA200-1.jpg?fit=400%2C200&ssl=1","contentUrl":"https:\/\/i0.wp.com\/veleztopografia.com\/wp-content\/uploads\/2019\/12\/LOGO-VELEZTOPOGRAFIA200-1.jpg?fit=400%2C200&ssl=1","width":400,"height":200,"caption":"V\u00e9lez Topograf\u00eda"},"image":{"@id":"http:\/\/veleztopografia.com\/#\/schema\/logo\/image\/"},"sameAs":["https:\/\/www.facebook.com\/veleztopografia","https:\/\/x.com\/alvaro_manen","https:\/\/www.instagram.com\/alvaromanen\/","https:\/\/www.linkedin.com\/in\/alvaro-manen-0a7b9a4b\/","https:\/\/www.youtube.com\/channel\/UCBbmXfa52pAGpmufiMrR3qg\/videos"]}]}},"uagb_featured_image_src":{"full":false,"thumbnail":false,"medium":false,"medium_large":false,"large":false,"1536x1536":false,"2048x2048":false,"wpvr_mobile":false},"uagb_author_info":{"display_name":"amrtopomar@hotmail.com","author_link":"https:\/\/veleztopografia.com\/index.php\/author\/amrtopomarhotmail-com\/"},"uagb_comment_info":0,"uagb_excerpt":"Realizamos trabajos de topograf\u00eda en todo el territorio Nacional A lo largo de nuestra actividad, hemos realizado muchos trabajos de topograf\u00eda&nbsp; a instituciones, particulares y empresas de todo tipo. Como top\u00f3grafo en M\u00e1laga y Andaluc\u00eda, os rese\u00f1amos algunos de nuestros clientes: https:\/\/ferrovial.com\/\/ https:\/\/emocam.es https:\/\/adosestudio.com\/&nbsp; https:\/\/tecnicons.net\/&nbsp; https:\/\/nerja.es\/&nbsp; https:\/\/caiconsultores.com\/ Aqu\u00ed os dejamos algunos de los proyectos topogr\u00e1ficos&hellip;","_links":{"self":[{"href":"https:\/\/veleztopografia.com\/index.php\/wp-json\/wp\/v2\/pages\/74","targetHints":{"allow":["GET"]}}],"collection":[{"href":"https:\/\/veleztopografia.com\/index.php\/wp-json\/wp\/v2\/pages"}],"about":[{"href":"https:\/\/veleztopografia.com\/index.php\/wp-json\/wp\/v2\/types\/page"}],"author":[{"embeddable":true,"href":"https:\/\/veleztopografia.com\/index.php\/wp-json\/wp\/v2\/users\/1"}],"replies":[{"embeddable":true,"href":"https:\/\/veleztopografia.com\/index.php\/wp-json\/wp\/v2\/comments?post=74"}],"version-history":[{"count":96,"href":"https:\/\/veleztopografia.com\/index.php\/wp-json\/wp\/v2\/pages\/74\/revisions"}],"predecessor-version":[{"id":12426,"href":"https:\/\/veleztopografia.com\/index.php\/wp-json\/wp\/v2\/pages\/74\/revisions\/12426"}],"wp:attachment":[{"href":"https:\/\/veleztopografia.com\/index.php\/wp-json\/wp\/v2\/media?parent=74"}],"curies":[{"name":"wp","href":"https:\/\/api.w.org\/{rel}","templated":true}]}}