{"id":71,"date":"2017-07-12T05:53:59","date_gmt":"2017-07-12T05:53:59","guid":{"rendered":"https:\/\/websitedemos.net\/astra-lite-demo-5\/?page_id=71"},"modified":"2020-06-11T11:18:11","modified_gmt":"2020-06-11T11:18:11","slug":"topografo-en-velez-malaga-nosotros","status":"publish","type":"page","link":"https:\/\/veleztopografia.com\/index.php\/topografo-en-velez-malaga-nosotros\/","title":{"rendered":"Sobre nosotros"},"content":{"rendered":"\t\t<div data-elementor-type=\"wp-post\" data-elementor-id=\"71\" class=\"elementor elementor-71\" data-elementor-post-type=\"page\">\n\t\t\t\t\t\t<section class=\"elementor-section elementor-top-section elementor-element elementor-element-3taujn5 elementor-section-full_width elementor-section-height-min-height elementor-section-content-top elementor-section-height-default elementor-section-items-middle\" data-id=\"3taujn5\" data-element_type=\"section\" data-e-type=\"section\" data-settings=\"{&quot;background_background&quot;:&quot;classic&quot;}\">\n\t\t\t\t\t\t\t<div class=\"elementor-background-overlay\"><\/div>\n\t\t\t\t\t\t\t<div class=\"elementor-container elementor-column-gap-no\">\n\t\t\t\t\t<div class=\"elementor-column elementor-col-100 elementor-top-column elementor-element elementor-element-vjksd7g\" data-id=\"vjksd7g\" data-element_type=\"column\" data-e-type=\"column\" data-settings=\"{&quot;background_background&quot;:&quot;classic&quot;}\">\n\t\t\t<div class=\"elementor-widget-wrap elementor-element-populated\">\n\t\t\t\t\t\t<div class=\"elementor-element elementor-element-c7wr8i6 elementor-widget elementor-widget-heading\" data-id=\"c7wr8i6\" data-element_type=\"widget\" data-e-type=\"widget\" data-widget_type=\"heading.default\">\n\t\t\t\t<div class=\"elementor-widget-container\">\n\t\t\t\t\t<h1 class=\"elementor-heading-title elementor-size-small\">Tenemos la soluci\u00f3n topogr\u00e1fica...<br>...no busque m\u00e1s<\/h1>\t\t\t\t<\/div>\n\t\t\t\t<\/div>\n\t\t\t\t<div class=\"elementor-element elementor-element-54ae363 elementor-invisible elementor-widget elementor-widget-text-editor\" data-id=\"54ae363\" data-element_type=\"widget\" data-e-type=\"widget\" data-settings=\"{&quot;_animation&quot;:&quot;lightSpeedIn&quot;}\" data-widget_type=\"text-editor.default\">\n\t\t\t\t<div class=\"elementor-widget-container\">\n\t\t\t\t\t\t\t\t\t<p><a href=\"http:\/\/veleztopografia.com\/index.php\/2019\/12\/19\/velez-topografia-comienza-a-funcionar\/\">V\u00e9lez Topograf\u00eda comienza a funcionar<\/a>Top\u00f3grafo en V\u00e9lez-M\u00e1laga<\/p>\t\t\t\t\t\t\t\t<\/div>\n\t\t\t\t<\/div>\n\t\t\t\t<div class=\"elementor-element elementor-element-7u0mwv6 elementor-widget elementor-widget-spacer\" data-id=\"7u0mwv6\" data-element_type=\"widget\" data-e-type=\"widget\" data-widget_type=\"spacer.default\">\n\t\t\t\t<div class=\"elementor-widget-container\">\n\t\t\t\t\t\t\t<div class=\"elementor-spacer\">\n\t\t\t<div class=\"elementor-spacer-inner\"><\/div>\n\t\t<\/div>\n\t\t\t\t\t\t<\/div>\n\t\t\t\t<\/div>\n\t\t\t\t\t<\/div>\n\t\t<\/div>\n\t\t\t\t\t<\/div>\n\t\t<\/section>\n\t\t\t\t<section class=\"elementor-section elementor-top-section elementor-element elementor-element-fapomye elementor-section-content-top elementor-section-boxed elementor-section-height-default elementor-section-height-default\" data-id=\"fapomye\" data-element_type=\"section\" data-e-type=\"section\">\n\t\t\t\t\t\t<div class=\"elementor-container elementor-column-gap-default\">\n\t\t\t\t\t<div class=\"elementor-column elementor-col-66 elementor-top-column elementor-element elementor-element-9u16jx9\" data-id=\"9u16jx9\" data-element_type=\"column\" data-e-type=\"column\">\n\t\t\t<div class=\"elementor-widget-wrap elementor-element-populated\">\n\t\t\t\t\t\t<div class=\"elementor-element elementor-element-krsap84 elementor-widget elementor-widget-heading\" data-id=\"krsap84\" data-element_type=\"widget\" data-e-type=\"widget\" data-widget_type=\"heading.default\">\n\t\t\t\t<div class=\"elementor-widget-container\">\n\t\t\t\t\t<h3 class=\"elementor-heading-title elementor-size-default\">Top\u00f3grafo profesional en V\u00e9lez-M\u00e1laga<\/h3>\t\t\t\t<\/div>\n\t\t\t\t<\/div>\n\t\t\t\t<div class=\"elementor-element elementor-element-7evken5 elementor-widget elementor-widget-heading\" data-id=\"7evken5\" data-element_type=\"widget\" data-e-type=\"widget\" data-widget_type=\"heading.default\">\n\t\t\t\t<div class=\"elementor-widget-container\">\n\t\t\t\t\t<h4 class=\"elementor-heading-title elementor-size-default\">EXPERIENCIA, ESPECIALIZACI\u00d3N, EFICIENCIA<\/h4>\t\t\t\t<\/div>\n\t\t\t\t<\/div>\n\t\t\t\t<div class=\"elementor-element elementor-element-lgarfvt elementor-widget elementor-widget-text-editor\" data-id=\"lgarfvt\" data-element_type=\"widget\" data-e-type=\"widget\" data-widget_type=\"text-editor.default\">\n\t\t\t\t<div class=\"elementor-widget-container\">\n\t\t\t\t\t\t\t\t\t<p>\u00a0<\/p><p style=\"text-align: justify;\"><span style=\"font-size: medium;\"><span style=\"font-size: medium;\">\u00a0 \u00c1lvaro Man\u00e9n Ranea comienza como top\u00f3grafo en V\u00e9lez-M\u00e1laga en el a\u00f1o 2001, momento en el que decide dedicarse a la le empresa privada dentro de varios gabinetes de topograf\u00eda para poner en pr\u00e1ctica los conocimientos adquiridos en los estudios universitarios.<\/span><\/span><\/p><p style=\"text-align: justify;\"><span style=\"font-size: medium;\"><span style=\"font-size: medium;\">\u00a0<\/span><\/span><\/p><p style=\"text-align: justify;\"><span style=\"font-size: medium;\">\u00a0 En primer lugar VELEZ TOPOGRAFIA es una empresa de servicios de topograf\u00eda ubicada en V\u00e9lez-M\u00e1laga<\/span><span style=\"font-size: medium;\"> que presta sus servicios en las provincias de M\u00e1laga, Granada\u00a0 y Almer\u00eda.<\/span><\/p><p style=\"text-align: justify;\"><span style=\"font-size: medium;\">\u00a0<\/span><\/p><p><span style=\"font-size: medium;\">\u00a0 Debido a que contamos con un equipo de top\u00f3grafos profesionales con m\u00e1s de veinte a\u00f1os de experiencia en el sector y dotados con la tecnolog\u00eda m\u00e1s moderna que nos permite ofrecerle el mejor servicio al mejor precio.<\/span><\/p><p style=\"text-align: justify;\"><span style=\"font-size: medium;\">\u00a0 Como top\u00f3grafos colegiados contamos con una formaci\u00f3n continuada en el campo de la ingenier\u00eda topogr\u00e1fica que nos permite estar al d\u00eda tanto de los \u00faltimos avances t\u00e9cnicos y cient\u00edficos, como en la legislaci\u00f3n vigente en materia de deslindes, parcelaciones, catastro, etc.<\/span><\/p><p style=\"text-align: justify;\"><span style=\"font-size: medium;\">\u00a0 Especializados en todo tipo de trabajos de topograf\u00eda, cartograf\u00eda, fotogrametr\u00eda, catastro, edificaci\u00f3n y obra civil.\u00a0 Contamos con una infraestructura moderna, con herramientas de \u00faltima generaci\u00f3n, capaz de ofrecer el mejor servicio con la m\u00e1xima calidad y rapidez. <br \/><\/span><\/p><p style=\"text-align: justify;\"><span style=\"font-size: medium;\">\u00a0 Como resultado nuestros principales clientes son constructoras, estudios de arquitectura, ingenier\u00edas, particulares y administraciones p\u00fablicas.<\/span><\/p>\t\t\t\t\t\t\t\t<\/div>\n\t\t\t\t<\/div>\n\t\t\t\t<section class=\"elementor-section elementor-inner-section elementor-element elementor-element-j5d0pvk elementor-section-boxed elementor-section-height-default elementor-section-height-default\" data-id=\"j5d0pvk\" data-element_type=\"section\" data-e-type=\"section\">\n\t\t\t\t\t\t<div class=\"elementor-container elementor-column-gap-default\">\n\t\t\t\t\t<div class=\"elementor-column elementor-col-50 elementor-inner-column elementor-element elementor-element-roqmyf7\" data-id=\"roqmyf7\" data-element_type=\"column\" data-e-type=\"column\">\n\t\t\t<div class=\"elementor-widget-wrap elementor-element-populated\">\n\t\t\t\t\t\t<div class=\"elementor-element elementor-element-xc48swb elementor-align-start elementor-mobile-align-start elementor-icon-list--layout-traditional elementor-list-item-link-full_width elementor-widget elementor-widget-icon-list\" data-id=\"xc48swb\" data-element_type=\"widget\" data-e-type=\"widget\" data-widget_type=\"icon-list.default\">\n\t\t\t\t<div class=\"elementor-widget-container\">\n\t\t\t\t\t\t\t<ul class=\"elementor-icon-list-items\">\n\t\t\t\t\t\t\t<li class=\"elementor-icon-list-item\">\n\t\t\t\t\t\t\t\t\t\t\t<span class=\"elementor-icon-list-icon\">\n\t\t\t\t\t\t\t<svg aria-hidden=\"true\" class=\"e-font-icon-svg e-far-arrow-alt-circle-right\" viewBox=\"0 0 512 512\" xmlns=\"http:\/\/www.w3.org\/2000\/svg\"><path d=\"M504 256C504 119 393 8 256 8S8 119 8 256s111 248 248 248 248-111 248-248zm-448 0c0-110.5 89.5-200 200-200s200 89.5 200 200-89.5 200-200 200S56 366.5 56 256zm72 20v-40c0-6.6 5.4-12 12-12h116v-67c0-10.7 12.9-16 20.5-8.5l99 99c4.7 4.7 4.7 12.3 0 17l-99 99c-7.6 7.6-20.5 2.2-20.5-8.5v-67H140c-6.6 0-12-5.4-12-12z\"><\/path><\/svg>\t\t\t\t\t\t<\/span>\n\t\t\t\t\t\t\t\t\t\t<span class=\"elementor-icon-list-text\">Ingenieros T\u00e9cnicos en topografia colegiados <\/span>\n\t\t\t\t\t\t\t\t\t<\/li>\n\t\t\t\t\t\t\t\t<li class=\"elementor-icon-list-item\">\n\t\t\t\t\t\t\t\t\t\t\t<span class=\"elementor-icon-list-icon\">\n\t\t\t\t\t\t\t<svg aria-hidden=\"true\" class=\"e-font-icon-svg e-far-arrow-alt-circle-right\" viewBox=\"0 0 512 512\" xmlns=\"http:\/\/www.w3.org\/2000\/svg\"><path d=\"M504 256C504 119 393 8 256 8S8 119 8 256s111 248 248 248 248-111 248-248zm-448 0c0-110.5 89.5-200 200-200s200 89.5 200 200-89.5 200-200 200S56 366.5 56 256zm72 20v-40c0-6.6 5.4-12 12-12h116v-67c0-10.7 12.9-16 20.5-8.5l99 99c4.7 4.7 4.7 12.3 0 17l-99 99c-7.6 7.6-20.5 2.2-20.5-8.5v-67H140c-6.6 0-12-5.4-12-12z\"><\/path><\/svg>\t\t\t\t\t\t<\/span>\n\t\t\t\t\t\t\t\t\t\t<span class=\"elementor-icon-list-text\">Innovadores y eficientes en la prestaci\u00f3n de servicios y soluciones integrales<\/span>\n\t\t\t\t\t\t\t\t\t<\/li>\n\t\t\t\t\t\t<\/ul>\n\t\t\t\t\t\t<\/div>\n\t\t\t\t<\/div>\n\t\t\t\t\t<\/div>\n\t\t<\/div>\n\t\t\t\t<div class=\"elementor-column elementor-col-50 elementor-inner-column elementor-element elementor-element-1idrfkj\" data-id=\"1idrfkj\" data-element_type=\"column\" data-e-type=\"column\">\n\t\t\t<div class=\"elementor-widget-wrap elementor-element-populated\">\n\t\t\t\t\t\t<div class=\"elementor-element elementor-element-pxj6onr elementor-align-start elementor-icon-list--layout-traditional elementor-list-item-link-full_width elementor-widget elementor-widget-icon-list\" data-id=\"pxj6onr\" data-element_type=\"widget\" data-e-type=\"widget\" data-widget_type=\"icon-list.default\">\n\t\t\t\t<div class=\"elementor-widget-container\">\n\t\t\t\t\t\t\t<ul class=\"elementor-icon-list-items\">\n\t\t\t\t\t\t\t<li class=\"elementor-icon-list-item\">\n\t\t\t\t\t\t\t\t\t\t\t<span class=\"elementor-icon-list-icon\">\n\t\t\t\t\t\t\t<svg aria-hidden=\"true\" class=\"e-font-icon-svg e-far-arrow-alt-circle-right\" viewBox=\"0 0 512 512\" xmlns=\"http:\/\/www.w3.org\/2000\/svg\"><path d=\"M504 256C504 119 393 8 256 8S8 119 8 256s111 248 248 248 248-111 248-248zm-448 0c0-110.5 89.5-200 200-200s200 89.5 200 200-89.5 200-200 200S56 366.5 56 256zm72 20v-40c0-6.6 5.4-12 12-12h116v-67c0-10.7 12.9-16 20.5-8.5l99 99c4.7 4.7 4.7 12.3 0 17l-99 99c-7.6 7.6-20.5 2.2-20.5-8.5v-67H140c-6.6 0-12-5.4-12-12z\"><\/path><\/svg>\t\t\t\t\t\t<\/span>\n\t\t\t\t\t\t\t\t\t\t<span class=\"elementor-icon-list-text\">A la vanguardia de los avances tecn\u00f3logicos en equipos y materiales topogr\u00e1ficos<\/span>\n\t\t\t\t\t\t\t\t\t<\/li>\n\t\t\t\t\t\t\t\t<li class=\"elementor-icon-list-item\">\n\t\t\t\t\t\t\t\t\t\t\t<span class=\"elementor-icon-list-icon\">\n\t\t\t\t\t\t\t<svg aria-hidden=\"true\" class=\"e-font-icon-svg e-far-arrow-alt-circle-right\" viewBox=\"0 0 512 512\" xmlns=\"http:\/\/www.w3.org\/2000\/svg\"><path d=\"M504 256C504 119 393 8 256 8S8 119 8 256s111 248 248 248 248-111 248-248zm-448 0c0-110.5 89.5-200 200-200s200 89.5 200 200-89.5 200-200 200S56 366.5 56 256zm72 20v-40c0-6.6 5.4-12 12-12h116v-67c0-10.7 12.9-16 20.5-8.5l99 99c4.7 4.7 4.7 12.3 0 17l-99 99c-7.6 7.6-20.5 2.2-20.5-8.5v-67H140c-6.6 0-12-5.4-12-12z\"><\/path><\/svg>\t\t\t\t\t\t<\/span>\n\t\t\t\t\t\t\t\t\t\t<span class=\"elementor-icon-list-text\">Ofrecemos productos y servicios topograficos de alta calidad<\/span>\n\t\t\t\t\t\t\t\t\t<\/li>\n\t\t\t\t\t\t<\/ul>\n\t\t\t\t\t\t<\/div>\n\t\t\t\t<\/div>\n\t\t\t\t\t<\/div>\n\t\t<\/div>\n\t\t\t\t\t<\/div>\n\t\t<\/section>\n\t\t\t\t\t<\/div>\n\t\t<\/div>\n\t\t\t\t<div class=\"elementor-column elementor-col-33 elementor-top-column elementor-element elementor-element-jk2hlai\" data-id=\"jk2hlai\" data-element_type=\"column\" data-e-type=\"column\">\n\t\t\t<div class=\"elementor-widget-wrap elementor-element-populated\">\n\t\t\t\t\t\t<div class=\"elementor-element elementor-element-b4oo6jw elementor-widget elementor-widget-image\" data-id=\"b4oo6jw\" data-element_type=\"widget\" data-e-type=\"widget\" data-widget_type=\"image.default\">\n\t\t\t\t<div class=\"elementor-widget-container\">\n\t\t\t\t\t\t\t\t\t\t\t\t<figure class=\"wp-caption\">\n\t\t\t\t\t\t\t\t\t\t\t<a href=\"http:\/\/veleztopografia.com\/wp-content\/uploads\/2020\/04\/DJI_0044-scaled.jpg\" data-elementor-open-lightbox=\"yes\" data-elementor-lightbox-title=\"DJI 0044\" data-elementor-lightbox-description=\"topografo en velez malaga vigilancia con dron levantamiento topografico medicion fincas parcelas segregacion reparcelacion replanteo \" data-e-action-hash=\"#elementor-action%3Aaction%3Dlightbox%26settings%3DeyJpZCI6MjEzMywidXJsIjoiaHR0cHM6XC9cL3ZlbGV6dG9wb2dyYWZpYS5jb21cL3dwLWNvbnRlbnRcL3VwbG9hZHNcLzIwMjBcLzA0XC9ESklfMDA0NC5qcGcifQ%3D%3D\">\n\t\t\t\t\t\t\t<img decoding=\"async\" src=\"https:\/\/veleztopografia.com\/wp-content\/uploads\/2020\/04\/DJI_0044.jpg\" title=\"DJI 0044\" alt=\"topografo malaga\" loading=\"lazy\" \/>\t\t\t\t\t\t\t\t<\/a>\n\t\t\t\t\t\t\t\t\t\t\t<figcaption class=\"widget-image-caption wp-caption-text\"><\/figcaption>\n\t\t\t\t\t\t\t\t\t\t<\/figure>\n\t\t\t\t\t\t\t\t\t<\/div>\n\t\t\t\t<\/div>\n\t\t\t\t<section class=\"elementor-section elementor-inner-section elementor-element elementor-element-b1e9b2c elementor-section-boxed elementor-section-height-default elementor-section-height-default\" data-id=\"b1e9b2c\" data-element_type=\"section\" data-e-type=\"section\">\n\t\t\t\t\t\t<div class=\"elementor-container elementor-column-gap-default\">\n\t\t\t\t\t<div class=\"elementor-column elementor-col-50 elementor-inner-column elementor-element elementor-element-88fa0c6\" data-id=\"88fa0c6\" data-element_type=\"column\" data-e-type=\"column\">\n\t\t\t<div class=\"elementor-widget-wrap elementor-element-populated\">\n\t\t\t\t\t\t<div class=\"elementor-element elementor-element-e7a55e6 elementor-widget elementor-widget-text-editor\" data-id=\"e7a55e6\" data-element_type=\"widget\" data-e-type=\"widget\" data-widget_type=\"text-editor.default\">\n\t\t\t\t<div class=\"elementor-widget-container\">\n\t\t\t\t\t\t\t\t\t<p>top\u00f3grafo en Aguadulce top\u00f3grafo en Alan\u00eds top\u00f3grafo en Albaida del Aljarafe top\u00f3grafo en Alcal\u00e1 de Guada\u00edra top\u00f3grafo en Alcal\u00e1 del R\u00edo top\u00f3grafo en Alcolea del R\u00edo top\u00f3grafo en La Algaba top\u00f3grafo en Alg\u00e1mitas top\u00f3grafo en Almad\u00e9n de la Plata top\u00f3grafo en Almensilla top\u00f3grafo en Arahal top\u00f3grafo en Aznalc\u00e1zar top\u00f3grafo en Aznalc\u00f3llar top\u00f3grafo en Badolatosa top\u00f3grafo en Benacaz\u00f3n top\u00f3grafo en Bollullos de la Mitaci\u00f3n top\u00f3grafo en Bormujos top\u00f3grafo en Brenes top\u00f3grafo en Burguillos top\u00f3grafo en Las Cabezas de San Juan top\u00f3grafo en Camas top\u00f3grafo en La Campana top\u00f3grafo en Cantillana top\u00f3grafo en Ca\u00f1ada Rosal top\u00f3grafo en Carmona top\u00f3grafo en Carri\u00f3n de los C\u00e9spedes top\u00f3grafo en Casariche top\u00f3grafo en Castilblanco de los Arro top\u00f3grafo en Castilleja de Guzm\u00e1n top\u00f3grafo en Castilleja de la Cuesta top\u00f3grafo en Castilleja del Campo top\u00f3grafo en El Castillo de las Guard top\u00f3grafo en Cazalla de la Sierra top\u00f3grafo en Constantina top\u00f3grafo en Coria del R\u00edo top\u00f3grafo en Coripe top\u00f3grafo en El Coronil top\u00f3grafo en Los Corrales top\u00f3grafo en El Cuervo de Sevilla top\u00f3grafo en Dos Hermanas top\u00f3grafo en \u00c9cija top\u00f3grafo en Espartinas top\u00f3grafo en Estepa top\u00f3grafo en Fuentes de Andaluc\u00eda top\u00f3grafo en El Garrobo top\u00f3grafo en Gelves top\u00f3grafo en Gerena top\u00f3grafo en Gilena top\u00f3grafo en Gines top\u00f3grafo en Guadalcanal top\u00f3grafo en Guillena top\u00f3grafo en Herrera top\u00f3grafo en Hu\u00e9var del Aljarafe top\u00f3grafo en Isla Mayor top\u00f3grafo en La Lantejuela top\u00f3grafo en Lebrija top\u00f3grafo en Lora de Estepa top\u00f3grafo en Lora del R\u00edo top\u00f3grafo en La Luisiana top\u00f3grafo en El Madro\u00f1o top\u00f3grafo en Mairena del Alcor top\u00f3grafo en Mairena del Aljarafe top\u00f3grafo en Marchena top\u00f3grafo en Marinaleda top\u00f3grafo en Mart\u00edn de la Jara top\u00f3grafo en Los Molares top\u00f3grafo en Montellano top\u00f3grafo en Mor\u00f3n de la Frontera top\u00f3grafo en Las Navas de la Concepci top\u00f3grafo en Olivares top\u00f3grafo en Osuna top\u00f3grafo en Los Palacios y Villafran top\u00f3grafo en Palomares del R\u00edo top\u00f3grafo en Paradas top\u00f3grafo en Pedrera top\u00f3grafo en El Pedroso top\u00f3grafo en Pe\u00f1aflor top\u00f3grafo en Pilas top\u00f3grafo en Pruna top\u00f3grafo en La Puebla de Cazalla top\u00f3grafo en La Puebla de los Infante top\u00f3grafo en La Puebla del R\u00edo top\u00f3grafo en El Real de la Jara top\u00f3grafo en La Rinconada top\u00f3grafo en La Roda de Andaluc\u00eda top\u00f3grafo en El Ronquillo top\u00f3grafo en El Rubio top\u00f3grafo en Salteras top\u00f3grafo en San Juan de Aznalfarache top\u00f3grafo en San Nicol\u00e1s del Puerto top\u00f3grafo en Sanl\u00facar la Mayor top\u00f3grafo en Santiponce top\u00f3grafo en El Saucejo top\u00f3grafo en Sevilla top\u00f3grafo en Tocina top\u00f3grafo en Tomares top\u00f3grafo en Umbrete top\u00f3grafo en Utrera top\u00f3grafo en Valencina de la Concepci top\u00f3grafo en Villamanrique de la Cond top\u00f3grafo en Villanueva de San Juan top\u00f3grafo en Villanueva del Ariscal top\u00f3grafo en Villanueva del R\u00edo y Min top\u00f3grafo en Villaverde del R\u00edo top\u00f3grafo en El Viso del Alcor top\u00f3grafo en m\u00e1laga topograf\u00eda en m\u00e1laga<\/p>\t\t\t\t\t\t\t\t<\/div>\n\t\t\t\t<\/div>\n\t\t\t\t\t<\/div>\n\t\t<\/div>\n\t\t\t\t<div class=\"elementor-column elementor-col-50 elementor-inner-column elementor-element elementor-element-3a7f9cb\" data-id=\"3a7f9cb\" data-element_type=\"column\" data-e-type=\"column\">\n\t\t\t<div class=\"elementor-widget-wrap elementor-element-populated\">\n\t\t\t\t\t\t<div class=\"elementor-element elementor-element-e9b22b8 elementor-widget elementor-widget-text-editor\" data-id=\"e9b22b8\" data-element_type=\"widget\" data-e-type=\"widget\" data-widget_type=\"text-editor.default\">\n\t\t\t\t<div class=\"elementor-widget-container\">\n\t\t\t\t\t\t\t\t\t<p>top\u00f3grafo en Abla top\u00f3grafo en Abrucena top\u00f3grafo en Adra top\u00f3grafo en Alb\u00e1nchez top\u00f3grafo en Alboloduy top\u00f3grafo en Albox top\u00f3grafo en Alcolea top\u00f3grafo en Alc\u00f3ntar top\u00f3grafo en Alcudia de Monteagud top\u00f3grafo en Alhabia top\u00f3grafo en Alhama de Almer\u00eda top\u00f3grafo en Alic\u00fan top\u00f3grafo en Almer\u00eda top\u00f3grafo en Alm\u00f3cita top\u00f3grafo en Alsodux top\u00f3grafo en Antas top\u00f3grafo en Arboleas top\u00f3grafo en Armu\u00f1a de Almanzora top\u00f3grafo en Bacares top\u00f3grafo en Balanegra top\u00f3grafo en Bay\u00e1rcal top\u00f3grafo en Bayarque top\u00f3grafo en B\u00e9dar top\u00f3grafo en Beires top\u00f3grafo en Benahadux top\u00f3grafo en Benitagla top\u00f3grafo en Benizal\u00f3n top\u00f3grafo en Bentarique top\u00f3grafo en Berja top\u00f3grafo en Canj\u00e1yar<br \/>top\u00f3grafo en Cantoria top\u00f3grafo en Carboneras top\u00f3grafo en Castro de Filabres top\u00f3grafo en Chercos<br \/>top\u00f3grafo en Chirivel top\u00f3grafo en C\u00f3bdar top\u00f3grafo en Cuevas del Almanzora top\u00f3grafo en Dal\u00edas top\u00f3grafo en El Ejido top\u00f3grafo en Enix top\u00f3grafo en Felix top\u00f3grafo en Fines top\u00f3grafo en Fi\u00f1ana top\u00f3grafo en Fond\u00f3n top\u00f3grafo en G\u00e1dor top\u00f3grafo en Los Gallardos top\u00f3grafo en Garrucha top\u00f3grafo en G\u00e9rgal<br \/>top\u00f3grafo en Hu\u00e9cija top\u00f3grafo en Hu\u00e9rcal de Almer\u00eda<br \/>top\u00f3grafo en Hu\u00e9rcal-Overa top\u00f3grafo en \u00cdllar top\u00f3grafo en Instinci\u00f3n top\u00f3grafo en Laroya<br \/>top\u00f3grafo en Laujar de Andarax top\u00f3grafo en L\u00edjar top\u00f3grafo en Lubr\u00edn top\u00f3grafo en Lucainena de las Torres top\u00f3grafo en L\u00facar top\u00f3grafo en Macael top\u00f3grafo en Mar\u00eda top\u00f3grafo en Moj\u00e1car top\u00f3grafo en La Mojonera top\u00f3grafo en Nacimiento top\u00f3grafo en N\u00edjar top\u00f3grafo en Ohanes top\u00f3grafo en Olula de Castro top\u00f3grafo en Olula del R\u00edo top\u00f3grafo en Oria top\u00f3grafo en Padules top\u00f3grafo en Partaloa top\u00f3grafo en Paterna del R\u00edo top\u00f3grafo en Pechina top\u00f3grafo en Pulp\u00ed top\u00f3grafo en Purchena top\u00f3grafo en R\u00e1gol<br \/>top\u00f3grafo en Rioja top\u00f3grafo en Roquetas de Mar top\u00f3grafo en Santa Cruz de Marchena top\u00f3grafo en Santa Fe de Mond\u00fajar top\u00f3grafo en Sen\u00e9s top\u00f3grafo en Ser\u00f3n top\u00f3grafo en Sierro top\u00f3grafo en Somont\u00edn top\u00f3grafo en Sorbas top\u00f3grafo en Sufl\u00ed top\u00f3grafo en Tabernas top\u00f3grafo en Taberno top\u00f3grafo en Tahal top\u00f3grafo en Terque top\u00f3grafo en T\u00edjola top\u00f3grafo en Las Tres Villas top\u00f3grafo en Turre top\u00f3grafo en Turrillas top\u00f3grafo en Uleila del Campo top\u00f3grafo en Urr\u00e1cal top\u00f3grafo en Velefique top\u00f3grafo en V\u00e9lez-Blanco top\u00f3grafo en V\u00e9lez-Rubio top\u00f3grafo en Vera top\u00f3grafo en Viator top\u00f3grafo en V\u00edcar top\u00f3grafo en Zurgena top\u00f3grafo en m\u00e1laga topograf\u00eda en m\u00e1laga<\/p>\t\t\t\t\t\t\t\t<\/div>\n\t\t\t\t<\/div>\n\t\t\t\t\t<\/div>\n\t\t<\/div>\n\t\t\t\t\t<\/div>\n\t\t<\/section>\n\t\t\t\t\t<\/div>\n\t\t<\/div>\n\t\t\t\t\t<\/div>\n\t\t<\/section>\n\t\t\t\t<section class=\"elementor-section elementor-inner-section elementor-element elementor-element-gsqufme elementor-section-boxed elementor-section-height-default elementor-section-height-default\" data-id=\"gsqufme\" data-element_type=\"section\" data-e-type=\"section\" data-settings=\"{&quot;background_background&quot;:&quot;classic&quot;}\">\n\t\t\t\t\t\t\t<div class=\"elementor-background-overlay\"><\/div>\n\t\t\t\t\t\t\t<div class=\"elementor-container elementor-column-gap-default\">\n\t\t\t\t\t<div class=\"elementor-column elementor-col-50 elementor-inner-column elementor-element elementor-element-iqckaiy\" data-id=\"iqckaiy\" data-element_type=\"column\" data-e-type=\"column\">\n\t\t\t<div class=\"elementor-widget-wrap elementor-element-populated\">\n\t\t\t\t\t\t<div class=\"elementor-element elementor-element-997k3f2 elementor-widget elementor-widget-heading\" data-id=\"997k3f2\" data-element_type=\"widget\" data-e-type=\"widget\" data-widget_type=\"heading.default\">\n\t\t\t\t<div class=\"elementor-widget-container\">\n\t\t\t\t\t<h2 class=\"elementor-heading-title elementor-size-default\">Lo que ofrecemos<\/h2>\t\t\t\t<\/div>\n\t\t\t\t<\/div>\n\t\t\t\t<div class=\"elementor-element elementor-element-hakuxsk elementor-widget elementor-widget-text-editor\" data-id=\"hakuxsk\" data-element_type=\"widget\" data-e-type=\"widget\" data-widget_type=\"text-editor.default\">\n\t\t\t\t<div class=\"elementor-widget-container\">\n\t\t\t\t\t\t\t\t\t<p><b><em>Como resultado de los a\u00f1os de experencia en&nbsp; VELEZ TOPOGRAFIA&nbsp; ofrecemos todo tipo de servicios topogr\u00e1ficos. Sea cual sea su necesidad,&nbsp;nos adaptamos a lo que necesita ofreciendo respuestas r\u00e1pidas y eficaces, con el mejor&nbsp;material topogr\u00e1fico y un equipo humano muy competente e involucrado en su proyecto al m\u00e1ximo, sea cual sea su tama\u00f1o. Cons\u00faltenos y seguro que quedar\u00e1 satisfecho.\u201c<\/em><\/b><\/p>\n<h6><b><em><br><\/em><\/b><\/h6>\n<p><br><\/p>\t\t\t\t\t\t\t\t<\/div>\n\t\t\t\t<\/div>\n\t\t\t\t\t<\/div>\n\t\t<\/div>\n\t\t\t\t<div class=\"elementor-column elementor-col-50 elementor-inner-column elementor-element elementor-element-sxgbxab\" data-id=\"sxgbxab\" data-element_type=\"column\" data-e-type=\"column\">\n\t\t\t<div class=\"elementor-widget-wrap elementor-element-populated\">\n\t\t\t\t\t\t<div class=\"elementor-element elementor-element-d4ff4b7 elementor-widget elementor-widget-image\" data-id=\"d4ff4b7\" data-element_type=\"widget\" data-e-type=\"widget\" data-widget_type=\"image.default\">\n\t\t\t\t<div class=\"elementor-widget-container\">\n\t\t\t\t\t\t\t\t\t\t\t\t\t\t\t<img fetchpriority=\"high\" decoding=\"async\" width=\"300\" height=\"300\" src=\"https:\/\/veleztopografia.com\/wp-content\/uploads\/2019\/12\/Georeferenciacion-1-300x300.jpg\" class=\"attachment-medium size-medium wp-image-1224\" alt=\"topografo en malaga\" srcset=\"https:\/\/veleztopografia.com\/wp-content\/uploads\/2019\/12\/Georeferenciacion-1-300x300.jpg 300w, https:\/\/veleztopografia.com\/wp-content\/uploads\/2019\/12\/Georeferenciacion-1-1024x1024.jpg 1024w, https:\/\/veleztopografia.com\/wp-content\/uploads\/2019\/12\/Georeferenciacion-1-150x150.jpg 150w, https:\/\/veleztopografia.com\/wp-content\/uploads\/2019\/12\/Georeferenciacion-1-768x768.jpg 768w, https:\/\/veleztopografia.com\/wp-content\/uploads\/2019\/12\/Georeferenciacion-1.jpg 1378w\" sizes=\"(max-width: 300px) 100vw, 300px\" \/>\t\t\t\t\t\t\t\t\t\t\t\t\t\t\t<\/div>\n\t\t\t\t<\/div>\n\t\t\t\t\t<\/div>\n\t\t<\/div>\n\t\t\t\t\t<\/div>\n\t\t<\/section>\n\t\t\t\t<section class=\"elementor-section elementor-top-section elementor-element elementor-element-3tnw2jp elementor-section-boxed elementor-section-height-default elementor-section-height-default\" data-id=\"3tnw2jp\" data-element_type=\"section\" data-e-type=\"section\">\n\t\t\t\t\t\t\t<div class=\"elementor-background-overlay\"><\/div>\n\t\t\t\t\t\t\t<div class=\"elementor-container elementor-column-gap-default\">\n\t\t\t\t\t<div class=\"elementor-column elementor-col-33 elementor-top-column elementor-element elementor-element-zi9nh6d\" data-id=\"zi9nh6d\" data-element_type=\"column\" data-e-type=\"column\">\n\t\t\t<div class=\"elementor-widget-wrap elementor-element-populated\">\n\t\t\t\t\t\t<div class=\"elementor-element elementor-element-cl7vsme elementor-widget elementor-widget-spacer\" data-id=\"cl7vsme\" data-element_type=\"widget\" data-e-type=\"widget\" data-widget_type=\"spacer.default\">\n\t\t\t\t<div class=\"elementor-widget-container\">\n\t\t\t\t\t\t\t<div class=\"elementor-spacer\">\n\t\t\t<div class=\"elementor-spacer-inner\"><\/div>\n\t\t<\/div>\n\t\t\t\t\t\t<\/div>\n\t\t\t\t<\/div>\n\t\t\t\t<div class=\"elementor-element elementor-element-uiyj1lz elementor-position-top elementor-widget elementor-widget-image-box\" data-id=\"uiyj1lz\" data-element_type=\"widget\" data-e-type=\"widget\" data-widget_type=\"image-box.default\">\n\t\t\t\t<div class=\"elementor-widget-container\">\n\t\t\t\t\t<div class=\"elementor-image-box-wrapper\"><figure class=\"elementor-image-box-img\"><a href=\"http:\/\/www.coigt.com\/profesional\/0007866\" tabindex=\"-1\"><img decoding=\"async\" width=\"300\" height=\"288\" src=\"https:\/\/veleztopografia.com\/wp-content\/uploads\/2019\/12\/0007866QR_481-300x288.png\" class=\"attachment-medium size-medium wp-image-1118\" alt=\"\u00e1lvaro man\u00e9n ranea. topografo colegiado. top\u00f3grafo v\u00e9lez-malaga. movimiento de tierras\" srcset=\"https:\/\/veleztopografia.com\/wp-content\/uploads\/2019\/12\/0007866QR_481-300x288.png 300w, https:\/\/veleztopografia.com\/wp-content\/uploads\/2019\/12\/0007866QR_481.png 629w\" sizes=\"(max-width: 300px) 100vw, 300px\" \/><\/a><\/figure><div class=\"elementor-image-box-content\"><h4 class=\"elementor-image-box-title\"><a href=\"http:\/\/www.coigt.com\/profesional\/0007866\">GARANT\u00cdA<\/a><\/h4><p class=\"elementor-image-box-description\">Trabajar con Ingenieros T\u00e9cnicos en Topograf\u00eda colegiados.La garant\u00eda de ofrecerle los planos e informes visados. La garant\u00eda de revisi\u00f3n y control de calidad de los trabajos entregados.<\/p><\/div><\/div>\t\t\t\t<\/div>\n\t\t\t\t<\/div>\n\t\t\t\t\t<\/div>\n\t\t<\/div>\n\t\t\t\t<div class=\"elementor-column elementor-col-33 elementor-top-column elementor-element elementor-element-i2nq3xo\" data-id=\"i2nq3xo\" data-element_type=\"column\" data-e-type=\"column\">\n\t\t\t<div class=\"elementor-widget-wrap elementor-element-populated\">\n\t\t\t\t\t\t<div class=\"elementor-element elementor-element-4118ghn elementor-widget elementor-widget-spacer\" data-id=\"4118ghn\" data-element_type=\"widget\" data-e-type=\"widget\" data-widget_type=\"spacer.default\">\n\t\t\t\t<div class=\"elementor-widget-container\">\n\t\t\t\t\t\t\t<div class=\"elementor-spacer\">\n\t\t\t<div class=\"elementor-spacer-inner\"><\/div>\n\t\t<\/div>\n\t\t\t\t\t\t<\/div>\n\t\t\t\t<\/div>\n\t\t\t\t<div class=\"elementor-element elementor-element-xcae4wb elementor-position-top elementor-widget elementor-widget-image-box\" data-id=\"xcae4wb\" data-element_type=\"widget\" data-e-type=\"widget\" data-widget_type=\"image-box.default\">\n\t\t\t\t<div class=\"elementor-widget-container\">\n\t\t\t\t\t<div class=\"elementor-image-box-wrapper\"><figure class=\"elementor-image-box-img\"><img decoding=\"async\" width=\"300\" height=\"200\" src=\"https:\/\/veleztopografia.com\/wp-content\/uploads\/2019\/12\/caricatura-estado-real_24640-36122-1-300x200.jpg\" class=\"attachment-medium size-medium wp-image-1212\" alt=\"\" srcset=\"https:\/\/veleztopografia.com\/wp-content\/uploads\/2019\/12\/caricatura-estado-real_24640-36122-1-300x200.jpg 300w, https:\/\/veleztopografia.com\/wp-content\/uploads\/2019\/12\/caricatura-estado-real_24640-36122-1.jpg 626w\" sizes=\"(max-width: 300px) 100vw, 300px\" \/><\/figure><div class=\"elementor-image-box-content\"><h4 class=\"elementor-image-box-title\">MISION<\/h4><p class=\"elementor-image-box-description\">Aportar valor a los proyectos topogr\u00e1ficos en desarrollo, desde una gesti\u00f3n caracterizada por el fomento del esp\u00edritu emprendedor, la responsabilidad social la transparencia y el rigor en la gesti\u00f3n<\/p><\/div><\/div>\t\t\t\t<\/div>\n\t\t\t\t<\/div>\n\t\t\t\t\t<\/div>\n\t\t<\/div>\n\t\t\t\t<div class=\"elementor-column elementor-col-33 elementor-top-column elementor-element elementor-element-vxwr90m\" data-id=\"vxwr90m\" data-element_type=\"column\" data-e-type=\"column\">\n\t\t\t<div class=\"elementor-widget-wrap elementor-element-populated\">\n\t\t\t\t\t\t<div class=\"elementor-element elementor-element-femsanp elementor-widget elementor-widget-spacer\" data-id=\"femsanp\" data-element_type=\"widget\" data-e-type=\"widget\" data-widget_type=\"spacer.default\">\n\t\t\t\t<div class=\"elementor-widget-container\">\n\t\t\t\t\t\t\t<div class=\"elementor-spacer\">\n\t\t\t<div class=\"elementor-spacer-inner\"><\/div>\n\t\t<\/div>\n\t\t\t\t\t\t<\/div>\n\t\t\t\t<\/div>\n\t\t\t\t<div class=\"elementor-element elementor-element-3ox101w elementor-position-top elementor-widget elementor-widget-image-box\" data-id=\"3ox101w\" data-element_type=\"widget\" data-e-type=\"widget\" data-widget_type=\"image-box.default\">\n\t\t\t\t<div class=\"elementor-widget-container\">\n\t\t\t\t\t<div class=\"elementor-image-box-wrapper\"><figure class=\"elementor-image-box-img\"><img loading=\"lazy\" decoding=\"async\" width=\"300\" height=\"300\" src=\"https:\/\/veleztopografia.com\/wp-content\/uploads\/2019\/12\/431-300x300.jpg\" class=\"attachment-medium size-medium wp-image-1180\" alt=\"431\" srcset=\"https:\/\/veleztopografia.com\/wp-content\/uploads\/2019\/12\/431-300x300.jpg 300w, https:\/\/veleztopografia.com\/wp-content\/uploads\/2019\/12\/431-1024x1024.jpg 1024w, https:\/\/veleztopografia.com\/wp-content\/uploads\/2019\/12\/431-150x150.jpg 150w, https:\/\/veleztopografia.com\/wp-content\/uploads\/2019\/12\/431-768x768.jpg 768w, https:\/\/veleztopografia.com\/wp-content\/uploads\/2019\/12\/431-1536x1536.jpg 1536w, https:\/\/veleztopografia.com\/wp-content\/uploads\/2019\/12\/431.jpg 2000w\" sizes=\"(max-width: 300px) 100vw, 300px\" \/><\/figure><div class=\"elementor-image-box-content\"><h4 class=\"elementor-image-box-title\">NUESTRO COMPROMISO<\/h4><p class=\"elementor-image-box-description\">En Velez Topograf\u00eda creemos que nuestros clientes necesitan soluciones que les permitan obtener resultados de calidad.El trabajo continuo es la manera de que esto se haga realidad.<\/p><\/div><\/div>\t\t\t\t<\/div>\n\t\t\t\t<\/div>\n\t\t\t\t\t<\/div>\n\t\t<\/div>\n\t\t\t\t\t<\/div>\n\t\t<\/section>\n\t\t\t\t<\/div>\n\t\t","protected":false},"excerpt":{"rendered":"<p>Tenemos la soluci\u00f3n topogr\u00e1fica&#8230; &#8230;no busque m\u00e1s V\u00e9lez Topograf\u00eda comienza a funcionarTop\u00f3grafo en V\u00e9lez-M\u00e1laga Top\u00f3grafo profesional en V\u00e9lez-M\u00e1laga EXPERIENCIA, ESPECIALIZACI\u00d3N, EFICIENCIA &nbsp; \u00c1lvaro Man\u00e9n Ranea comienza como top\u00f3grafo en V\u00e9lez-M\u00e1laga en el a\u00f1o 2001, momento en el que decide dedicarse a la le empresa privada dentro de varios gabinetes de topograf\u00eda para poner en pr\u00e1ctica [&hellip;]<\/p>\n","protected":false},"author":1,"featured_media":0,"parent":0,"menu_order":0,"comment_status":"closed","ping_status":"closed","template":"","meta":{"_uag_custom_page_level_css":"","_monsterinsights_skip_tracking":false,"_monsterinsights_sitenote_active":false,"_monsterinsights_sitenote_note":"","_monsterinsights_sitenote_category":0,"site-sidebar-layout":"no-sidebar","site-content-layout":"page-builder","ast-site-content-layout":"default","site-content-style":"default","site-sidebar-style":"default","ast-global-header-display":"","ast-banner-title-visibility":"","ast-main-header-display":"","ast-hfb-above-header-display":"","ast-hfb-below-header-display":"","ast-hfb-mobile-header-display":"","site-post-title":"disabled","ast-breadcrumbs-content":"","ast-featured-img":"disabled","footer-sml-layout":"","ast-disable-related-posts":"","theme-transparent-header-meta":"default","adv-header-id-meta":"","stick-header-meta":"default","header-above-stick-meta":"","header-main-stick-meta":"","header-below-stick-meta":"","astra-migrate-meta-layouts":"default","ast-page-background-enabled":"default","ast-page-background-meta":{"desktop":{"background-color":"","background-image":"","background-repeat":"repeat","background-position":"center center","background-size":"auto","background-attachment":"scroll","background-type":"","background-media":"","overlay-type":"","overlay-color":"","overlay-opacity":"","overlay-gradient":""},"tablet":{"background-color":"","background-image":"","background-repeat":"repeat","background-position":"center center","background-size":"auto","background-attachment":"scroll","background-type":"","background-media":"","overlay-type":"","overlay-color":"","overlay-opacity":"","overlay-gradient":""},"mobile":{"background-color":"","background-image":"","background-repeat":"repeat","background-position":"center center","background-size":"auto","background-attachment":"scroll","background-type":"","background-media":"","overlay-type":"","overlay-color":"","overlay-opacity":"","overlay-gradient":""}},"ast-content-background-meta":{"desktop":{"background-color":"var(--ast-global-color-5)","background-image":"","background-repeat":"repeat","background-position":"center center","background-size":"auto","background-attachment":"scroll","background-type":"","background-media":"","overlay-type":"","overlay-color":"","overlay-opacity":"","overlay-gradient":""},"tablet":{"background-color":"var(--ast-global-color-5)","background-image":"","background-repeat":"repeat","background-position":"center center","background-size":"auto","background-attachment":"scroll","background-type":"","background-media":"","overlay-type":"","overlay-color":"","overlay-opacity":"","overlay-gradient":""},"mobile":{"background-color":"var(--ast-global-color-5)","background-image":"","background-repeat":"repeat","background-position":"center center","background-size":"auto","background-attachment":"scroll","background-type":"","background-media":"","overlay-type":"","overlay-color":"","overlay-opacity":"","overlay-gradient":""}},"footnotes":""},"class_list":["post-71","page","type-page","status-publish","hentry"],"yoast_head":"<!-- This site is optimized with the Yoast SEO Premium plugin v24.1 (Yoast SEO v27.4) - https:\/\/yoast.com\/product\/yoast-seo-premium-wordpress\/ -->\n<title>Top\u00f3grafo en V\u00e9lez-M\u00e1laga. Ingeniero top\u00f3grafo colegiado en la axarquia.<\/title>\n<meta name=\"description\" content=\"Top\u00f3grafo en V\u00e9lez-M\u00e1laga.Servicios de topograf\u00eda en la axarqu\u00eda y M\u00e1laga.Medici\u00f3n de fincas,catastro,levantamiento topogr\u00e1ficos, segregaciones,replanteos..\" \/>\n<meta name=\"robots\" content=\"index, follow, max-snippet:-1, max-image-preview:large, max-video-preview:-1\" \/>\n<link rel=\"canonical\" href=\"https:\/\/veleztopografia.com\/index.php\/topografo-en-velez-malaga-nosotros\/\" \/>\n<meta property=\"og:locale\" content=\"es_ES\" \/>\n<meta property=\"og:type\" content=\"article\" \/>\n<meta property=\"og:title\" content=\"Sobre nosotros\" \/>\n<meta property=\"og:description\" content=\"Top\u00f3grafo en V\u00e9lez-M\u00e1laga.Servicios de topograf\u00eda en la axarqu\u00eda y M\u00e1laga.Medici\u00f3n de fincas,catastro,levantamiento topogr\u00e1ficos, segregaciones,replanteos..\" \/>\n<meta property=\"og:url\" content=\"https:\/\/veleztopografia.com\/index.php\/topografo-en-velez-malaga-nosotros\/\" \/>\n<meta property=\"og:site_name\" content=\"V\u00e9lez Topograf\u00eda\" \/>\n<meta property=\"article:publisher\" content=\"https:\/\/www.facebook.com\/veleztopografia\" \/>\n<meta property=\"article:modified_time\" content=\"2020-06-11T11:18:11+00:00\" \/>\n<meta property=\"og:image\" content=\"http:\/\/veleztopografia.com\/wp-content\/uploads\/elementor\/thumbs\/DJI_0044-scaled-e1587986161150-oookny9wfp8n2pd9lhuwddzaq1xg6witph8ornp4qo.jpg\" \/>\n<meta name=\"twitter:card\" content=\"summary_large_image\" \/>\n<meta name=\"twitter:site\" content=\"@alvaro_manen\" \/>\n<meta name=\"twitter:label1\" content=\"Tiempo de lectura\" \/>\n\t<meta name=\"twitter:data1\" content=\"8 minutos\" \/>\n<script type=\"application\/ld+json\" class=\"yoast-schema-graph\">{\"@context\":\"https:\\\/\\\/schema.org\",\"@graph\":[{\"@type\":\"WebPage\",\"@id\":\"https:\\\/\\\/veleztopografia.com\\\/index.php\\\/topografo-en-velez-malaga-nosotros\\\/\",\"url\":\"https:\\\/\\\/veleztopografia.com\\\/index.php\\\/topografo-en-velez-malaga-nosotros\\\/\",\"name\":\"Top\u00f3grafo en V\u00e9lez-M\u00e1laga. Ingeniero top\u00f3grafo colegiado en la axarquia.\",\"isPartOf\":{\"@id\":\"http:\\\/\\\/veleztopografia.com\\\/#website\"},\"primaryImageOfPage\":{\"@id\":\"https:\\\/\\\/veleztopografia.com\\\/index.php\\\/topografo-en-velez-malaga-nosotros\\\/#primaryimage\"},\"image\":{\"@id\":\"https:\\\/\\\/veleztopografia.com\\\/index.php\\\/topografo-en-velez-malaga-nosotros\\\/#primaryimage\"},\"thumbnailUrl\":\"http:\\\/\\\/veleztopografia.com\\\/wp-content\\\/uploads\\\/elementor\\\/thumbs\\\/DJI_0044-scaled-e1587986161150-oookny9wfp8n2pd9lhuwddzaq1xg6witph8ornp4qo.jpg\",\"datePublished\":\"2017-07-12T05:53:59+00:00\",\"dateModified\":\"2020-06-11T11:18:11+00:00\",\"description\":\"Top\u00f3grafo en V\u00e9lez-M\u00e1laga.Servicios de topograf\u00eda en la axarqu\u00eda y M\u00e1laga.Medici\u00f3n de fincas,catastro,levantamiento topogr\u00e1ficos, segregaciones,replanteos..\",\"breadcrumb\":{\"@id\":\"https:\\\/\\\/veleztopografia.com\\\/index.php\\\/topografo-en-velez-malaga-nosotros\\\/#breadcrumb\"},\"inLanguage\":\"es\",\"potentialAction\":[{\"@type\":\"ReadAction\",\"target\":[\"https:\\\/\\\/veleztopografia.com\\\/index.php\\\/topografo-en-velez-malaga-nosotros\\\/\"]}]},{\"@type\":\"ImageObject\",\"inLanguage\":\"es\",\"@id\":\"https:\\\/\\\/veleztopografia.com\\\/index.php\\\/topografo-en-velez-malaga-nosotros\\\/#primaryimage\",\"url\":\"http:\\\/\\\/veleztopografia.com\\\/wp-content\\\/uploads\\\/elementor\\\/thumbs\\\/DJI_0044-scaled-e1587986161150-oookny9wfp8n2pd9lhuwddzaq1xg6witph8ornp4qo.jpg\",\"contentUrl\":\"http:\\\/\\\/veleztopografia.com\\\/wp-content\\\/uploads\\\/elementor\\\/thumbs\\\/DJI_0044-scaled-e1587986161150-oookny9wfp8n2pd9lhuwddzaq1xg6witph8ornp4qo.jpg\"},{\"@type\":\"BreadcrumbList\",\"@id\":\"https:\\\/\\\/veleztopografia.com\\\/index.php\\\/topografo-en-velez-malaga-nosotros\\\/#breadcrumb\",\"itemListElement\":[{\"@type\":\"ListItem\",\"position\":1,\"name\":\"Portada\",\"item\":\"http:\\\/\\\/veleztopografia.com\\\/\"},{\"@type\":\"ListItem\",\"position\":2,\"name\":\"Sobre nosotros\"}]},{\"@type\":\"WebSite\",\"@id\":\"http:\\\/\\\/veleztopografia.com\\\/#website\",\"url\":\"http:\\\/\\\/veleztopografia.com\\\/\",\"name\":\"V\u00e9lez Topograf\u00eda\",\"description\":\"Top\u00f3grafo de V\u00e9lez-M\u00e1laga. Servicios de topografia en la Axarqu\u00eda y M\u00e1laga.Medici\u00f3n de fincas,catastro,validacion gr\u00e1fica,etc..\",\"publisher\":{\"@id\":\"http:\\\/\\\/veleztopografia.com\\\/#organization\"},\"potentialAction\":[{\"@type\":\"SearchAction\",\"target\":{\"@type\":\"EntryPoint\",\"urlTemplate\":\"http:\\\/\\\/veleztopografia.com\\\/?s={search_term_string}\"},\"query-input\":{\"@type\":\"PropertyValueSpecification\",\"valueRequired\":true,\"valueName\":\"search_term_string\"}}],\"inLanguage\":\"es\"},{\"@type\":\"Organization\",\"@id\":\"http:\\\/\\\/veleztopografia.com\\\/#organization\",\"name\":\"V\u00e9lez Topograf\u00eda\",\"url\":\"http:\\\/\\\/veleztopografia.com\\\/\",\"logo\":{\"@type\":\"ImageObject\",\"inLanguage\":\"es\",\"@id\":\"http:\\\/\\\/veleztopografia.com\\\/#\\\/schema\\\/logo\\\/image\\\/\",\"url\":\"https:\\\/\\\/i0.wp.com\\\/veleztopografia.com\\\/wp-content\\\/uploads\\\/2019\\\/12\\\/LOGO-VELEZTOPOGRAFIA200-1.jpg?fit=400%2C200&ssl=1\",\"contentUrl\":\"https:\\\/\\\/i0.wp.com\\\/veleztopografia.com\\\/wp-content\\\/uploads\\\/2019\\\/12\\\/LOGO-VELEZTOPOGRAFIA200-1.jpg?fit=400%2C200&ssl=1\",\"width\":400,\"height\":200,\"caption\":\"V\u00e9lez Topograf\u00eda\"},\"image\":{\"@id\":\"http:\\\/\\\/veleztopografia.com\\\/#\\\/schema\\\/logo\\\/image\\\/\"},\"sameAs\":[\"https:\\\/\\\/www.facebook.com\\\/veleztopografia\",\"https:\\\/\\\/x.com\\\/alvaro_manen\",\"https:\\\/\\\/www.instagram.com\\\/alvaromanen\\\/\",\"https:\\\/\\\/www.linkedin.com\\\/in\\\/alvaro-manen-0a7b9a4b\\\/\",\"https:\\\/\\\/www.youtube.com\\\/channel\\\/UCBbmXfa52pAGpmufiMrR3qg\\\/videos\"]}]}<\/script>\n<!-- \/ Yoast SEO Premium plugin. -->","yoast_head_json":{"title":"Top\u00f3grafo en V\u00e9lez-M\u00e1laga. Ingeniero top\u00f3grafo colegiado en la axarquia.","description":"Top\u00f3grafo en V\u00e9lez-M\u00e1laga.Servicios de topograf\u00eda en la axarqu\u00eda y M\u00e1laga.Medici\u00f3n de fincas,catastro,levantamiento topogr\u00e1ficos, segregaciones,replanteos..","robots":{"index":"index","follow":"follow","max-snippet":"max-snippet:-1","max-image-preview":"max-image-preview:large","max-video-preview":"max-video-preview:-1"},"canonical":"https:\/\/veleztopografia.com\/index.php\/topografo-en-velez-malaga-nosotros\/","og_locale":"es_ES","og_type":"article","og_title":"Sobre nosotros","og_description":"Top\u00f3grafo en V\u00e9lez-M\u00e1laga.Servicios de topograf\u00eda en la axarqu\u00eda y M\u00e1laga.Medici\u00f3n de fincas,catastro,levantamiento topogr\u00e1ficos, segregaciones,replanteos..","og_url":"https:\/\/veleztopografia.com\/index.php\/topografo-en-velez-malaga-nosotros\/","og_site_name":"V\u00e9lez Topograf\u00eda","article_publisher":"https:\/\/www.facebook.com\/veleztopografia","article_modified_time":"2020-06-11T11:18:11+00:00","og_image":[{"url":"http:\/\/veleztopografia.com\/wp-content\/uploads\/elementor\/thumbs\/DJI_0044-scaled-e1587986161150-oookny9wfp8n2pd9lhuwddzaq1xg6witph8ornp4qo.jpg","type":"","width":"","height":""}],"twitter_card":"summary_large_image","twitter_site":"@alvaro_manen","twitter_misc":{"Tiempo de lectura":"8 minutos"},"schema":{"@context":"https:\/\/schema.org","@graph":[{"@type":"WebPage","@id":"https:\/\/veleztopografia.com\/index.php\/topografo-en-velez-malaga-nosotros\/","url":"https:\/\/veleztopografia.com\/index.php\/topografo-en-velez-malaga-nosotros\/","name":"Top\u00f3grafo en V\u00e9lez-M\u00e1laga. Ingeniero top\u00f3grafo colegiado en la axarquia.","isPartOf":{"@id":"http:\/\/veleztopografia.com\/#website"},"primaryImageOfPage":{"@id":"https:\/\/veleztopografia.com\/index.php\/topografo-en-velez-malaga-nosotros\/#primaryimage"},"image":{"@id":"https:\/\/veleztopografia.com\/index.php\/topografo-en-velez-malaga-nosotros\/#primaryimage"},"thumbnailUrl":"http:\/\/veleztopografia.com\/wp-content\/uploads\/elementor\/thumbs\/DJI_0044-scaled-e1587986161150-oookny9wfp8n2pd9lhuwddzaq1xg6witph8ornp4qo.jpg","datePublished":"2017-07-12T05:53:59+00:00","dateModified":"2020-06-11T11:18:11+00:00","description":"Top\u00f3grafo en V\u00e9lez-M\u00e1laga.Servicios de topograf\u00eda en la axarqu\u00eda y M\u00e1laga.Medici\u00f3n de fincas,catastro,levantamiento topogr\u00e1ficos, segregaciones,replanteos..","breadcrumb":{"@id":"https:\/\/veleztopografia.com\/index.php\/topografo-en-velez-malaga-nosotros\/#breadcrumb"},"inLanguage":"es","potentialAction":[{"@type":"ReadAction","target":["https:\/\/veleztopografia.com\/index.php\/topografo-en-velez-malaga-nosotros\/"]}]},{"@type":"ImageObject","inLanguage":"es","@id":"https:\/\/veleztopografia.com\/index.php\/topografo-en-velez-malaga-nosotros\/#primaryimage","url":"http:\/\/veleztopografia.com\/wp-content\/uploads\/elementor\/thumbs\/DJI_0044-scaled-e1587986161150-oookny9wfp8n2pd9lhuwddzaq1xg6witph8ornp4qo.jpg","contentUrl":"http:\/\/veleztopografia.com\/wp-content\/uploads\/elementor\/thumbs\/DJI_0044-scaled-e1587986161150-oookny9wfp8n2pd9lhuwddzaq1xg6witph8ornp4qo.jpg"},{"@type":"BreadcrumbList","@id":"https:\/\/veleztopografia.com\/index.php\/topografo-en-velez-malaga-nosotros\/#breadcrumb","itemListElement":[{"@type":"ListItem","position":1,"name":"Portada","item":"http:\/\/veleztopografia.com\/"},{"@type":"ListItem","position":2,"name":"Sobre nosotros"}]},{"@type":"WebSite","@id":"http:\/\/veleztopografia.com\/#website","url":"http:\/\/veleztopografia.com\/","name":"V\u00e9lez Topograf\u00eda","description":"Top\u00f3grafo de V\u00e9lez-M\u00e1laga. Servicios de topografia en la Axarqu\u00eda y M\u00e1laga.Medici\u00f3n de fincas,catastro,validacion gr\u00e1fica,etc..","publisher":{"@id":"http:\/\/veleztopografia.com\/#organization"},"potentialAction":[{"@type":"SearchAction","target":{"@type":"EntryPoint","urlTemplate":"http:\/\/veleztopografia.com\/?s={search_term_string}"},"query-input":{"@type":"PropertyValueSpecification","valueRequired":true,"valueName":"search_term_string"}}],"inLanguage":"es"},{"@type":"Organization","@id":"http:\/\/veleztopografia.com\/#organization","name":"V\u00e9lez Topograf\u00eda","url":"http:\/\/veleztopografia.com\/","logo":{"@type":"ImageObject","inLanguage":"es","@id":"http:\/\/veleztopografia.com\/#\/schema\/logo\/image\/","url":"https:\/\/i0.wp.com\/veleztopografia.com\/wp-content\/uploads\/2019\/12\/LOGO-VELEZTOPOGRAFIA200-1.jpg?fit=400%2C200&ssl=1","contentUrl":"https:\/\/i0.wp.com\/veleztopografia.com\/wp-content\/uploads\/2019\/12\/LOGO-VELEZTOPOGRAFIA200-1.jpg?fit=400%2C200&ssl=1","width":400,"height":200,"caption":"V\u00e9lez Topograf\u00eda"},"image":{"@id":"http:\/\/veleztopografia.com\/#\/schema\/logo\/image\/"},"sameAs":["https:\/\/www.facebook.com\/veleztopografia","https:\/\/x.com\/alvaro_manen","https:\/\/www.instagram.com\/alvaromanen\/","https:\/\/www.linkedin.com\/in\/alvaro-manen-0a7b9a4b\/","https:\/\/www.youtube.com\/channel\/UCBbmXfa52pAGpmufiMrR3qg\/videos"]}]}},"uagb_featured_image_src":{"full":false,"thumbnail":false,"medium":false,"medium_large":false,"large":false,"1536x1536":false,"2048x2048":false,"wpvr_mobile":false},"uagb_author_info":{"display_name":"amrtopomar@hotmail.com","author_link":"https:\/\/veleztopografia.com\/index.php\/author\/amrtopomarhotmail-com\/"},"uagb_comment_info":0,"uagb_excerpt":"Tenemos la soluci\u00f3n topogr\u00e1fica&#8230; &#8230;no busque m\u00e1s V\u00e9lez Topograf\u00eda comienza a funcionarTop\u00f3grafo en V\u00e9lez-M\u00e1laga Top\u00f3grafo profesional en V\u00e9lez-M\u00e1laga EXPERIENCIA, ESPECIALIZACI\u00d3N, EFICIENCIA &nbsp; \u00c1lvaro Man\u00e9n Ranea comienza como top\u00f3grafo en V\u00e9lez-M\u00e1laga en el a\u00f1o 2001, momento en el que decide dedicarse a la le empresa privada dentro de varios gabinetes de topograf\u00eda para poner en pr\u00e1ctica&hellip;","_links":{"self":[{"href":"https:\/\/veleztopografia.com\/index.php\/wp-json\/wp\/v2\/pages\/71","targetHints":{"allow":["GET"]}}],"collection":[{"href":"https:\/\/veleztopografia.com\/index.php\/wp-json\/wp\/v2\/pages"}],"about":[{"href":"https:\/\/veleztopografia.com\/index.php\/wp-json\/wp\/v2\/types\/page"}],"author":[{"embeddable":true,"href":"https:\/\/veleztopografia.com\/index.php\/wp-json\/wp\/v2\/users\/1"}],"replies":[{"embeddable":true,"href":"https:\/\/veleztopografia.com\/index.php\/wp-json\/wp\/v2\/comments?post=71"}],"version-history":[{"count":77,"href":"https:\/\/veleztopografia.com\/index.php\/wp-json\/wp\/v2\/pages\/71\/revisions"}],"predecessor-version":[{"id":2276,"href":"https:\/\/veleztopografia.com\/index.php\/wp-json\/wp\/v2\/pages\/71\/revisions\/2276"}],"wp:attachment":[{"href":"https:\/\/veleztopografia.com\/index.php\/wp-json\/wp\/v2\/media?parent=71"}],"curies":[{"name":"wp","href":"https:\/\/api.w.org\/{rel}","templated":true}]}}